{"id":1005,"date":"2017-01-17T21:21:45","date_gmt":"2017-01-17T20:21:45","guid":{"rendered":"https:\/\/ebs-d-de.prossl.de\/wordpress\/wordpress\/?page_id=1005"},"modified":"2019-05-27T15:58:22","modified_gmt":"2019-05-27T13:58:22","slug":"phyllostachys-violascens","status":"publish","type":"page","link":"https:\/\/bambus-deutschland.de\/index.php\/beispiel-seite\/bambus-des-jahres\/bambus-des-jahres-portraits\/phyllostachys-violascens\/","title":{"rendered":"Phyllostachys violascens, Bambus des Jahres 2012"},"content":{"rendered":"<p><strong>Dr. Steffen Greiner<\/strong><\/p>\n<div><strong><u>Vorkommen\/Herkunft<\/u><\/strong><\/div>\n<p>China, in vielen Gegenden in Kultur. Wurde schon sehr fr\u00fch nach Europa eingef\u00fchrt.<\/p>\n<div><strong><u>Wuchsform<\/u><\/strong><\/div>\n<p>starke Ausl\u00e4uferbildung, senkrechte Halme mit leichter Spitzenneigung.<\/p>\n<figure id=\"attachment_1017\" aria-describedby=\"caption-attachment-1017\" style=\"width: 3888px\" class=\"wp-caption aligncenter\"><img loading=\"lazy\" decoding=\"async\" class=\"wp-image-1017 size-full\" src=\"https:\/\/ebs-d-de.prossl.de\/wordpress\/wordpress\/wp-content\/uploads\/2017\/01\/viola-006.jpg\" width=\"3888\" height=\"2592\" srcset=\"https:\/\/bambus-deutschland.de\/wp-content\/uploads\/2017\/01\/viola-006.jpg 3888w, https:\/\/bambus-deutschland.de\/wp-content\/uploads\/2017\/01\/viola-006-300x200.jpg 300w, https:\/\/bambus-deutschland.de\/wp-content\/uploads\/2017\/01\/viola-006-768x512.jpg 768w, https:\/\/bambus-deutschland.de\/wp-content\/uploads\/2017\/01\/viola-006-1024x683.jpg 1024w\" sizes=\"auto, (max-width: 3888px) 100vw, 3888px\" \/><figcaption id=\"caption-attachment-1017\" class=\"wp-caption-text\">Abbildung 1: Junge Halme von Phyllostachys violascens, teilweise ist die Streifung noch nicht ausgepr\u00e4gt, die anf\u00e4nglich starke Bemehlung der Halme v.a. unterhalb der Nodien ist gut zu erkennen. Foto Frank Bartelt<\/figcaption><\/figure>\n<div><span style=\"color: #000000;\"><strong><u>H\u00f6he\/St\u00e4rke<\/u><\/strong><\/span><\/div>\n<p><span style=\"color: #000000;\">6-10 m H\u00f6he, Durchmesser bis 6 cm.<\/span><\/p>\n<div><span style=\"color: #000000;\"><strong><u>Halm\/Halmscheiden <\/u><\/strong><\/span><\/div>\n<p><span style=\"color: #000000;\">Gr\u00fcn mit gelben, violetten, br\u00e4unlichen und r\u00f6tlichen Streifen, sehr bemerkenswerte Halmzeichnung. Stark hervorgehobener Nodienring. Neuer Austrieb gr\u00fcn, die wundersch\u00f6ne Streifung entwickelt sich erst nach 3-4 Monaten und wird mit weiterem Altern der Halme immer st\u00e4rker.<\/span><\/p>\n<div><span style=\"color: #000000;\"><strong><u>Blatt<\/u><\/strong><\/span><\/div>\n<p><span style=\"color: #000000;\">dunkelgr\u00fcn, 20 cm lang und 3 cm breit.<\/span><\/p>\n<figure id=\"attachment_1018\" aria-describedby=\"caption-attachment-1018\" style=\"width: 2141px\" class=\"wp-caption aligncenter\"><img loading=\"lazy\" decoding=\"async\" class=\"size-full wp-image-1018\" src=\"https:\/\/ebs-d-de.prossl.de\/wordpress\/wordpress\/wp-content\/uploads\/2017\/01\/DSC_6108ebsm.jpg\" alt=\"\" width=\"2141\" height=\"3223\" srcset=\"https:\/\/bambus-deutschland.de\/wp-content\/uploads\/2017\/01\/DSC_6108ebsm.jpg 2141w, https:\/\/bambus-deutschland.de\/wp-content\/uploads\/2017\/01\/DSC_6108ebsm-199x300.jpg 199w, https:\/\/bambus-deutschland.de\/wp-content\/uploads\/2017\/01\/DSC_6108ebsm-768x1156.jpg 768w, https:\/\/bambus-deutschland.de\/wp-content\/uploads\/2017\/01\/DSC_6108ebsm-680x1024.jpg 680w\" sizes=\"auto, (max-width: 2141px) 100vw, 2141px\" \/><figcaption id=\"caption-attachment-1018\" class=\"wp-caption-text\">Abbildung 2: \u00c4lterer Halm von Phyllostachys violascens, sowohl die Nodienringe als auch die Narben der ehemaligen Halmscheiden sind hervorgehoben. Foto Daniel Kunz<\/figcaption><\/figure>\n<div><strong><u>Winterh\u00e4rte<\/u><\/strong><\/div>\n<p>nicht immer ausreichend, etwa -16\u00b0C<\/p>\n<div><strong><u>Standort<\/u><\/strong><\/div>\n<p>Geeignet f\u00fcr vollsonnige bis teilschattige Standorte, windgesch\u00fctzt<\/p>\n<figure id=\"attachment_1019\" aria-describedby=\"caption-attachment-1019\" style=\"width: 1288px\" class=\"wp-caption aligncenter\"><img loading=\"lazy\" decoding=\"async\" class=\"size-full wp-image-1019\" src=\"https:\/\/ebs-d-de.prossl.de\/wordpress\/wordpress\/wp-content\/uploads\/2017\/01\/viola-001.jpg\" alt=\"\" width=\"1288\" height=\"1936\" srcset=\"https:\/\/bambus-deutschland.de\/wp-content\/uploads\/2017\/01\/viola-001.jpg 1288w, https:\/\/bambus-deutschland.de\/wp-content\/uploads\/2017\/01\/viola-001-200x300.jpg 200w, https:\/\/bambus-deutschland.de\/wp-content\/uploads\/2017\/01\/viola-001-768x1154.jpg 768w, https:\/\/bambus-deutschland.de\/wp-content\/uploads\/2017\/01\/viola-001-681x1024.jpg 681w\" sizes=\"auto, (max-width: 1288px) 100vw, 1288px\" \/><figcaption id=\"caption-attachment-1019\" class=\"wp-caption-text\">Abbildung 3a: Die Streifung von Phyllostachys violascens kann sehr variabel sein und \u00e4ndert sich mit dem Alter der Halme. Foto Frank Bartelt<\/figcaption><\/figure>\n<div><strong><u>Gartenpraxis Pflegeanforderung<\/u><\/strong><\/div>\n<p>Anspruchsloser Bambus f\u00fcr Solit\u00e4r- bis Hain-Pflanzung. Allerdings werden durch den starken Wuchs schnell gro\u00dfe Fl\u00e4chen in Anspruch genommen. Auch Rhizomsperren m\u00fcssen ausreichend dimensioniert sein.<\/p>\n<div><strong><u>Topfkultur Raumbegr\u00fcnung<\/u><\/strong><\/div>\n<p>Durch die starke Ausl\u00e4uferbildung und nur m\u00e4\u00dfige Winterh\u00e4rte eher ungeeignet.<\/p>\n<figure id=\"attachment_1020\" aria-describedby=\"caption-attachment-1020\" style=\"width: 2475px\" class=\"wp-caption aligncenter\"><img loading=\"lazy\" decoding=\"async\" class=\"size-full wp-image-1020\" src=\"https:\/\/ebs-d-de.prossl.de\/wordpress\/wordpress\/wp-content\/uploads\/2017\/01\/DSC_5936ebs.jpg\" alt=\"\" width=\"2475\" height=\"3726\" srcset=\"https:\/\/bambus-deutschland.de\/wp-content\/uploads\/2017\/01\/DSC_5936ebs.jpg 2475w, https:\/\/bambus-deutschland.de\/wp-content\/uploads\/2017\/01\/DSC_5936ebs-199x300.jpg 199w, https:\/\/bambus-deutschland.de\/wp-content\/uploads\/2017\/01\/DSC_5936ebs-768x1156.jpg 768w, https:\/\/bambus-deutschland.de\/wp-content\/uploads\/2017\/01\/DSC_5936ebs-680x1024.jpg 680w\" sizes=\"auto, (max-width: 2475px) 100vw, 2475px\" \/><figcaption id=\"caption-attachment-1020\" class=\"wp-caption-text\">Abbildung 3b: Die Streifung von Phyllostachys violascens kann sehr variabel sein und \u00e4ndert sich mit dem Alter der Halme. Foto Daniel Kunz<\/figcaption><\/figure>\n<div><strong><u>Bemerkungen<\/u><\/strong><\/div>\n<p>Die sch\u00f6ne Zeichnung der Halme nimmt mit dem Alter deutlich zu. Etwas Schneebruchgef\u00e4hrdet. <em>Phyllostachys violascens<\/em> wurde urspr\u00fcnglich als eigene Art beschrieben (1878). Sp\u00e4ter wurde die Pflanze dann lange Zeit als Form von <em>Phyllostachys bambusoides<\/em> angesehen (daher oft noch als <em>P. bambusoides<\/em> &#8218;violascens&#8216; im Handel). Unterdessen ist klar, dass es sich nicht um eine Form von <em>P. bambusoides<\/em> handelt. Abgesehen von der Streifung sind die morphologischen \u00c4hnlichkeiten zu der erst 1980 beschriebenen Art <em>Phyllostachys praecox <\/em>sehr auffallend. Vermutlich ist &#8222;Praecox&#8220; lediglich eine Form von <em>Phyllostachys violascens<\/em>, da letztere Art viel fr\u00fcher beschrieben wurde.<\/p>\n<figure id=\"attachment_1021\" aria-describedby=\"caption-attachment-1021\" style=\"width: 2141px\" class=\"wp-caption aligncenter\"><img loading=\"lazy\" decoding=\"async\" class=\"size-full wp-image-1021\" src=\"https:\/\/ebs-d-de.prossl.de\/wordpress\/wordpress\/wp-content\/uploads\/2017\/01\/DSC_6108ebsm-1.jpg\" alt=\"\" width=\"2141\" height=\"3223\" srcset=\"https:\/\/bambus-deutschland.de\/wp-content\/uploads\/2017\/01\/DSC_6108ebsm-1.jpg 2141w, https:\/\/bambus-deutschland.de\/wp-content\/uploads\/2017\/01\/DSC_6108ebsm-1-199x300.jpg 199w, https:\/\/bambus-deutschland.de\/wp-content\/uploads\/2017\/01\/DSC_6108ebsm-1-768x1156.jpg 768w, https:\/\/bambus-deutschland.de\/wp-content\/uploads\/2017\/01\/DSC_6108ebsm-1-680x1024.jpg 680w\" sizes=\"auto, (max-width: 2141px) 100vw, 2141px\" \/><figcaption id=\"caption-attachment-1021\" class=\"wp-caption-text\">Abbildung 3c: Die Streifung von Phyllostachys violascens kann sehr variabel sein und \u00e4ndert sich mit dem Alter der Halme. Foto Daniel Kunz<\/figcaption><\/figure>\n<figure id=\"attachment_1022\" aria-describedby=\"caption-attachment-1022\" style=\"width: 2525px\" class=\"wp-caption aligncenter\"><img loading=\"lazy\" decoding=\"async\" class=\"size-full wp-image-1022\" src=\"https:\/\/ebs-d-de.prossl.de\/wordpress\/wordpress\/wp-content\/uploads\/2017\/01\/DSC_6106ebs2.jpg\" alt=\"\" width=\"2525\" height=\"3802\" srcset=\"https:\/\/bambus-deutschland.de\/wp-content\/uploads\/2017\/01\/DSC_6106ebs2.jpg 2525w, https:\/\/bambus-deutschland.de\/wp-content\/uploads\/2017\/01\/DSC_6106ebs2-199x300.jpg 199w, https:\/\/bambus-deutschland.de\/wp-content\/uploads\/2017\/01\/DSC_6106ebs2-768x1156.jpg 768w, https:\/\/bambus-deutschland.de\/wp-content\/uploads\/2017\/01\/DSC_6106ebs2-680x1024.jpg 680w\" sizes=\"auto, (max-width: 2525px) 100vw, 2525px\" \/><figcaption id=\"caption-attachment-1022\" class=\"wp-caption-text\">Abbildung 4: H\u00f6here Halme ausgewachsener Pflanzen sind bis in mehrere Meter H\u00f6he unbezweigt. Foto Daniel Kunz<\/figcaption><\/figure>\n","protected":false},"excerpt":{"rendered":"<p>Dr. Steffen Greiner Vorkommen\/Herkunft China, in vielen Gegenden in Kultur. Wurde schon sehr fr\u00fch nach Europa eingef\u00fchrt. Wuchsform starke Ausl\u00e4uferbildung, senkrechte Halme mit leichter Spitzenneigung. H\u00f6he\/St\u00e4rke 6-10 m H\u00f6he, Durchmesser bis 6 cm. Halm\/Halmscheiden Gr\u00fcn mit gelben, violetten, br\u00e4unlichen und r\u00f6tlichen Streifen, sehr bemerkenswerte Halmzeichnung. Stark hervorgehobener Nodienring. Neuer Austrieb gr\u00fcn, die wundersch\u00f6ne Streifung entwickelt &hellip; <a href=\"https:\/\/bambus-deutschland.de\/index.php\/beispiel-seite\/bambus-des-jahres\/bambus-des-jahres-portraits\/phyllostachys-violascens\/\" class=\"more-link\"><span class=\"screen-reader-text\">Phyllostachys violascens, Bambus des Jahres 2012<\/span> weiterlesen <span class=\"meta-nav\">&rarr;<\/span><\/a><\/p>\n","protected":false},"author":6,"featured_media":0,"parent":930,"menu_order":0,"comment_status":"closed","ping_status":"closed","template":"","meta":{"iawp_total_views":178,"footnotes":""},"class_list":["post-1005","page","type-page","status-publish","hentry"],"_links":{"self":[{"href":"https:\/\/bambus-deutschland.de\/index.php\/wp-json\/wp\/v2\/pages\/1005","targetHints":{"allow":["GET"]}}],"collection":[{"href":"https:\/\/bambus-deutschland.de\/index.php\/wp-json\/wp\/v2\/pages"}],"about":[{"href":"https:\/\/bambus-deutschland.de\/index.php\/wp-json\/wp\/v2\/types\/page"}],"author":[{"embeddable":true,"href":"https:\/\/bambus-deutschland.de\/index.php\/wp-json\/wp\/v2\/users\/6"}],"replies":[{"embeddable":true,"href":"https:\/\/bambus-deutschland.de\/index.php\/wp-json\/wp\/v2\/comments?post=1005"}],"version-history":[{"count":9,"href":"https:\/\/bambus-deutschland.de\/index.php\/wp-json\/wp\/v2\/pages\/1005\/revisions"}],"predecessor-version":[{"id":2395,"href":"https:\/\/bambus-deutschland.de\/index.php\/wp-json\/wp\/v2\/pages\/1005\/revisions\/2395"}],"up":[{"embeddable":true,"href":"https:\/\/bambus-deutschland.de\/index.php\/wp-json\/wp\/v2\/pages\/930"}],"wp:attachment":[{"href":"https:\/\/bambus-deutschland.de\/index.php\/wp-json\/wp\/v2\/media?parent=1005"}],"curies":[{"name":"wp","href":"https:\/\/api.w.org\/{rel}","templated":true}]}}