{"id":1043,"date":"2017-01-19T21:01:41","date_gmt":"2017-01-19T20:01:41","guid":{"rendered":"https:\/\/ebs-d-de.prossl.de\/wordpress\/wordpress\/?page_id=1043"},"modified":"2019-05-27T15:58:03","modified_gmt":"2019-05-27T13:58:03","slug":"fargesia-robusta-campbell-bambus-des-jahres-2008","status":"publish","type":"page","link":"https:\/\/bambus-deutschland.de\/index.php\/beispiel-seite\/bambus-des-jahres\/bambus-des-jahres-portraits\/fargesia-robusta-campbell-bambus-des-jahres-2008\/","title":{"rendered":"Fargesia robusta \u2018Campbell\u2019, Bambus des Jahres 2008"},"content":{"rendered":"<p><strong>Dr. Steffen Greiner<\/strong><\/p>\n<div><span style=\"text-decoration: underline;\"><strong>Vorkommen\/Herkunft<\/strong><\/span><\/div>\n<p>China, Sichuan Provinz, in den Bergen um Wenchuan und Wolong in 1.600 bis 2.700 m H\u00f6he.<\/p>\n<div><strong><u>Wuchsform<\/u><\/strong><\/div>\n<p>aufrecht, Spitze \u00fcberh\u00e4ngend, dicht, horstig.<\/p>\n<p><img loading=\"lazy\" decoding=\"async\" class=\"aligncenter size-full wp-image-1072\" src=\"https:\/\/ebs-d-de.prossl.de\/wordpress\/wordpress\/wp-content\/uploads\/2017\/01\/Bambus-des-Jahres-Fargesia-robusta-Campbell-Bildautor-Fred-Vaupel.jpg\" alt=\"\" width=\"683\" height=\"1024\" srcset=\"https:\/\/bambus-deutschland.de\/wp-content\/uploads\/2017\/01\/Bambus-des-Jahres-Fargesia-robusta-Campbell-Bildautor-Fred-Vaupel.jpg 683w, https:\/\/bambus-deutschland.de\/wp-content\/uploads\/2017\/01\/Bambus-des-Jahres-Fargesia-robusta-Campbell-Bildautor-Fred-Vaupel-200x300.jpg 200w\" sizes=\"auto, (max-width: 683px) 100vw, 683px\" \/><\/p>\n<div><strong><u>H\u00f6he\/St\u00e4rke<\/u><\/strong><\/div>\n<p>3 bis 5 m (selten bis 6 m).<\/p>\n<div><strong><u>Halm\/Halmscheiden<\/u><\/strong><\/div>\n<p>gr\u00fcn, in der Sonne gelb ausf\u00e4rbend, gerade, kr\u00e4ftig, Spitze bogig, anfangs eng stehend, Halmabstand im Alter bis ca. 20 cm, bis 3 cm Durchmesser.<\/p>\n<div><strong><u>Blatt<\/u><\/strong><\/div>\n<p>sattgr\u00fcn, gl\u00e4nzend, l\u00e4nglich, schmal, Blattr\u00e4nder leicht nach oben gew\u00f6lbt, bis 8 cm lang, bl\u00e4uliche Unterseite. Zweige stehen fast waagerecht mit lang anhaftenden, orange ausf\u00e4rbenden Zweigscheiden.<\/p>\n<figure id=\"attachment_1073\" aria-describedby=\"caption-attachment-1073\" style=\"width: 3000px\" class=\"wp-caption aligncenter\"><img loading=\"lazy\" decoding=\"async\" class=\"wp-image-1073 size-full\" src=\"https:\/\/ebs-d-de.prossl.de\/wordpress\/wordpress\/wp-content\/uploads\/2017\/01\/campbell-P1160679.jpg\" width=\"3000\" height=\"4000\" srcset=\"https:\/\/bambus-deutschland.de\/wp-content\/uploads\/2017\/01\/campbell-P1160679.jpg 3000w, https:\/\/bambus-deutschland.de\/wp-content\/uploads\/2017\/01\/campbell-P1160679-225x300.jpg 225w, https:\/\/bambus-deutschland.de\/wp-content\/uploads\/2017\/01\/campbell-P1160679-768x1024.jpg 768w\" sizes=\"auto, (max-width: 3000px) 100vw, 3000px\" \/><figcaption id=\"caption-attachment-1073\" class=\"wp-caption-text\">Halmscheiden bei Fargesia robusta &#8218;Campbell&#8216;, Foto: Ute Au\u00dfem<\/figcaption><\/figure>\n<div><strong><u>Winterh\u00e4rte<\/u><\/strong><\/div>\n<p>-16\u00b0C bis -20\u00b0C. Sp\u00e4tfrost gef\u00e4hrdet!<\/p>\n<div><strong><u>Standort<\/u><\/strong><\/div>\n<p>halbschattig bis sonnig, gesch\u00fctzt, in w\u00e4rmeren Gegenden halbschattig, W\u00e4rme vertragend.<\/p>\n<figure id=\"attachment_1074\" aria-describedby=\"caption-attachment-1074\" style=\"width: 2527px\" class=\"wp-caption aligncenter\"><img loading=\"lazy\" decoding=\"async\" class=\"wp-image-1074 size-full\" src=\"https:\/\/ebs-d-de.prossl.de\/wordpress\/wordpress\/wp-content\/uploads\/2017\/01\/Campbell-P1190768.jpg\" width=\"2527\" height=\"3384\" srcset=\"https:\/\/bambus-deutschland.de\/wp-content\/uploads\/2017\/01\/Campbell-P1190768.jpg 2527w, https:\/\/bambus-deutschland.de\/wp-content\/uploads\/2017\/01\/Campbell-P1190768-224x300.jpg 224w, https:\/\/bambus-deutschland.de\/wp-content\/uploads\/2017\/01\/Campbell-P1190768-768x1028.jpg 768w, https:\/\/bambus-deutschland.de\/wp-content\/uploads\/2017\/01\/Campbell-P1190768-765x1024.jpg 765w\" sizes=\"auto, (max-width: 2527px) 100vw, 2527px\" \/><figcaption id=\"caption-attachment-1074\" class=\"wp-caption-text\">Die Sprosse k\u00f6nnen sehr fr\u00fch erscheinen. Foto: Ute Au\u00dfem<\/figcaption><\/figure>\n<div><strong><u>Gartenpraxis Pflegeanforderung<\/u><\/strong><\/div>\n<p>Solit\u00e4r, hoher Sichtschutz, Hecke, Kalthaus, K\u00fcbelpflanze, schnittvertr\u00e4glich.<\/p>\n<div><strong><u>Topfkultur Raumbegr\u00fcnung<\/u><\/strong><\/div>\n<p>Topfkultur nur mit regelm\u00e4\u00dfigem Umpflanzen und Teilen. Frostschutz des Pflanzgef\u00e4\u00dfes im Winter!<\/p>\n<div><span style=\"text-decoration: underline;\"><strong>Bemerkungen<\/strong><\/span><\/div>\n<div>Sehr wertvoll, empfehlenswert. Einf\u00fchrung als S\u00e4mling durch Lancester 1988 nach England und etwas sp\u00e4ter nach Deutschland.<\/div>\n<div>Futterpflanze f\u00fcr den Gro\u00dfen Panda (Ailuropoda melanoleuca).<\/div>\n","protected":false},"excerpt":{"rendered":"<p>Dr. Steffen Greiner Vorkommen\/Herkunft China, Sichuan Provinz, in den Bergen um Wenchuan und Wolong in 1.600 bis 2.700 m H\u00f6he. Wuchsform aufrecht, Spitze \u00fcberh\u00e4ngend, dicht, horstig. H\u00f6he\/St\u00e4rke 3 bis 5 m (selten bis 6 m). Halm\/Halmscheiden gr\u00fcn, in der Sonne gelb ausf\u00e4rbend, gerade, kr\u00e4ftig, Spitze bogig, anfangs eng stehend, Halmabstand im Alter bis ca. 20 &hellip; <a href=\"https:\/\/bambus-deutschland.de\/index.php\/beispiel-seite\/bambus-des-jahres\/bambus-des-jahres-portraits\/fargesia-robusta-campbell-bambus-des-jahres-2008\/\" class=\"more-link\"><span class=\"screen-reader-text\">Fargesia robusta \u2018Campbell\u2019, Bambus des Jahres 2008<\/span> weiterlesen <span class=\"meta-nav\">&rarr;<\/span><\/a><\/p>\n","protected":false},"author":6,"featured_media":0,"parent":930,"menu_order":0,"comment_status":"closed","ping_status":"closed","template":"","meta":{"iawp_total_views":236,"footnotes":""},"class_list":["post-1043","page","type-page","status-publish","hentry"],"_links":{"self":[{"href":"https:\/\/bambus-deutschland.de\/index.php\/wp-json\/wp\/v2\/pages\/1043","targetHints":{"allow":["GET"]}}],"collection":[{"href":"https:\/\/bambus-deutschland.de\/index.php\/wp-json\/wp\/v2\/pages"}],"about":[{"href":"https:\/\/bambus-deutschland.de\/index.php\/wp-json\/wp\/v2\/types\/page"}],"author":[{"embeddable":true,"href":"https:\/\/bambus-deutschland.de\/index.php\/wp-json\/wp\/v2\/users\/6"}],"replies":[{"embeddable":true,"href":"https:\/\/bambus-deutschland.de\/index.php\/wp-json\/wp\/v2\/comments?post=1043"}],"version-history":[{"count":8,"href":"https:\/\/bambus-deutschland.de\/index.php\/wp-json\/wp\/v2\/pages\/1043\/revisions"}],"predecessor-version":[{"id":2391,"href":"https:\/\/bambus-deutschland.de\/index.php\/wp-json\/wp\/v2\/pages\/1043\/revisions\/2391"}],"up":[{"embeddable":true,"href":"https:\/\/bambus-deutschland.de\/index.php\/wp-json\/wp\/v2\/pages\/930"}],"wp:attachment":[{"href":"https:\/\/bambus-deutschland.de\/index.php\/wp-json\/wp\/v2\/media?parent=1043"}],"curies":[{"name":"wp","href":"https:\/\/api.w.org\/{rel}","templated":true}]}}