{"id":1220,"date":"2017-01-24T22:02:27","date_gmt":"2017-01-24T21:02:27","guid":{"rendered":"https:\/\/ebs-d-de.prossl.de\/wordpress\/wordpress\/?page_id=1220"},"modified":"2019-05-27T15:59:03","modified_gmt":"2019-05-27T13:59:03","slug":"ausflug-zum-bambusfest-in-saxdorf-08-bis-10-august-2014","status":"publish","type":"page","link":"https:\/\/bambus-deutschland.de\/index.php\/members-area\/aktvitaeten-der-ebs-deutschland\/ausflug-zum-bambusfest-in-saxdorf-08-bis-10-august-2014\/","title":{"rendered":"Ausflug zum Bambusfest in Saxdorf 08. bis 10. August 2014"},"content":{"rendered":"<h5>Die Idee<\/h5>\n<div><strong>\u201eIlse f\u00e4hrt nach Saxdorf und sucht noch Mitfahrer!&#8220;<\/strong><\/div>\n<div>Kommentare wie \u201eWei\u00dft du eigentlich wie weit das ist?\u201c\u00a0 oder \u201eHabe keinen Urlaubstag mehr!\u201c oder \u201eUnd wer gie\u00dft dann in der Zeit?\u201c, waren zuvor schon oft beliebte Ausreden auf meine Bitte hin nach Saxdorf zu fahren. Schlie\u00dflich wurde es diesmal aber doch etwas und wir bekamen eine kleine EBS-Delegation mit Ilse, Rudolf, Ute, J\u00fcrgen, mir, Klaus-Peter und mit Hund Luka zusammen.<\/div>\n<h5>Die Reise<\/h5>\n<p>Die Fahrt am Freitag war problemlos, drei Baustellen bis Kassel, vorbei an Sangerhausen (ein Eldorado f\u00fcr Rosenfreunde, aber der Tag hat nur 24 Stunden) und ab Nordhausen hatten wir die Autobahn fast alleine f\u00fcr uns. Um 14 Uhr waren wir dann im <strong>Botanischen Garten Leipzig<\/strong>.<\/p>\n<figure id=\"attachment_1225\" aria-describedby=\"caption-attachment-1225\" style=\"width: 4000px\" class=\"wp-caption aligncenter\"><img loading=\"lazy\" decoding=\"async\" class=\"wp-image-1225 size-full\" src=\"https:\/\/ebs-d-de.prossl.de\/wordpress\/wordpress\/wp-content\/uploads\/2017\/01\/Carl-von-Linn\u00e9-P1110372.jpg\" width=\"4000\" height=\"3000\" srcset=\"https:\/\/bambus-deutschland.de\/wp-content\/uploads\/2017\/01\/Carl-von-Linn\u00e9-P1110372.jpg 4000w, https:\/\/bambus-deutschland.de\/wp-content\/uploads\/2017\/01\/Carl-von-Linn\u00e9-P1110372-300x225.jpg 300w, https:\/\/bambus-deutschland.de\/wp-content\/uploads\/2017\/01\/Carl-von-Linn\u00e9-P1110372-768x576.jpg 768w, https:\/\/bambus-deutschland.de\/wp-content\/uploads\/2017\/01\/Carl-von-Linn\u00e9-P1110372-1024x768.jpg 1024w\" sizes=\"auto, (max-width: 4000px) 100vw, 4000px\" \/><figcaption id=\"caption-attachment-1225\" class=\"wp-caption-text\">Botanischer Garten Leipzig, Foto Ute Au\u00dfem<\/figcaption><\/figure>\n<p>Seit 1998 wurden alle Glash\u00e4user renoviert und nun beherbergen sie wieder Riesenseerosen, die Kakteen- und Orchideenausstellung und eine Palmensammlung. Unter Anderem gibt es auch ein Schaugew\u00e4chshaus mit vielen exotischen Schmetterlingen.<\/p>\n<figure id=\"attachment_1229\" aria-describedby=\"caption-attachment-1229\" style=\"width: 4000px\" class=\"wp-caption aligncenter\"><img loading=\"lazy\" decoding=\"async\" class=\"wp-image-1229 size-full\" src=\"https:\/\/ebs-d-de.prossl.de\/wordpress\/wordpress\/wp-content\/uploads\/2017\/01\/P1110299.jpg\" width=\"4000\" height=\"3000\" srcset=\"https:\/\/bambus-deutschland.de\/wp-content\/uploads\/2017\/01\/P1110299.jpg 4000w, https:\/\/bambus-deutschland.de\/wp-content\/uploads\/2017\/01\/P1110299-300x225.jpg 300w, https:\/\/bambus-deutschland.de\/wp-content\/uploads\/2017\/01\/P1110299-768x576.jpg 768w, https:\/\/bambus-deutschland.de\/wp-content\/uploads\/2017\/01\/P1110299-1024x768.jpg 1024w\" sizes=\"auto, (max-width: 4000px) 100vw, 4000px\" \/><figcaption id=\"caption-attachment-1229\" class=\"wp-caption-text\">Albizia, Seidenbaum im Botanischen Garten Leipzig, Foto Ute Au\u00dfem<\/figcaption><\/figure>\n<p>Ich w\u00e4re gerne noch l\u00e4nger geblieben, aber unsere Unterkunft lag noch etwa eineinhalb Stunden von Leipzig entfernt. Wir waren froh ein Navi zu haben, es hat uns zwar nicht die sch\u00f6nsten Ecken von Leipzig gezeigt (wie Navis so sind\u2026) aber schlie\u00dflich nach Zabeltitz gebracht.<\/p>\n<p>Am n\u00e4chsten Morgen fuhren wir gut gest\u00e4rkt Richtung Saxdorf. Dort angekommen stand am Eingang des Pfarrgartens Karl-Heinrich Zahn und ich glaube er traute seinen Augen nicht als er uns sah. Der Westen kommt wirklich!\u00a0 Ihr Saxdorfer habt an vielen Reisen, die im Westen gestartet sind, teilgenommen und habt oft \u201eKilometer gefressen\u201c. Wir haben dagegen lange gebraucht um uns gen Osten zu bewegen. Sorry! VIELEN DANK, dass ihr uns trotzdem so herzlich empfangen habt.<\/p>\n<figure id=\"attachment_1226\" aria-describedby=\"caption-attachment-1226\" style=\"width: 4000px\" class=\"wp-caption aligncenter\"><img loading=\"lazy\" decoding=\"async\" class=\"wp-image-1226 size-full\" src=\"https:\/\/ebs-d-de.prossl.de\/wordpress\/wordpress\/wp-content\/uploads\/2017\/01\/Aussem-Ute-Phyllostachys-aureosulcata-Spectabilis-P1110423.jpg\" width=\"4000\" height=\"3000\" srcset=\"https:\/\/bambus-deutschland.de\/wp-content\/uploads\/2017\/01\/Aussem-Ute-Phyllostachys-aureosulcata-Spectabilis-P1110423.jpg 4000w, https:\/\/bambus-deutschland.de\/wp-content\/uploads\/2017\/01\/Aussem-Ute-Phyllostachys-aureosulcata-Spectabilis-P1110423-300x225.jpg 300w, https:\/\/bambus-deutschland.de\/wp-content\/uploads\/2017\/01\/Aussem-Ute-Phyllostachys-aureosulcata-Spectabilis-P1110423-768x576.jpg 768w, https:\/\/bambus-deutschland.de\/wp-content\/uploads\/2017\/01\/Aussem-Ute-Phyllostachys-aureosulcata-Spectabilis-P1110423-1024x768.jpg 1024w\" sizes=\"auto, (max-width: 4000px) 100vw, 4000px\" \/><figcaption id=\"caption-attachment-1226\" class=\"wp-caption-text\">Phyllostachys aureosulcata Spectabilis in Saxdorf, Foto Ute Au\u00dfem<\/figcaption><\/figure>\n<h5>Der Pfarrgarten, unser eigentliches Ziel<\/h5>\n<p>Angefangen hat es mit dem Garten vor vierzig Jahren. Ein K\u00fcnstler und \u201eG\u00e4rtner von Kindheit an\u201c traf auf\u00a0 einen steinliebenden Pfarrer mit Pfarrgarten, in dem nur vier Pflanzenarten wuchsen, Holunder, reichlich Hopfen, 2m hohe Brennnesseln und ein Brombeerdickicht das bis in den Holunder wuchs. Dazwischen standen Zauns\u00e4ulen aus Sandstein. Aus anderen G\u00e4rten wurden sie zur M\u00fcllkippe gebracht und erst allein und sp\u00e4ter unter Mithilfe des ganzen Dorfes wurden Tr\u00f6ge, Fensterw\u00e4nde und S\u00e4ulenst\u00fccke von Z\u00e4unen und Toren mit der Sackkarre in den Garten gebracht. So wurde aus fast 1 ha Wildnis der zum Pfarrhaus passenden Garten Eden.<\/p>\n<figure id=\"attachment_1227\" aria-describedby=\"caption-attachment-1227\" style=\"width: 4000px\" class=\"wp-caption aligncenter\"><img loading=\"lazy\" decoding=\"async\" class=\"wp-image-1227 size-full\" src=\"https:\/\/ebs-d-de.prossl.de\/wordpress\/wordpress\/wp-content\/uploads\/2017\/01\/Aussem-Ute-Steintr\u00f6ge-und-Bruchsteine-P1110385.jpg\" width=\"4000\" height=\"3000\" srcset=\"https:\/\/bambus-deutschland.de\/wp-content\/uploads\/2017\/01\/Aussem-Ute-Steintr\u00f6ge-und-Bruchsteine-P1110385.jpg 4000w, https:\/\/bambus-deutschland.de\/wp-content\/uploads\/2017\/01\/Aussem-Ute-Steintr\u00f6ge-und-Bruchsteine-P1110385-300x225.jpg 300w, https:\/\/bambus-deutschland.de\/wp-content\/uploads\/2017\/01\/Aussem-Ute-Steintr\u00f6ge-und-Bruchsteine-P1110385-768x576.jpg 768w, https:\/\/bambus-deutschland.de\/wp-content\/uploads\/2017\/01\/Aussem-Ute-Steintr\u00f6ge-und-Bruchsteine-P1110385-1024x768.jpg 1024w\" sizes=\"auto, (max-width: 4000px) 100vw, 4000px\" \/><figcaption id=\"caption-attachment-1227\" class=\"wp-caption-text\">alte Steintr\u00f6ge in Saxdorf, Foto Ute Au\u00dfem<\/figcaption><\/figure>\n<p>Anfangs kamen viele Pflanzen aus einem Schrebergarten in Halle\/S\u00a0 und aus dem Gotischem Haus in W\u00f6rlitz, wo Hanspeter Bethke als Baurestaurator arbeitete. Pflanzenliebhaber sorgen eben f\u00fcreinander, weltweit. Nach und nach kamen Obstgeh\u00f6lze, Ginkos, Magnolien, Mammutb\u00e4ume, Bambus,\u00a0 Rosen, Winterastern, Taglilien, Schneegl\u00f6ckchen, und, und \u2026 dazu. Auch aus Karl Foersters Garten ist Phlox mit einer gro\u00dfen\u00a0 Sammlung vertreten . Viele Rarit\u00e4ten sind zu sehen, manches ist geblieben, und manches ist verschwunden, kam mit K\u00e4lte, mit dem Boden oder der Pflanzenkonkurrenz nicht zurecht.<\/p>\n<figure id=\"attachment_1232\" aria-describedby=\"caption-attachment-1232\" style=\"width: 3825px\" class=\"wp-caption aligncenter\"><img loading=\"lazy\" decoding=\"async\" class=\"wp-image-1232 size-full\" src=\"https:\/\/ebs-d-de.prossl.de\/wordpress\/wordpress\/wp-content\/uploads\/2017\/01\/Aussem-Ute-Kn\u00f6terich-Sammlung-Persicaria-P1110386.jpg\" width=\"3825\" height=\"2866\" srcset=\"https:\/\/bambus-deutschland.de\/wp-content\/uploads\/2017\/01\/Aussem-Ute-Kn\u00f6terich-Sammlung-Persicaria-P1110386.jpg 3825w, https:\/\/bambus-deutschland.de\/wp-content\/uploads\/2017\/01\/Aussem-Ute-Kn\u00f6terich-Sammlung-Persicaria-P1110386-300x225.jpg 300w, https:\/\/bambus-deutschland.de\/wp-content\/uploads\/2017\/01\/Aussem-Ute-Kn\u00f6terich-Sammlung-Persicaria-P1110386-768x575.jpg 768w, https:\/\/bambus-deutschland.de\/wp-content\/uploads\/2017\/01\/Aussem-Ute-Kn\u00f6terich-Sammlung-Persicaria-P1110386-1024x767.jpg 1024w\" sizes=\"auto, (max-width: 3825px) 100vw, 3825px\" \/><figcaption id=\"caption-attachment-1232\" class=\"wp-caption-text\">Persicaria (Kn\u00f6terich) Sammlung in Saxdorf, Foto Ute Au\u00dfem<\/figcaption><\/figure>\n<p>Durch die Steine, Simsfratzen und Futtertr\u00f6ge wird die Orientierung im Garten leichter und nie langweilig. Viele Sitzgelegenheiten laden\u00a0 zum Schauen ein oder einfach\u00a0 nur\u00a0 um seinen Gedanken nachzugehen. Ich habe den Rundgang mehrere Male gemacht und habe bei\u00a0 jeder Runde etwas neues entdeckt.<\/p>\n<figure id=\"attachment_1228\" aria-describedby=\"caption-attachment-1228\" style=\"width: 3920px\" class=\"wp-caption aligncenter\"><img loading=\"lazy\" decoding=\"async\" class=\"wp-image-1228 size-full\" src=\"https:\/\/ebs-d-de.prossl.de\/wordpress\/wordpress\/wp-content\/uploads\/2017\/01\/Aussem-Ute-Verabschiedung-P1110466.jpg\" width=\"3920\" height=\"2943\" srcset=\"https:\/\/bambus-deutschland.de\/wp-content\/uploads\/2017\/01\/Aussem-Ute-Verabschiedung-P1110466.jpg 3920w, https:\/\/bambus-deutschland.de\/wp-content\/uploads\/2017\/01\/Aussem-Ute-Verabschiedung-P1110466-300x225.jpg 300w, https:\/\/bambus-deutschland.de\/wp-content\/uploads\/2017\/01\/Aussem-Ute-Verabschiedung-P1110466-768x577.jpg 768w, https:\/\/bambus-deutschland.de\/wp-content\/uploads\/2017\/01\/Aussem-Ute-Verabschiedung-P1110466-1024x769.jpg 1024w\" sizes=\"auto, (max-width: 3920px) 100vw, 3920px\" \/><figcaption id=\"caption-attachment-1228\" class=\"wp-caption-text\">Verabschiedung in Saxdorf, Foto Ute Au\u00dfem<\/figcaption><\/figure>\n<p>Das Publikum war sehr gemischt. Es gab Menschen die ganz begeistert vor einer Hortensie mit Riesenbl\u00fcten standen und beratschlagten\u00a0 ob eine helle oder dunkle Vase die Bl\u00fcte besser zur Geltung bringen w\u00fcrde und es gab Menschen, die ausdiskutierten ob bei dieser oder\u00a0 jener Sorte die Bl\u00e4tter spitzer zulaufen. Wie dem auch sei, alle hatten ihren Spa\u00df. Ein toller Garten!<\/p>\n<p>Ein Problem gibt es aber doch.\u00a0 Wie wir alle werden auch die beiden G\u00e4rtner \u00e4lter.\u00a0 Momentan gibt es noch viele Helfer, die nicht m\u00fcde werden mit Zeit und Engagement\u00a0 (bis hin zur Petition an die Landesregierung) den Pfarrgarten zu unterst\u00fctzen. Bezahlte Hilfskr\u00e4fte gibt es auch, aber wie \u00fcberall, es fehlt das Geld.\u00a0 Noch k\u00fcmmern sich Karl-Heinrich Zahn, Hanspeter Bethke und vielleicht h\u00e4lt auch noch ein ganz Anderer seine Hand dar\u00fcber.\u00a0 Bleibt zu hoffen, dass der Garten erhalten werden kann und sich auch noch weitere Generationen im Garten \u00fcber Vasenfarbe oder Variet\u00e4ten austauschen k\u00f6nnen. Ich w\u00fcnsche es euch und auch uns!<\/p>\n<p>In diesem Sinne alles, alles Gute!<\/p>\n<p><strong>Ausz\u00fcge aus dem Bericht von B\u00e4rbel Carpantier und Fotos von Ute Au\u00dfem aus dem Bambus-Journal 3 2014<\/strong><\/p>\n","protected":false},"excerpt":{"rendered":"<p>Die Idee \u201eIlse f\u00e4hrt nach Saxdorf und sucht noch Mitfahrer!&#8220; Kommentare wie \u201eWei\u00dft du eigentlich wie weit das ist?\u201c\u00a0 oder \u201eHabe keinen Urlaubstag mehr!\u201c oder \u201eUnd wer gie\u00dft dann in der Zeit?\u201c, waren zuvor schon oft beliebte Ausreden auf meine Bitte hin nach Saxdorf zu fahren. Schlie\u00dflich wurde es diesmal aber doch etwas und wir &hellip; <a href=\"https:\/\/bambus-deutschland.de\/index.php\/members-area\/aktvitaeten-der-ebs-deutschland\/ausflug-zum-bambusfest-in-saxdorf-08-bis-10-august-2014\/\" class=\"more-link\"><span class=\"screen-reader-text\">Ausflug zum Bambusfest in Saxdorf 08. bis 10. August 2014<\/span> weiterlesen <span class=\"meta-nav\">&rarr;<\/span><\/a><\/p>\n","protected":false},"author":6,"featured_media":0,"parent":640,"menu_order":0,"comment_status":"closed","ping_status":"closed","template":"","meta":{"iawp_total_views":10,"footnotes":""},"class_list":["post-1220","page","type-page","status-publish","hentry"],"_links":{"self":[{"href":"https:\/\/bambus-deutschland.de\/index.php\/wp-json\/wp\/v2\/pages\/1220","targetHints":{"allow":["GET"]}}],"collection":[{"href":"https:\/\/bambus-deutschland.de\/index.php\/wp-json\/wp\/v2\/pages"}],"about":[{"href":"https:\/\/bambus-deutschland.de\/index.php\/wp-json\/wp\/v2\/types\/page"}],"author":[{"embeddable":true,"href":"https:\/\/bambus-deutschland.de\/index.php\/wp-json\/wp\/v2\/users\/6"}],"replies":[{"embeddable":true,"href":"https:\/\/bambus-deutschland.de\/index.php\/wp-json\/wp\/v2\/comments?post=1220"}],"version-history":[{"count":10,"href":"https:\/\/bambus-deutschland.de\/index.php\/wp-json\/wp\/v2\/pages\/1220\/revisions"}],"predecessor-version":[{"id":1261,"href":"https:\/\/bambus-deutschland.de\/index.php\/wp-json\/wp\/v2\/pages\/1220\/revisions\/1261"}],"up":[{"embeddable":true,"href":"https:\/\/bambus-deutschland.de\/index.php\/wp-json\/wp\/v2\/pages\/640"}],"wp:attachment":[{"href":"https:\/\/bambus-deutschland.de\/index.php\/wp-json\/wp\/v2\/media?parent=1220"}],"curies":[{"name":"wp","href":"https:\/\/api.w.org\/{rel}","templated":true}]}}