{"id":206,"date":"2016-11-05T19:01:34","date_gmt":"2016-11-05T18:01:34","guid":{"rendered":"https:\/\/ebs-d-de.prossl.de\/wordpress\/wordpress\/?page_id=206"},"modified":"2019-05-27T15:58:45","modified_gmt":"2019-05-27T13:58:45","slug":"bambus-und-gartenreisen-der-ebs-d","status":"publish","type":"page","link":"https:\/\/bambus-deutschland.de\/index.php\/beispiel-seite\/bambus-und-gartenreisen-der-ebs-d\/","title":{"rendered":"Bambus- und Gartenreisen der EBS-D"},"content":{"rendered":"<h1>EBS-D on tour &#8211; die Reisen der EBS-D<\/h1>\n<p>Prafrance in S\u00fcdfrankreich ist das &#8222;Mekka&#8220; der Bambuswelt. Schon als sich 1989 die Bambusgesellschaft in Frankfurt gr\u00fcndete, wurde der Wunsch nach einem Besuch dieses gro\u00dfartigen Bambusparks laut und so\u00a0 wurde im Mai 1990 die erste &#8222;Bambusreise&#8220; durchgef\u00fchrt. Die Busreise war ein riesiges Erlebnis und allen Teilnehmern war klar, dass diese Art einer Kurzreise zu botanischen und speziell zu Bambuszielen in Europa ein fester Bestandteil des\u00a0 EBS-D Programms werden muss. So kamen und kommen viele weitere Reisen zusammen, \u00fcber die jeweils ausf\u00fchrlich in unserer Mitgliederzeitschrift berichtet wird.<\/p>\n<ul>\n<li>1990 Prafrance<\/li>\n<li>1991 S\u00fcdengland<\/li>\n<li>1992 Bodensee und Lago Maggiore<\/li>\n<li>1993 Cornwall<\/li>\n<li>1994 Prafrance<\/li>\n<li>1995 Comer See und Carasco<\/li>\n<li>1996 Cornwall<\/li>\n<li>1997 Ostdeutsche Parks<\/li>\n<li>1998 Schweiz Lago Maggiore<\/li>\n<li>1999 \u00d6sterreich<\/li>\n<li>2000 Tschechien<\/li>\n<li><a href=\"https:\/\/bambus-deutschland.de\/index.php\/beispiel-seite\/bambus-und-gartenreisen-der-ebs-d\/niederlande-2001\/\" target=\"_blank\" rel=\"noopener noreferrer\">2001 Niederlande<\/a><\/li>\n<li>2002 Toscana<\/li>\n<li>2003 Frankreich\/Loire<\/li>\n<li><a href=\"https:\/\/bambus-deutschland.de\/index.php\/beispiel-seite\/bambus-und-gartenreisen-der-ebs-d\/ebs-bambusreise-2004-nach-schottland\/\" target=\"_blank\" rel=\"noopener noreferrer\">2004 Schottland<\/a><\/li>\n<li>2005 Norddeutschland<\/li>\n<li><a href=\"https:\/\/bambus-deutschland.de\/index.php\/beispiel-seite\/bambus-und-gartenreisen-der-ebs-d\/ungarn-2007\/\" target=\"_blank\" rel=\"noopener noreferrer\">2007 Ungarn<\/a><\/li>\n<li>2008 Cornwall<\/li>\n<li><a href=\"https:\/\/bambus-deutschland.de\/index.php\/beispiel-seite\/bambus-und-gartenreisen-der-ebs-d\/435-2\/\" target=\"_blank\" rel=\"noopener noreferrer\">2009 Jubil\u00e4umsreise 20 Jahre EBS-D Prafrance<\/a><\/li>\n<li><a href=\"https:\/\/bambus-deutschland.de\/index.php\/beispiel-seite\/bambus-und-gartenreisen-der-ebs-d\/irland-2010\/\" target=\"_blank\" rel=\"noopener noreferrer\">2010 Irland<\/a><\/li>\n<li><a href=\"https:\/\/bambus-deutschland.de\/index.php\/beispiel-seite\/bambus-und-gartenreisen-der-ebs-d\/lago-maggiore-gaerten-und-parks-an-den-oberitalienischen-seen-22-04-bis-27-04-2012\/\" target=\"_blank\" rel=\"noopener noreferrer\">2012 Lago Maggiore &#8211; G\u00e4rten und Parks an den Oberitalienischen Seen<\/a><\/li>\n<li><a href=\"https:\/\/bambus-deutschland.de\/index.php\/beispiel-seite\/bambus-und-gartenreisen-der-ebs-d\/ebs-d-gartenreise-in-die-bretagne-2015\/\" target=\"_blank\" rel=\"noopener noreferrer\">2015 Bretagne<\/a><\/li>\n<li><a href=\"https:\/\/bambus-deutschland.de\/index.php\/beispiel-seite\/bambus-und-gartenreisen-der-ebs-d\/cornwall-2016\/\" target=\"_blank\" rel=\"noopener noreferrer\">2016 Cornwall (mit Europ\u00e4ischem Treffen)<\/a><\/li>\n<li>2018 S\u00fcdfrankreich<\/li>\n<\/ul>\n<figure id=\"attachment_1150\" aria-describedby=\"caption-attachment-1150\" style=\"width: 5120px\" class=\"wp-caption aligncenter\"><a href=\"https:\/\/ebs-d-de.prossl.de\/wordpress\/wordpress\/index.php\/beispiel-seite\/bambus-und-gartenreisen-der-ebs-d\/ebs-d-gartenreise-in-die-bretagne-2015\/\"><img loading=\"lazy\" decoding=\"async\" class=\"wp-image-1150 size-full\" src=\"https:\/\/ebs-d-de.prossl.de\/wordpress\/wordpress\/wp-content\/uploads\/2017\/01\/Bretagne-3.jpg\" width=\"5120\" height=\"3072\" srcset=\"https:\/\/bambus-deutschland.de\/wp-content\/uploads\/2017\/01\/Bretagne-3.jpg 5120w, https:\/\/bambus-deutschland.de\/wp-content\/uploads\/2017\/01\/Bretagne-3-300x180.jpg 300w, https:\/\/bambus-deutschland.de\/wp-content\/uploads\/2017\/01\/Bretagne-3-768x461.jpg 768w, https:\/\/bambus-deutschland.de\/wp-content\/uploads\/2017\/01\/Bretagne-3-1024x614.jpg 1024w\" sizes=\"auto, (max-width: 5120px) 100vw, 5120px\" \/><\/a><figcaption id=\"caption-attachment-1150\" class=\"wp-caption-text\">Impressionen der Bretagne-Reise 2015<\/figcaption><\/figure>\n<p>&nbsp;<\/p>\n","protected":false},"excerpt":{"rendered":"<p>EBS-D on tour &#8211; die Reisen der EBS-D Prafrance in S\u00fcdfrankreich ist das &#8222;Mekka&#8220; der Bambuswelt. Schon als sich 1989 die Bambusgesellschaft in Frankfurt gr\u00fcndete, wurde der Wunsch nach einem Besuch dieses gro\u00dfartigen Bambusparks laut und so\u00a0 wurde im Mai 1990 die erste &#8222;Bambusreise&#8220; durchgef\u00fchrt. Die Busreise war ein riesiges Erlebnis und allen Teilnehmern war &hellip; <a href=\"https:\/\/bambus-deutschland.de\/index.php\/beispiel-seite\/bambus-und-gartenreisen-der-ebs-d\/\" class=\"more-link\"><span class=\"screen-reader-text\">Bambus- und Gartenreisen der EBS-D<\/span> weiterlesen <span class=\"meta-nav\">&rarr;<\/span><\/a><\/p>\n","protected":false},"author":9,"featured_media":0,"parent":2,"menu_order":6,"comment_status":"closed","ping_status":"closed","template":"","meta":{"iawp_total_views":51,"footnotes":""},"class_list":["post-206","page","type-page","status-publish","hentry"],"_links":{"self":[{"href":"https:\/\/bambus-deutschland.de\/index.php\/wp-json\/wp\/v2\/pages\/206","targetHints":{"allow":["GET"]}}],"collection":[{"href":"https:\/\/bambus-deutschland.de\/index.php\/wp-json\/wp\/v2\/pages"}],"about":[{"href":"https:\/\/bambus-deutschland.de\/index.php\/wp-json\/wp\/v2\/types\/page"}],"author":[{"embeddable":true,"href":"https:\/\/bambus-deutschland.de\/index.php\/wp-json\/wp\/v2\/users\/9"}],"replies":[{"embeddable":true,"href":"https:\/\/bambus-deutschland.de\/index.php\/wp-json\/wp\/v2\/comments?post=206"}],"version-history":[{"count":22,"href":"https:\/\/bambus-deutschland.de\/index.php\/wp-json\/wp\/v2\/pages\/206\/revisions"}],"predecessor-version":[{"id":2543,"href":"https:\/\/bambus-deutschland.de\/index.php\/wp-json\/wp\/v2\/pages\/206\/revisions\/2543"}],"up":[{"embeddable":true,"href":"https:\/\/bambus-deutschland.de\/index.php\/wp-json\/wp\/v2\/pages\/2"}],"wp:attachment":[{"href":"https:\/\/bambus-deutschland.de\/index.php\/wp-json\/wp\/v2\/media?parent=206"}],"curies":[{"name":"wp","href":"https:\/\/api.w.org\/{rel}","templated":true}]}}