{"id":2728,"date":"2019-12-04T21:17:27","date_gmt":"2019-12-04T20:17:27","guid":{"rendered":"https:\/\/bambus-deutschland.de\/?page_id=2728"},"modified":"2019-12-05T20:37:43","modified_gmt":"2019-12-05T19:37:43","slug":"suedfrankreich-2018","status":"publish","type":"page","link":"https:\/\/bambus-deutschland.de\/index.php\/beispiel-seite\/bambus-und-gartenreisen-der-ebs-d\/suedfrankreich-2018\/","title":{"rendered":"S\u00fcdfrankreich 2018"},"content":{"rendered":"<h5>EBS-D Gartenreise nach S\u00fcdfrankreich vom 23. September bis 30. September 2018<\/h5>\n<figure id=\"attachment_2740\" aria-describedby=\"caption-attachment-2740\" style=\"width: 2560px\" class=\"wp-caption aligncenter\"><img loading=\"lazy\" decoding=\"async\" class=\"wp-image-2740 size-full\" src=\"https:\/\/bambus-deutschland.de\/wp-content\/uploads\/2019\/12\/Au\u00dfem-Ute-Jardin-des-Martels-P1310237-scaled.jpg\" alt=\"\" width=\"2560\" height=\"1920\" srcset=\"https:\/\/bambus-deutschland.de\/wp-content\/uploads\/2019\/12\/Au\u00dfem-Ute-Jardin-des-Martels-P1310237-scaled.jpg 2560w, https:\/\/bambus-deutschland.de\/wp-content\/uploads\/2019\/12\/Au\u00dfem-Ute-Jardin-des-Martels-P1310237-300x225.jpg 300w, https:\/\/bambus-deutschland.de\/wp-content\/uploads\/2019\/12\/Au\u00dfem-Ute-Jardin-des-Martels-P1310237-1024x768.jpg 1024w, https:\/\/bambus-deutschland.de\/wp-content\/uploads\/2019\/12\/Au\u00dfem-Ute-Jardin-des-Martels-P1310237-768x576.jpg 768w, https:\/\/bambus-deutschland.de\/wp-content\/uploads\/2019\/12\/Au\u00dfem-Ute-Jardin-des-Martels-P1310237-1536x1152.jpg 1536w, https:\/\/bambus-deutschland.de\/wp-content\/uploads\/2019\/12\/Au\u00dfem-Ute-Jardin-des-Martels-P1310237-2048x1536.jpg 2048w\" sizes=\"auto, (max-width: 2560px) 100vw, 2560px\" \/><figcaption id=\"caption-attachment-2740\" class=\"wp-caption-text\">Jardin des Martels<\/figcaption><\/figure>\n<p>21 Bambusfreunde nahmen an der Gartenreise nach S\u00fcdfrankreich teil und besuchten historische St\u00e4dte und Orte sowie botanische Ziele, wie mehrere gro\u00dfartige Bambus-Parks, die sich in der Region befinden.<\/p>\n<figure id=\"attachment_2730\" aria-describedby=\"caption-attachment-2730\" style=\"width: 1920px\" class=\"wp-caption aligncenter\"><img loading=\"lazy\" decoding=\"async\" class=\"size-full wp-image-2730\" src=\"https:\/\/bambus-deutschland.de\/wp-content\/uploads\/2019\/12\/Au\u00dfem-Ute-Domme-Blick-auf-das-Dordognetal-von-der-Aussichtsterrasse-La-Barre-scaled.jpg\" alt=\"\" width=\"1920\" height=\"2560\" srcset=\"https:\/\/bambus-deutschland.de\/wp-content\/uploads\/2019\/12\/Au\u00dfem-Ute-Domme-Blick-auf-das-Dordognetal-von-der-Aussichtsterrasse-La-Barre-scaled.jpg 1920w, https:\/\/bambus-deutschland.de\/wp-content\/uploads\/2019\/12\/Au\u00dfem-Ute-Domme-Blick-auf-das-Dordognetal-von-der-Aussichtsterrasse-La-Barre-225x300.jpg 225w, https:\/\/bambus-deutschland.de\/wp-content\/uploads\/2019\/12\/Au\u00dfem-Ute-Domme-Blick-auf-das-Dordognetal-von-der-Aussichtsterrasse-La-Barre-768x1024.jpg 768w, https:\/\/bambus-deutschland.de\/wp-content\/uploads\/2019\/12\/Au\u00dfem-Ute-Domme-Blick-auf-das-Dordognetal-von-der-Aussichtsterrasse-La-Barre-1152x1536.jpg 1152w, https:\/\/bambus-deutschland.de\/wp-content\/uploads\/2019\/12\/Au\u00dfem-Ute-Domme-Blick-auf-das-Dordognetal-von-der-Aussichtsterrasse-La-Barre-1536x2048.jpg 1536w\" sizes=\"auto, (max-width: 1920px) 100vw, 1920px\" \/><figcaption id=\"caption-attachment-2730\" class=\"wp-caption-text\">Domme &#8211; Blick auf das Dordognetal von der Aussichtsterrasse La Barre<\/figcaption><\/figure>\n<p>Die Besonderheit der Jubil\u00e4umsreise lag darin, neben echten Klassikern wie z. B. die Bambouseraie d\u2019 Anduze, G\u00e4rten zu besichtigen, die in keinem Reisef\u00fchrer zu finden sind. Die Tour f\u00fchrte uns \u00fcber Orleans nach Bastide Domme und Sarlat-la-Can\u00e9da in der Dordogne, wo der erste Garten Les Bambous de Planbuisson besichtigt wurde.<\/p>\n<figure id=\"attachment_2731\" aria-describedby=\"caption-attachment-2731\" style=\"width: 2560px\" class=\"wp-caption aligncenter\"><img loading=\"lazy\" decoding=\"async\" class=\"wp-image-2731 size-full\" src=\"https:\/\/bambus-deutschland.de\/wp-content\/uploads\/2019\/12\/Au\u00dfem-Ute-Planbuisson-P1310066-scaled.jpg\" alt=\"\" width=\"2560\" height=\"1920\" srcset=\"https:\/\/bambus-deutschland.de\/wp-content\/uploads\/2019\/12\/Au\u00dfem-Ute-Planbuisson-P1310066-scaled.jpg 2560w, https:\/\/bambus-deutschland.de\/wp-content\/uploads\/2019\/12\/Au\u00dfem-Ute-Planbuisson-P1310066-300x225.jpg 300w, https:\/\/bambus-deutschland.de\/wp-content\/uploads\/2019\/12\/Au\u00dfem-Ute-Planbuisson-P1310066-1024x768.jpg 1024w, https:\/\/bambus-deutschland.de\/wp-content\/uploads\/2019\/12\/Au\u00dfem-Ute-Planbuisson-P1310066-768x576.jpg 768w, https:\/\/bambus-deutschland.de\/wp-content\/uploads\/2019\/12\/Au\u00dfem-Ute-Planbuisson-P1310066-1536x1152.jpg 1536w, https:\/\/bambus-deutschland.de\/wp-content\/uploads\/2019\/12\/Au\u00dfem-Ute-Planbuisson-P1310066-2048x1536.jpg 2048w\" sizes=\"auto, (max-width: 2560px) 100vw, 2560px\" \/><figcaption id=\"caption-attachment-2731\" class=\"wp-caption-text\">Der G\u00e4rtner Olivier Planchais f\u00fchrt uns durch Les Bambous de Planbuisson en Dordogne<\/figcaption><\/figure>\n<p>Es folgten die Besuche von Le Parc aux Bambous und einem \u201eechten\u201c Privatgarten. Toulouse konnte entdeckt und die G\u00e4rten Les Jardins des Martels, La Bambouseraie d\u2019 Anduze und Bambous en Provence bei Bernard le Neindre in Eyragues bestaunt werden.<\/p>\n<figure id=\"attachment_2733\" aria-describedby=\"caption-attachment-2733\" style=\"width: 2560px\" class=\"wp-caption aligncenter\"><img loading=\"lazy\" decoding=\"async\" class=\"size-full wp-image-2733\" src=\"https:\/\/bambus-deutschland.de\/wp-content\/uploads\/2019\/12\/Au\u00dfem-Ute-Parc-aux-Bambous-P1310181-scaled.jpg\" alt=\"\" width=\"2560\" height=\"1920\" srcset=\"https:\/\/bambus-deutschland.de\/wp-content\/uploads\/2019\/12\/Au\u00dfem-Ute-Parc-aux-Bambous-P1310181-scaled.jpg 2560w, https:\/\/bambus-deutschland.de\/wp-content\/uploads\/2019\/12\/Au\u00dfem-Ute-Parc-aux-Bambous-P1310181-300x225.jpg 300w, https:\/\/bambus-deutschland.de\/wp-content\/uploads\/2019\/12\/Au\u00dfem-Ute-Parc-aux-Bambous-P1310181-1024x768.jpg 1024w, https:\/\/bambus-deutschland.de\/wp-content\/uploads\/2019\/12\/Au\u00dfem-Ute-Parc-aux-Bambous-P1310181-768x576.jpg 768w, https:\/\/bambus-deutschland.de\/wp-content\/uploads\/2019\/12\/Au\u00dfem-Ute-Parc-aux-Bambous-P1310181-1536x1152.jpg 1536w, https:\/\/bambus-deutschland.de\/wp-content\/uploads\/2019\/12\/Au\u00dfem-Ute-Parc-aux-Bambous-P1310181-2048x1536.jpg 2048w\" sizes=\"auto, (max-width: 2560px) 100vw, 2560px\" \/><figcaption id=\"caption-attachment-2733\" class=\"wp-caption-text\">Parc aux Bambous<\/figcaption><\/figure>\n<figure id=\"attachment_2741\" aria-describedby=\"caption-attachment-2741\" style=\"width: 474px\" class=\"wp-caption aligncenter\"><img loading=\"lazy\" decoding=\"async\" class=\"size-large wp-image-2741\" src=\"https:\/\/bambus-deutschland.de\/wp-content\/uploads\/2019\/12\/Au\u00dfem-Ute-Toulouse-Japanischer-Garten-P1310210-1024x768.jpg\" alt=\"\" width=\"474\" height=\"356\" srcset=\"https:\/\/bambus-deutschland.de\/wp-content\/uploads\/2019\/12\/Au\u00dfem-Ute-Toulouse-Japanischer-Garten-P1310210-1024x768.jpg 1024w, https:\/\/bambus-deutschland.de\/wp-content\/uploads\/2019\/12\/Au\u00dfem-Ute-Toulouse-Japanischer-Garten-P1310210-300x225.jpg 300w, https:\/\/bambus-deutschland.de\/wp-content\/uploads\/2019\/12\/Au\u00dfem-Ute-Toulouse-Japanischer-Garten-P1310210-768x576.jpg 768w, https:\/\/bambus-deutschland.de\/wp-content\/uploads\/2019\/12\/Au\u00dfem-Ute-Toulouse-Japanischer-Garten-P1310210-1536x1152.jpg 1536w, https:\/\/bambus-deutschland.de\/wp-content\/uploads\/2019\/12\/Au\u00dfem-Ute-Toulouse-Japanischer-Garten-P1310210-2048x1536.jpg 2048w\" sizes=\"auto, (max-width: 474px) 100vw, 474px\" \/><figcaption id=\"caption-attachment-2741\" class=\"wp-caption-text\">Japanischer Garten in Toulouse<\/figcaption><\/figure>\n<figure id=\"attachment_2734\" aria-describedby=\"caption-attachment-2734\" style=\"width: 2560px\" class=\"wp-caption aligncenter\"><img loading=\"lazy\" decoding=\"async\" class=\"size-full wp-image-2734\" src=\"https:\/\/bambus-deutschland.de\/wp-content\/uploads\/2019\/12\/Au\u00dfem-Ute-Anduze-P1310322-scaled.jpg\" alt=\"\" width=\"2560\" height=\"1920\" srcset=\"https:\/\/bambus-deutschland.de\/wp-content\/uploads\/2019\/12\/Au\u00dfem-Ute-Anduze-P1310322-scaled.jpg 2560w, https:\/\/bambus-deutschland.de\/wp-content\/uploads\/2019\/12\/Au\u00dfem-Ute-Anduze-P1310322-300x225.jpg 300w, https:\/\/bambus-deutschland.de\/wp-content\/uploads\/2019\/12\/Au\u00dfem-Ute-Anduze-P1310322-1024x768.jpg 1024w, https:\/\/bambus-deutschland.de\/wp-content\/uploads\/2019\/12\/Au\u00dfem-Ute-Anduze-P1310322-768x576.jpg 768w, https:\/\/bambus-deutschland.de\/wp-content\/uploads\/2019\/12\/Au\u00dfem-Ute-Anduze-P1310322-1536x1152.jpg 1536w, https:\/\/bambus-deutschland.de\/wp-content\/uploads\/2019\/12\/Au\u00dfem-Ute-Anduze-P1310322-2048x1536.jpg 2048w\" sizes=\"auto, (max-width: 2560px) 100vw, 2560px\" \/><figcaption id=\"caption-attachment-2734\" class=\"wp-caption-text\">Anduze<\/figcaption><\/figure>\n<figure id=\"attachment_2739\" aria-describedby=\"caption-attachment-2739\" style=\"width: 474px\" class=\"wp-caption aligncenter\"><img loading=\"lazy\" decoding=\"async\" class=\"size-large wp-image-2739\" src=\"https:\/\/bambus-deutschland.de\/wp-content\/uploads\/2019\/12\/Au\u00dfem-Ute-Anduze-Tal-der-Drachen-und-japanischen-Garten-P1310316-1024x769.jpg\" alt=\"\" width=\"474\" height=\"356\" srcset=\"https:\/\/bambus-deutschland.de\/wp-content\/uploads\/2019\/12\/Au\u00dfem-Ute-Anduze-Tal-der-Drachen-und-japanischen-Garten-P1310316-1024x769.jpg 1024w, https:\/\/bambus-deutschland.de\/wp-content\/uploads\/2019\/12\/Au\u00dfem-Ute-Anduze-Tal-der-Drachen-und-japanischen-Garten-P1310316-300x225.jpg 300w, https:\/\/bambus-deutschland.de\/wp-content\/uploads\/2019\/12\/Au\u00dfem-Ute-Anduze-Tal-der-Drachen-und-japanischen-Garten-P1310316-768x577.jpg 768w, https:\/\/bambus-deutschland.de\/wp-content\/uploads\/2019\/12\/Au\u00dfem-Ute-Anduze-Tal-der-Drachen-und-japanischen-Garten-P1310316-1536x1154.jpg 1536w, https:\/\/bambus-deutschland.de\/wp-content\/uploads\/2019\/12\/Au\u00dfem-Ute-Anduze-Tal-der-Drachen-und-japanischen-Garten-P1310316-2048x1538.jpg 2048w\" sizes=\"auto, (max-width: 474px) 100vw, 474px\" \/><figcaption id=\"caption-attachment-2739\" class=\"wp-caption-text\">Anduze &#8211; das Tal der Drachen und der japanische Garten<\/figcaption><\/figure>\n<figure id=\"attachment_2735\" aria-describedby=\"caption-attachment-2735\" style=\"width: 1920px\" class=\"wp-caption aligncenter\"><img loading=\"lazy\" decoding=\"async\" class=\"size-full wp-image-2735\" src=\"https:\/\/bambus-deutschland.de\/wp-content\/uploads\/2019\/12\/Au\u00dfem-Ute-Bei-Bernard-le-Neindre-P1310357-scaled.jpg\" alt=\"\" width=\"1920\" height=\"2560\" srcset=\"https:\/\/bambus-deutschland.de\/wp-content\/uploads\/2019\/12\/Au\u00dfem-Ute-Bei-Bernard-le-Neindre-P1310357-scaled.jpg 1920w, https:\/\/bambus-deutschland.de\/wp-content\/uploads\/2019\/12\/Au\u00dfem-Ute-Bei-Bernard-le-Neindre-P1310357-225x300.jpg 225w, https:\/\/bambus-deutschland.de\/wp-content\/uploads\/2019\/12\/Au\u00dfem-Ute-Bei-Bernard-le-Neindre-P1310357-768x1024.jpg 768w, https:\/\/bambus-deutschland.de\/wp-content\/uploads\/2019\/12\/Au\u00dfem-Ute-Bei-Bernard-le-Neindre-P1310357-1152x1536.jpg 1152w, https:\/\/bambus-deutschland.de\/wp-content\/uploads\/2019\/12\/Au\u00dfem-Ute-Bei-Bernard-le-Neindre-P1310357-1536x2048.jpg 1536w\" sizes=\"auto, (max-width: 1920px) 100vw, 1920px\" \/><figcaption id=\"caption-attachment-2735\" class=\"wp-caption-text\">Bambous en Provence<\/figcaption><\/figure>\n<figure id=\"attachment_2737\" aria-describedby=\"caption-attachment-2737\" style=\"width: 1920px\" class=\"wp-caption aligncenter\"><img loading=\"lazy\" decoding=\"async\" class=\"size-full wp-image-2737\" src=\"https:\/\/bambus-deutschland.de\/wp-content\/uploads\/2019\/12\/Au\u00dfem-Ute-Phyllostachys-edulis-Bicolor-P1310354-scaled.jpg\" alt=\"\" width=\"1920\" height=\"2560\" srcset=\"https:\/\/bambus-deutschland.de\/wp-content\/uploads\/2019\/12\/Au\u00dfem-Ute-Phyllostachys-edulis-Bicolor-P1310354-scaled.jpg 1920w, https:\/\/bambus-deutschland.de\/wp-content\/uploads\/2019\/12\/Au\u00dfem-Ute-Phyllostachys-edulis-Bicolor-P1310354-225x300.jpg 225w, https:\/\/bambus-deutschland.de\/wp-content\/uploads\/2019\/12\/Au\u00dfem-Ute-Phyllostachys-edulis-Bicolor-P1310354-768x1024.jpg 768w, https:\/\/bambus-deutschland.de\/wp-content\/uploads\/2019\/12\/Au\u00dfem-Ute-Phyllostachys-edulis-Bicolor-P1310354-1152x1536.jpg 1152w, https:\/\/bambus-deutschland.de\/wp-content\/uploads\/2019\/12\/Au\u00dfem-Ute-Phyllostachys-edulis-Bicolor-P1310354-1536x2048.jpg 1536w\" sizes=\"auto, (max-width: 1920px) 100vw, 1920px\" \/><figcaption id=\"caption-attachment-2737\" class=\"wp-caption-text\">Phyllostachys edulis &#8218;Bicolor&#8216;<\/figcaption><\/figure>\n<figure id=\"attachment_2736\" aria-describedby=\"caption-attachment-2736\" style=\"width: 474px\" class=\"wp-caption aligncenter\"><img loading=\"lazy\" decoding=\"async\" class=\"size-large wp-image-2736\" src=\"https:\/\/bambus-deutschland.de\/wp-content\/uploads\/2019\/12\/Au\u00dfem-Ute-Gruppenfoto-bei-Bernard-le-Neindre-P1310354-1024x768.jpg\" alt=\"\" width=\"474\" height=\"356\" srcset=\"https:\/\/bambus-deutschland.de\/wp-content\/uploads\/2019\/12\/Au\u00dfem-Ute-Gruppenfoto-bei-Bernard-le-Neindre-P1310354-1024x768.jpg 1024w, https:\/\/bambus-deutschland.de\/wp-content\/uploads\/2019\/12\/Au\u00dfem-Ute-Gruppenfoto-bei-Bernard-le-Neindre-P1310354-300x225.jpg 300w, https:\/\/bambus-deutschland.de\/wp-content\/uploads\/2019\/12\/Au\u00dfem-Ute-Gruppenfoto-bei-Bernard-le-Neindre-P1310354-768x576.jpg 768w, https:\/\/bambus-deutschland.de\/wp-content\/uploads\/2019\/12\/Au\u00dfem-Ute-Gruppenfoto-bei-Bernard-le-Neindre-P1310354-1536x1152.jpg 1536w, https:\/\/bambus-deutschland.de\/wp-content\/uploads\/2019\/12\/Au\u00dfem-Ute-Gruppenfoto-bei-Bernard-le-Neindre-P1310354-2048x1536.jpg 2048w\" sizes=\"auto, (max-width: 474px) 100vw, 474px\" \/><figcaption id=\"caption-attachment-2736\" class=\"wp-caption-text\">die Reisegruppe und der Gartenbesitzer Bernard le Neindre (rechts) &#8211; Bambous en Provence<\/figcaption><\/figure>\n<figure id=\"attachment_2738\" aria-describedby=\"caption-attachment-2738\" style=\"width: 474px\" class=\"wp-caption aligncenter\"><img loading=\"lazy\" decoding=\"async\" class=\"size-large wp-image-2738\" src=\"https:\/\/bambus-deutschland.de\/wp-content\/uploads\/2019\/12\/Au\u00dfem-Ute-Phyllostachys-edulis-Nabeshimana-P1310361-768x1024.jpg\" alt=\"\" width=\"474\" height=\"632\" srcset=\"https:\/\/bambus-deutschland.de\/wp-content\/uploads\/2019\/12\/Au\u00dfem-Ute-Phyllostachys-edulis-Nabeshimana-P1310361-768x1024.jpg 768w, https:\/\/bambus-deutschland.de\/wp-content\/uploads\/2019\/12\/Au\u00dfem-Ute-Phyllostachys-edulis-Nabeshimana-P1310361-225x300.jpg 225w, https:\/\/bambus-deutschland.de\/wp-content\/uploads\/2019\/12\/Au\u00dfem-Ute-Phyllostachys-edulis-Nabeshimana-P1310361-1152x1536.jpg 1152w, https:\/\/bambus-deutschland.de\/wp-content\/uploads\/2019\/12\/Au\u00dfem-Ute-Phyllostachys-edulis-Nabeshimana-P1310361-1536x2048.jpg 1536w, https:\/\/bambus-deutschland.de\/wp-content\/uploads\/2019\/12\/Au\u00dfem-Ute-Phyllostachys-edulis-Nabeshimana-P1310361-scaled.jpg 1920w\" sizes=\"auto, (max-width: 474px) 100vw, 474px\" \/><figcaption id=\"caption-attachment-2738\" class=\"wp-caption-text\">Phyllostachys edulis &#8218;Nabeshimana&#8216;<\/figcaption><\/figure>\n<p>&nbsp;<\/p>\n<p><strong>Ausf\u00fchrliche Gartenberichte im Bambus-Journal\u00a0 4\/2018 und 1\/2019\u00a0 zu bestellen in der EBS-D Gesch\u00e4ftsstelle<br \/>\n<\/strong><\/p>\n","protected":false},"excerpt":{"rendered":"<p>EBS-D Gartenreise nach S\u00fcdfrankreich vom 23. September bis 30. September 2018 21 Bambusfreunde nahmen an der Gartenreise nach S\u00fcdfrankreich teil und besuchten historische St\u00e4dte und Orte sowie botanische Ziele, wie mehrere gro\u00dfartige Bambus-Parks, die sich in der Region befinden. Die Besonderheit der Jubil\u00e4umsreise lag darin, neben echten Klassikern wie z. B. die Bambouseraie d\u2019 Anduze, &hellip; <a href=\"https:\/\/bambus-deutschland.de\/index.php\/beispiel-seite\/bambus-und-gartenreisen-der-ebs-d\/suedfrankreich-2018\/\" class=\"more-link\"><span class=\"screen-reader-text\">S\u00fcdfrankreich 2018<\/span> weiterlesen <span class=\"meta-nav\">&rarr;<\/span><\/a><\/p>\n","protected":false},"author":6,"featured_media":0,"parent":206,"menu_order":0,"comment_status":"closed","ping_status":"closed","template":"","meta":{"iawp_total_views":96,"footnotes":""},"class_list":["post-2728","page","type-page","status-publish","hentry"],"_links":{"self":[{"href":"https:\/\/bambus-deutschland.de\/index.php\/wp-json\/wp\/v2\/pages\/2728","targetHints":{"allow":["GET"]}}],"collection":[{"href":"https:\/\/bambus-deutschland.de\/index.php\/wp-json\/wp\/v2\/pages"}],"about":[{"href":"https:\/\/bambus-deutschland.de\/index.php\/wp-json\/wp\/v2\/types\/page"}],"author":[{"embeddable":true,"href":"https:\/\/bambus-deutschland.de\/index.php\/wp-json\/wp\/v2\/users\/6"}],"replies":[{"embeddable":true,"href":"https:\/\/bambus-deutschland.de\/index.php\/wp-json\/wp\/v2\/comments?post=2728"}],"version-history":[{"count":14,"href":"https:\/\/bambus-deutschland.de\/index.php\/wp-json\/wp\/v2\/pages\/2728\/revisions"}],"predecessor-version":[{"id":2759,"href":"https:\/\/bambus-deutschland.de\/index.php\/wp-json\/wp\/v2\/pages\/2728\/revisions\/2759"}],"up":[{"embeddable":true,"href":"https:\/\/bambus-deutschland.de\/index.php\/wp-json\/wp\/v2\/pages\/206"}],"wp:attachment":[{"href":"https:\/\/bambus-deutschland.de\/index.php\/wp-json\/wp\/v2\/media?parent=2728"}],"curies":[{"name":"wp","href":"https:\/\/api.w.org\/{rel}","templated":true}]}}