{"id":297,"date":"2016-12-12T21:48:34","date_gmt":"2016-12-12T20:48:34","guid":{"rendered":"https:\/\/ebs-d-de.prossl.de\/wordpress\/wordpress\/?page_id=297"},"modified":"2019-05-27T15:58:45","modified_gmt":"2019-05-27T13:58:45","slug":"ebs-euromeeting-am-18-und-19-august-2012-in-den-niederlanden","status":"publish","type":"page","link":"https:\/\/bambus-deutschland.de\/index.php\/beispiel-seite\/weitere-bambus-organisationen\/ebs-euromeeting-am-18-und-19-august-2012-in-den-niederlanden\/","title":{"rendered":"Europ\u00e4isches Treffen der EBS vom 17. bis 19. August 2012 in den Niederlanden"},"content":{"rendered":"<figure id=\"attachment_306\" aria-describedby=\"caption-attachment-306\" style=\"width: 1600px\" class=\"wp-caption aligncenter\"><img loading=\"lazy\" decoding=\"async\" class=\"wp-image-306 size-full\" src=\"https:\/\/ebs-d-de.prossl.de\/wordpress\/wordpress\/wp-content\/uploads\/2016\/12\/P1030148-2.jpg\" width=\"1600\" height=\"1200\" srcset=\"https:\/\/bambus-deutschland.de\/wp-content\/uploads\/2016\/12\/P1030148-2.jpg 1600w, https:\/\/bambus-deutschland.de\/wp-content\/uploads\/2016\/12\/P1030148-2-300x225.jpg 300w, https:\/\/bambus-deutschland.de\/wp-content\/uploads\/2016\/12\/P1030148-2-768x576.jpg 768w, https:\/\/bambus-deutschland.de\/wp-content\/uploads\/2016\/12\/P1030148-2-1024x768.jpg 1024w\" sizes=\"auto, (max-width: 1600px) 100vw, 1600px\" \/><figcaption id=\"caption-attachment-306\" class=\"wp-caption-text\">im Garten von Ben Jacobs (Foto Ute Au\u00dfem)<\/figcaption><\/figure>\n<p>Die EBS Niederlande hatte in diesem Jahr unter dem Motto \u201eSee what the Dutch do with Bamboo\u201c zum EuroMeeting eingeladen.<\/p>\n<p>Freitag, 17. August 2012:<\/p>\n<ul>\n<li>Gartenbesichtigung bei Jos van der Palen in Kimmei<\/li>\n<li>Workshop bamboo building mit\u00a0 Antoon Versteegte<\/li>\n<li>Gef\u00fchrte Besichtigung im Bambusgarten von Ben Jacobs, Vorsitzender der EBSNiederlande<\/li>\n<\/ul>\n<p>Samstag, 18. August 2012:<\/p>\n<ul>\n<li>Vortrag Dr. Coosje Hoogendoorn, Director General, inbar<br \/>\nHow Bamboo can contribute to a pro-poor green economy<\/li>\n<li>Vortrag Dr. ir. Pablo van der Lugt, Head Marketing and R&amp;D, Moso International &#8222;Measuring the sustainability of MOSO Bamboo products from cradle to grave&#8220;<\/li>\n<li>Vortrag Prof. Dr. ir. Andree Jorissen, Professor Wood, TU\/e<br \/>\nBamboo Research at Eindhoven University of Technology<\/li>\n<li>Vortrag Aad Vermeer, Aad Vermeer Nursery<br \/>\nFriendly bamboo for a large audience<\/li>\n<li>Konzert Hans van Koolwijk, Sound sculptures<\/li>\n<li>Bambus Fahrr\u00e4der Joek van Ginderen, Eelijke Kansen (Fair Chances)<\/li>\n<li>Aussteller De TuinHeeren, High quality gardening tools<\/li>\n<li>Konzert Joke Verdoolt, Shakuhachi player<\/li>\n<li>Abends: EBS-Mitgliedertreffen \u201cDie Zukunft der EBS\u201d<\/li>\n<\/ul>\n<p>Sonntag, 19. August 2012:<\/p>\n<ul>\n<li>Gartenbesichtigung MeiChu, garden and nursery<\/li>\n<li>Gartenbesichtigung Hans Prins, De groene Prins<\/li>\n<li>Workshop Sumi-e, Rob Komala<\/li>\n<li>Musikdarbietung Nederlands Pijpers Gilde<\/li>\n<\/ul>\n<p>Fotogalerie:<\/p>\n<div id='gallery-1' class='gallery galleryid-297 gallery-columns-3 gallery-size-thumbnail'><figure class='gallery-item'>\n\t\t\t<div class='gallery-icon landscape'>\n\t\t\t\t<a href='https:\/\/bambus-deutschland.de\/wp-content\/uploads\/2016\/12\/Stadelmaier-DSC06255.jpg' title=\"Freitags Gartenbesichtigung bei Jos van der Palen (Foto Ursula und Friedrich Stadelmaier)\" data-rl_title=\"Freitags Gartenbesichtigung bei Jos van der Palen (Foto Ursula und Friedrich Stadelmaier)\" class=\"rl-gallery-link\" data-rl_caption=\"\" data-rel=\"lightbox-gallery-1\"><img loading=\"lazy\" decoding=\"async\" width=\"150\" height=\"150\" src=\"https:\/\/bambus-deutschland.de\/wp-content\/uploads\/2016\/12\/Stadelmaier-DSC06255-150x150.jpg\" class=\"attachment-thumbnail size-thumbnail\" alt=\"\" aria-describedby=\"gallery-1-268\" \/><\/a>\n\t\t\t<\/div>\n\t\t\t\t<figcaption class='wp-caption-text gallery-caption' id='gallery-1-268'>\n\t\t\t\tFreitags Gartenbesichtigung bei Jos van der Palen (Foto Ursula und Friedrich Stadelmaier)\n\t\t\t\t<\/figcaption><\/figure><figure class='gallery-item'>\n\t\t\t<div class='gallery-icon portrait'>\n\t\t\t\t<a href='https:\/\/bambus-deutschland.de\/wp-content\/uploads\/2016\/12\/DSC06266.jpg' title=\"Fargesia demissa &#039;Gerry&#039; bei Jos van der Palen (Foto Ursula und Friedrich Stadelmaier)\" data-rl_title=\"Fargesia demissa &#039;Gerry&#039; bei Jos van der Palen (Foto Ursula und Friedrich Stadelmaier)\" class=\"rl-gallery-link\" data-rl_caption=\"\" data-rel=\"lightbox-gallery-1\"><img loading=\"lazy\" decoding=\"async\" width=\"150\" height=\"150\" src=\"https:\/\/bambus-deutschland.de\/wp-content\/uploads\/2016\/12\/DSC06266-150x150.jpg\" class=\"attachment-thumbnail size-thumbnail\" alt=\"\" aria-describedby=\"gallery-1-269\" \/><\/a>\n\t\t\t<\/div>\n\t\t\t\t<figcaption class='wp-caption-text gallery-caption' id='gallery-1-269'>\n\t\t\t\tFargesia demissa &#8218;Gerry&#8216; bei Jos van der Palen (Foto Ursula und Friedrich Stadelmaier)\n\t\t\t\t<\/figcaption><\/figure><figure class='gallery-item'>\n\t\t\t<div class='gallery-icon landscape'>\n\t\t\t\t<a href='https:\/\/bambus-deutschland.de\/wp-content\/uploads\/2016\/12\/Stadelmaier-DSC06267.jpg' title=\"bei Jos van der Palen (Foto Ursula und Friedrich Stadelmaier)\" data-rl_title=\"bei Jos van der Palen (Foto Ursula und Friedrich Stadelmaier)\" class=\"rl-gallery-link\" data-rl_caption=\"\" data-rel=\"lightbox-gallery-1\"><img loading=\"lazy\" decoding=\"async\" width=\"150\" height=\"150\" src=\"https:\/\/bambus-deutschland.de\/wp-content\/uploads\/2016\/12\/Stadelmaier-DSC06267-150x150.jpg\" class=\"attachment-thumbnail size-thumbnail\" alt=\"\" aria-describedby=\"gallery-1-270\" \/><\/a>\n\t\t\t<\/div>\n\t\t\t\t<figcaption class='wp-caption-text gallery-caption' id='gallery-1-270'>\n\t\t\t\tbei Jos van der Palen (Foto Ursula und Friedrich Stadelmaier)\n\t\t\t\t<\/figcaption><\/figure><figure class='gallery-item'>\n\t\t\t<div class='gallery-icon portrait'>\n\t\t\t\t<a href='https:\/\/bambus-deutschland.de\/wp-content\/uploads\/2016\/12\/Stadelmaier-DSC06275.jpg' title=\"Phyllostachys vivax &#039;Aureocaulis&#039; bei Jos van der Palen (Foto Ursula und Friedrich Stadelmaier)\" data-rl_title=\"Phyllostachys vivax &#039;Aureocaulis&#039; bei Jos van der Palen (Foto Ursula und Friedrich Stadelmaier)\" class=\"rl-gallery-link\" data-rl_caption=\"\" data-rel=\"lightbox-gallery-1\"><img loading=\"lazy\" decoding=\"async\" width=\"150\" height=\"150\" src=\"https:\/\/bambus-deutschland.de\/wp-content\/uploads\/2016\/12\/Stadelmaier-DSC06275-150x150.jpg\" class=\"attachment-thumbnail size-thumbnail\" alt=\"\" aria-describedby=\"gallery-1-271\" \/><\/a>\n\t\t\t<\/div>\n\t\t\t\t<figcaption class='wp-caption-text gallery-caption' id='gallery-1-271'>\n\t\t\t\tPhyllostachys vivax &#8218;Aureocaulis&#8216; bei Jos van der Palen (Foto Ursula und Friedrich Stadelmaier)\n\t\t\t\t<\/figcaption><\/figure><figure class='gallery-item'>\n\t\t\t<div class='gallery-icon portrait'>\n\t\t\t\t<a href='https:\/\/bambus-deutschland.de\/wp-content\/uploads\/2016\/12\/Stadelmaier-DSC06277.jpg' title=\"Phyllostachys vivax &#039;Aureocaulis&#039; bei Jos van der Palen (Foto Ursula und Friedrich Stadelmaier)\" data-rl_title=\"Phyllostachys vivax &#039;Aureocaulis&#039; bei Jos van der Palen (Foto Ursula und Friedrich Stadelmaier)\" class=\"rl-gallery-link\" data-rl_caption=\"\" data-rel=\"lightbox-gallery-1\"><img loading=\"lazy\" decoding=\"async\" width=\"150\" height=\"150\" src=\"https:\/\/bambus-deutschland.de\/wp-content\/uploads\/2016\/12\/Stadelmaier-DSC06277-150x150.jpg\" class=\"attachment-thumbnail size-thumbnail\" alt=\"\" aria-describedby=\"gallery-1-272\" \/><\/a>\n\t\t\t<\/div>\n\t\t\t\t<figcaption class='wp-caption-text gallery-caption' id='gallery-1-272'>\n\t\t\t\tPhyllostachys vivax &#8218;Aureocaulis&#8216; bei Jos van der Palen (Foto Ursula und Friedrich Stadelmaier)\n\t\t\t\t<\/figcaption><\/figure><figure class='gallery-item'>\n\t\t\t<div class='gallery-icon landscape'>\n\t\t\t\t<a href='https:\/\/bambus-deutschland.de\/wp-content\/uploads\/2016\/12\/P1030060.jpg' title=\"im Garten von Ben Jacobs (Foto Ute Au\u00dfem)\" data-rl_title=\"im Garten von Ben Jacobs (Foto Ute Au\u00dfem)\" class=\"rl-gallery-link\" data-rl_caption=\"\" data-rel=\"lightbox-gallery-1\"><img loading=\"lazy\" decoding=\"async\" width=\"150\" height=\"150\" src=\"https:\/\/bambus-deutschland.de\/wp-content\/uploads\/2016\/12\/P1030060-150x150.jpg\" class=\"attachment-thumbnail size-thumbnail\" alt=\"\" aria-describedby=\"gallery-1-302\" \/><\/a>\n\t\t\t<\/div>\n\t\t\t\t<figcaption class='wp-caption-text gallery-caption' id='gallery-1-302'>\n\t\t\t\tim Garten von Ben Jacobs (Foto Ute Au\u00dfem)\n\t\t\t\t<\/figcaption><\/figure><figure class='gallery-item'>\n\t\t\t<div class='gallery-icon landscape'>\n\t\t\t\t<a href='https:\/\/bambus-deutschland.de\/wp-content\/uploads\/2016\/12\/P1030068.jpg' title=\"im Garten von Ben Jacobs (Foto Ute Au\u00dfem)\" data-rl_title=\"im Garten von Ben Jacobs (Foto Ute Au\u00dfem)\" class=\"rl-gallery-link\" data-rl_caption=\"\" data-rel=\"lightbox-gallery-1\"><img loading=\"lazy\" decoding=\"async\" width=\"150\" height=\"150\" src=\"https:\/\/bambus-deutschland.de\/wp-content\/uploads\/2016\/12\/P1030068-150x150.jpg\" class=\"attachment-thumbnail size-thumbnail\" alt=\"\" aria-describedby=\"gallery-1-303\" \/><\/a>\n\t\t\t<\/div>\n\t\t\t\t<figcaption class='wp-caption-text gallery-caption' id='gallery-1-303'>\n\t\t\t\tim Garten von Ben Jacobs (Foto Ute Au\u00dfem)\n\t\t\t\t<\/figcaption><\/figure><figure class='gallery-item'>\n\t\t\t<div class='gallery-icon landscape'>\n\t\t\t\t<a href='https:\/\/bambus-deutschland.de\/wp-content\/uploads\/2016\/12\/P1030148-2.jpg' title=\"im Garten von Ben Jacobs (Foto Ute Au\u00dfem)\" data-rl_title=\"im Garten von Ben Jacobs (Foto Ute Au\u00dfem)\" class=\"rl-gallery-link\" data-rl_caption=\"\" data-rel=\"lightbox-gallery-1\"><img loading=\"lazy\" decoding=\"async\" width=\"150\" height=\"150\" src=\"https:\/\/bambus-deutschland.de\/wp-content\/uploads\/2016\/12\/P1030148-2-150x150.jpg\" class=\"attachment-thumbnail size-thumbnail\" alt=\"\" aria-describedby=\"gallery-1-306\" \/><\/a>\n\t\t\t<\/div>\n\t\t\t\t<figcaption class='wp-caption-text gallery-caption' id='gallery-1-306'>\n\t\t\t\tim Garten von Ben Jacobs (Foto Ute Au\u00dfem)\n\t\t\t\t<\/figcaption><\/figure><figure class='gallery-item'>\n\t\t\t<div class='gallery-icon landscape'>\n\t\t\t\t<a href='https:\/\/bambus-deutschland.de\/wp-content\/uploads\/2016\/12\/P1030107.jpg' title=\"im Garten von Ben Jacobs (Foto Ute Au\u00dfem)\" data-rl_title=\"im Garten von Ben Jacobs (Foto Ute Au\u00dfem)\" class=\"rl-gallery-link\" data-rl_caption=\"\" data-rel=\"lightbox-gallery-1\"><img loading=\"lazy\" decoding=\"async\" width=\"150\" height=\"150\" src=\"https:\/\/bambus-deutschland.de\/wp-content\/uploads\/2016\/12\/P1030107-150x150.jpg\" class=\"attachment-thumbnail size-thumbnail\" alt=\"\" aria-describedby=\"gallery-1-304\" \/><\/a>\n\t\t\t<\/div>\n\t\t\t\t<figcaption class='wp-caption-text gallery-caption' id='gallery-1-304'>\n\t\t\t\tim Garten von Ben Jacobs (Foto Ute Au\u00dfem)\n\t\t\t\t<\/figcaption><\/figure><figure class='gallery-item'>\n\t\t\t<div class='gallery-icon landscape'>\n\t\t\t\t<a href='https:\/\/bambus-deutschland.de\/wp-content\/uploads\/2016\/12\/P1030163.jpg' title=\"Sonntag: der Garten von MeiChu (Foto Ute Au\u00dfem)\" data-rl_title=\"Sonntag: der Garten von MeiChu (Foto Ute Au\u00dfem)\" class=\"rl-gallery-link\" data-rl_caption=\"\" data-rel=\"lightbox-gallery-1\"><img loading=\"lazy\" decoding=\"async\" width=\"150\" height=\"150\" src=\"https:\/\/bambus-deutschland.de\/wp-content\/uploads\/2016\/12\/P1030163-150x150.jpg\" class=\"attachment-thumbnail size-thumbnail\" alt=\"\" aria-describedby=\"gallery-1-308\" \/><\/a>\n\t\t\t<\/div>\n\t\t\t\t<figcaption class='wp-caption-text gallery-caption' id='gallery-1-308'>\n\t\t\t\tSonntag: der Garten von MeiChu (Foto Ute Au\u00dfem)\n\t\t\t\t<\/figcaption><\/figure><figure class='gallery-item'>\n\t\t\t<div class='gallery-icon landscape'>\n\t\t\t\t<a href='https:\/\/bambus-deutschland.de\/wp-content\/uploads\/2016\/12\/P1030166-Mei-Chu.jpg' title=\"Sonntag: der Garten von MeiChu (Foto Friedrich Stadelmeier)\" data-rl_title=\"Sonntag: der Garten von MeiChu (Foto Friedrich Stadelmeier)\" class=\"rl-gallery-link\" data-rl_caption=\"\" data-rel=\"lightbox-gallery-1\"><img loading=\"lazy\" decoding=\"async\" width=\"150\" height=\"150\" src=\"https:\/\/bambus-deutschland.de\/wp-content\/uploads\/2016\/12\/P1030166-Mei-Chu-150x150.jpg\" class=\"attachment-thumbnail size-thumbnail\" alt=\"\" aria-describedby=\"gallery-1-309\" \/><\/a>\n\t\t\t<\/div>\n\t\t\t\t<figcaption class='wp-caption-text gallery-caption' id='gallery-1-309'>\n\t\t\t\tSonntag: der Garten von MeiChu (Foto Friedrich Stadelmeier)\n\t\t\t\t<\/figcaption><\/figure><figure class='gallery-item'>\n\t\t\t<div class='gallery-icon landscape'>\n\t\t\t\t<a href='https:\/\/bambus-deutschland.de\/wp-content\/uploads\/2016\/12\/P1030202.jpg' title=\"Sonntag: der Garten von MeiChu (Foto Ute Au\u00dfem)\" data-rl_title=\"Sonntag: der Garten von MeiChu (Foto Ute Au\u00dfem)\" class=\"rl-gallery-link\" data-rl_caption=\"\" data-rel=\"lightbox-gallery-1\"><img loading=\"lazy\" decoding=\"async\" width=\"150\" height=\"150\" src=\"https:\/\/bambus-deutschland.de\/wp-content\/uploads\/2016\/12\/P1030202-150x150.jpg\" class=\"attachment-thumbnail size-thumbnail\" alt=\"\" aria-describedby=\"gallery-1-310\" \/><\/a>\n\t\t\t<\/div>\n\t\t\t\t<figcaption class='wp-caption-text gallery-caption' id='gallery-1-310'>\n\t\t\t\tSonntag: der Garten von MeiChu (Foto Ute Au\u00dfem)\n\t\t\t\t<\/figcaption><\/figure><figure class='gallery-item'>\n\t\t\t<div class='gallery-icon landscape'>\n\t\t\t\t<a href='https:\/\/bambus-deutschland.de\/wp-content\/uploads\/2016\/12\/P1030210.jpg' title=\"Sonntag: der Garten von MeiChu (Foto Ute Au\u00dfem)\" data-rl_title=\"Sonntag: der Garten von MeiChu (Foto Ute Au\u00dfem)\" class=\"rl-gallery-link\" data-rl_caption=\"\" data-rel=\"lightbox-gallery-1\"><img loading=\"lazy\" decoding=\"async\" width=\"150\" height=\"150\" src=\"https:\/\/bambus-deutschland.de\/wp-content\/uploads\/2016\/12\/P1030210-150x150.jpg\" class=\"attachment-thumbnail size-thumbnail\" alt=\"\" aria-describedby=\"gallery-1-312\" \/><\/a>\n\t\t\t<\/div>\n\t\t\t\t<figcaption class='wp-caption-text gallery-caption' id='gallery-1-312'>\n\t\t\t\tSonntag: der Garten von MeiChu (Foto Ute Au\u00dfem)\n\t\t\t\t<\/figcaption><\/figure><figure class='gallery-item'>\n\t\t\t<div class='gallery-icon landscape'>\n\t\t\t\t<a href='https:\/\/bambus-deutschland.de\/wp-content\/uploads\/2016\/12\/P1030208.jpg' title=\"Sonntag: der Garten von MeiChu (Foto Ute Au\u00dfem)\" data-rl_title=\"Sonntag: der Garten von MeiChu (Foto Ute Au\u00dfem)\" class=\"rl-gallery-link\" data-rl_caption=\"\" data-rel=\"lightbox-gallery-1\"><img loading=\"lazy\" decoding=\"async\" width=\"150\" height=\"150\" src=\"https:\/\/bambus-deutschland.de\/wp-content\/uploads\/2016\/12\/P1030208-150x150.jpg\" class=\"attachment-thumbnail size-thumbnail\" alt=\"\" aria-describedby=\"gallery-1-311\" \/><\/a>\n\t\t\t<\/div>\n\t\t\t\t<figcaption class='wp-caption-text gallery-caption' id='gallery-1-311'>\n\t\t\t\tSonntag: der Garten von MeiChu (Foto Ute Au\u00dfem)\n\t\t\t\t<\/figcaption><\/figure><figure class='gallery-item'>\n\t\t\t<div class='gallery-icon landscape'>\n\t\t\t\t<a href='https:\/\/bambus-deutschland.de\/wp-content\/uploads\/2016\/12\/P1030211.jpg' title=\"Bei Hans Prins begr\u00fc\u00dft uns die PijpersGilde (Foto Ute Au\u00dfem)\" data-rl_title=\"Bei Hans Prins begr\u00fc\u00dft uns die PijpersGilde (Foto Ute Au\u00dfem)\" class=\"rl-gallery-link\" data-rl_caption=\"\" data-rel=\"lightbox-gallery-1\"><img loading=\"lazy\" decoding=\"async\" width=\"150\" height=\"150\" src=\"https:\/\/bambus-deutschland.de\/wp-content\/uploads\/2016\/12\/P1030211-150x150.jpg\" class=\"attachment-thumbnail size-thumbnail\" alt=\"\" aria-describedby=\"gallery-1-313\" \/><\/a>\n\t\t\t<\/div>\n\t\t\t\t<figcaption class='wp-caption-text gallery-caption' id='gallery-1-313'>\n\t\t\t\tBei Hans Prins begr\u00fc\u00dft uns die PijpersGilde (Foto Ute Au\u00dfem)\n\t\t\t\t<\/figcaption><\/figure><figure class='gallery-item'>\n\t\t\t<div class='gallery-icon landscape'>\n\t\t\t\t<a href='https:\/\/bambus-deutschland.de\/wp-content\/uploads\/2016\/12\/P1030217.jpg' title=\"Bambus-Kunst von Rob Komala - Sumi-e (Foto Ute Au\u00dfem)\" data-rl_title=\"Bambus-Kunst von Rob Komala - Sumi-e (Foto Ute Au\u00dfem)\" class=\"rl-gallery-link\" data-rl_caption=\"\" data-rel=\"lightbox-gallery-1\"><img loading=\"lazy\" decoding=\"async\" width=\"150\" height=\"150\" src=\"https:\/\/bambus-deutschland.de\/wp-content\/uploads\/2016\/12\/P1030217-150x150.jpg\" class=\"attachment-thumbnail size-thumbnail\" alt=\"\" aria-describedby=\"gallery-1-314\" \/><\/a>\n\t\t\t<\/div>\n\t\t\t\t<figcaption class='wp-caption-text gallery-caption' id='gallery-1-314'>\n\t\t\t\tBambus-Kunst von Rob Komala &#8211; Sumi-e (Foto Ute Au\u00dfem)\n\t\t\t\t<\/figcaption><\/figure><figure class='gallery-item'>\n\t\t\t<div class='gallery-icon landscape'>\n\t\t\t\t<a href='https:\/\/bambus-deutschland.de\/wp-content\/uploads\/2016\/12\/P1030239.jpg' title=\"Hans Prins (rechts) f\u00fchrt uns durch den Bambusgarten (Foto Ute Au\u00dfem)\" data-rl_title=\"Hans Prins (rechts) f\u00fchrt uns durch den Bambusgarten (Foto Ute Au\u00dfem)\" class=\"rl-gallery-link\" data-rl_caption=\"\" data-rel=\"lightbox-gallery-1\"><img loading=\"lazy\" decoding=\"async\" width=\"150\" height=\"150\" src=\"https:\/\/bambus-deutschland.de\/wp-content\/uploads\/2016\/12\/P1030239-150x150.jpg\" class=\"attachment-thumbnail size-thumbnail\" alt=\"\" aria-describedby=\"gallery-1-315\" \/><\/a>\n\t\t\t<\/div>\n\t\t\t\t<figcaption class='wp-caption-text gallery-caption' id='gallery-1-315'>\n\t\t\t\tHans Prins (rechts) f\u00fchrt uns durch den Bambusgarten (Foto Ute Au\u00dfem)\n\t\t\t\t<\/figcaption><\/figure><figure class='gallery-item'>\n\t\t\t<div class='gallery-icon portrait'>\n\t\t\t\t<a href='https:\/\/bambus-deutschland.de\/wp-content\/uploads\/2016\/12\/P1030225.jpg' title=\"Phyllostachys glauca &#039;Yunzhu&#039; (Foto Ute Au\u00dfem)\" data-rl_title=\"Phyllostachys glauca &#039;Yunzhu&#039; (Foto Ute Au\u00dfem)\" class=\"rl-gallery-link\" data-rl_caption=\"\" data-rel=\"lightbox-gallery-1\"><img loading=\"lazy\" decoding=\"async\" width=\"150\" height=\"150\" src=\"https:\/\/bambus-deutschland.de\/wp-content\/uploads\/2016\/12\/P1030225-150x150.jpg\" class=\"attachment-thumbnail size-thumbnail\" alt=\"\" aria-describedby=\"gallery-1-316\" \/><\/a>\n\t\t\t<\/div>\n\t\t\t\t<figcaption class='wp-caption-text gallery-caption' id='gallery-1-316'>\n\t\t\t\tPhyllostachys glauca &#8218;Yunzhu&#8216; (Foto Ute Au\u00dfem)\n\t\t\t\t<\/figcaption><\/figure>\n\t\t<\/div>\n\n","protected":false},"excerpt":{"rendered":"<p>Die EBS Niederlande hatte in diesem Jahr unter dem Motto \u201eSee what the Dutch do with Bamboo\u201c zum EuroMeeting eingeladen. Freitag, 17. August 2012: Gartenbesichtigung bei Jos van der Palen in Kimmei Workshop bamboo building mit\u00a0 Antoon Versteegte Gef\u00fchrte Besichtigung im Bambusgarten von Ben Jacobs, Vorsitzender der EBSNiederlande Samstag, 18. August 2012: Vortrag Dr. Coosje &hellip; <a href=\"https:\/\/bambus-deutschland.de\/index.php\/beispiel-seite\/weitere-bambus-organisationen\/ebs-euromeeting-am-18-und-19-august-2012-in-den-niederlanden\/\" class=\"more-link\"><span class=\"screen-reader-text\">Europ\u00e4isches Treffen der EBS vom 17. bis 19. August 2012 in den Niederlanden<\/span> weiterlesen <span class=\"meta-nav\">&rarr;<\/span><\/a><\/p>\n","protected":false},"author":6,"featured_media":0,"parent":275,"menu_order":0,"comment_status":"closed","ping_status":"closed","template":"","meta":{"iawp_total_views":12,"footnotes":""},"class_list":["post-297","page","type-page","status-publish","hentry"],"_links":{"self":[{"href":"https:\/\/bambus-deutschland.de\/index.php\/wp-json\/wp\/v2\/pages\/297","targetHints":{"allow":["GET"]}}],"collection":[{"href":"https:\/\/bambus-deutschland.de\/index.php\/wp-json\/wp\/v2\/pages"}],"about":[{"href":"https:\/\/bambus-deutschland.de\/index.php\/wp-json\/wp\/v2\/types\/page"}],"author":[{"embeddable":true,"href":"https:\/\/bambus-deutschland.de\/index.php\/wp-json\/wp\/v2\/users\/6"}],"replies":[{"embeddable":true,"href":"https:\/\/bambus-deutschland.de\/index.php\/wp-json\/wp\/v2\/comments?post=297"}],"version-history":[{"count":13,"href":"https:\/\/bambus-deutschland.de\/index.php\/wp-json\/wp\/v2\/pages\/297\/revisions"}],"predecessor-version":[{"id":755,"href":"https:\/\/bambus-deutschland.de\/index.php\/wp-json\/wp\/v2\/pages\/297\/revisions\/755"}],"up":[{"embeddable":true,"href":"https:\/\/bambus-deutschland.de\/index.php\/wp-json\/wp\/v2\/pages\/275"}],"wp:attachment":[{"href":"https:\/\/bambus-deutschland.de\/index.php\/wp-json\/wp\/v2\/media?parent=297"}],"curies":[{"name":"wp","href":"https:\/\/api.w.org\/{rel}","templated":true}]}}