{"id":3018,"date":"2020-09-04T22:19:20","date_gmt":"2020-09-04T20:19:20","guid":{"rendered":"https:\/\/bambus-deutschland.de\/?page_id=3018"},"modified":"2020-10-08T19:07:50","modified_gmt":"2020-10-08T17:07:50","slug":"chusquea-culeou","status":"publish","type":"page","link":"https:\/\/bambus-deutschland.de\/index.php\/arten-und-sorten\/chusquea\/chusquea-culeou\/","title":{"rendered":"Chusquea culeou"},"content":{"rendered":"<h5><em>Chusquea culeou<\/em><\/h5>\n<div><strong>H\u00f6he:<\/strong> Meist 2-3 m (einige Formen auch h\u00f6her) und etwa 2 cm Durchmesser.<br \/>\n<strong>Halme:<\/strong> Halm dunkelgr\u00fcn, in der Sonne auch rotbraun verf\u00e4rbend.<br \/>\n<strong>Bl\u00e4tter<\/strong>: Bl\u00e4tter oft auffallend klein und relativ fest.<br \/>\n<strong>Halmscheiden:<\/strong> Halmscheiden etwa 1 Jahr anhaftend und nach dem Abtrocknen fast weiss.<br \/>\n<strong>Wuchs:<\/strong> Pachymorph (horstig), aufgrund relativ langer Rhizomh\u00e4lse aber oft breiter als z.B. viele <em>Fargesia<\/em>. Halme sehr aufrecht, kurze und gleichlange Seitenzweige.<br \/>\n<strong>Winterh\u00e4rte:<\/strong> Etwa -15\u00b0 bis \u2013 18 \u00b0C. Noch relativ wenige Erfahrungen in Deutschland. Etwa 3-4 \u00b0C h\u00e4rter als die nahe verwandte Art <em>Chusquea gigantea<\/em> .<br \/>\n<strong>Standort:<\/strong> Sonniger bis halbschattiger Standort. Habitus stark von den Lichtverh\u00e4ltnissen abh\u00e4ngig.<br \/>\n<strong>Verwendung:<\/strong> Einzelstellung als Solit\u00e4r.\u00a0 F\u00fcr dauerhafte Topfkultur aufgrund der tiefen Rhizome und der begrenzten Winterh\u00e4rte ungeeignet.<br \/>\n<strong>Herkunft:<\/strong> S\u00fcdamerika (Chile, Argentinien), sehr gro\u00dfes Verbreitungsgebiet. Mehrfach v.a. \u00fcber Saatgut teilweise \u00fcber den Umweg USA und UK eingef\u00fchrt.<\/div>\n<div><strong>Bemerkungen: <\/strong><em>Chusquea culeou <\/em>ist eine morphologisch sehr variable Art, die von Meeresniveau bis in subalpine Zonen vorkommt. Das Verbreitungsgebiet ist riesig, so dass es eine Vielzahl von Populationen und Formen gibt. Noch ist nicht vollst\u00e4ndig klar, ob einige davon den Status einer eigenen Art verdienen.<\/div>\n<p><strong>Bl\u00fcte:<\/strong> 2018 vereinzelte Bl\u00fchmeldungen.<\/p>\n<div><\/div>\n<div id='gallery-1' class='gallery galleryid-3018 gallery-columns-3 gallery-size-thumbnail'><figure class='gallery-item'>\n\t\t\t<div class='gallery-icon portrait'>\n\t\t\t\t<a href='https:\/\/bambus-deutschland.de\/wp-content\/uploads\/2020\/09\/Chusquea-culeou-P1350359-scaled.jpg' title=\"Chusquea culeou gro\u00dfe Halmabst\u00e4nde und lockeres Wuchsverhalten (Foto: Ute Au\u00dfem)\" data-rl_title=\"Chusquea culeou gro\u00dfe Halmabst\u00e4nde und lockeres Wuchsverhalten (Foto: Ute Au\u00dfem)\" class=\"rl-gallery-link\" data-rl_caption=\"\" data-rel=\"lightbox-gallery-1\"><img loading=\"lazy\" decoding=\"async\" width=\"150\" height=\"150\" src=\"https:\/\/bambus-deutschland.de\/wp-content\/uploads\/2020\/09\/Chusquea-culeou-P1350359-150x150.jpg\" class=\"attachment-thumbnail size-thumbnail\" alt=\"\" aria-describedby=\"gallery-1-3021\" \/><\/a>\n\t\t\t<\/div>\n\t\t\t\t<figcaption class='wp-caption-text gallery-caption' id='gallery-1-3021'>\n\t\t\t\tChusquea culeou gro\u00dfe Halmabst\u00e4nde und lockeres Wuchsverhalten (Foto: Ute Au\u00dfem)\n\t\t\t\t<\/figcaption><\/figure><figure class='gallery-item'>\n\t\t\t<div class='gallery-icon portrait'>\n\t\t\t\t<a href='https:\/\/bambus-deutschland.de\/wp-content\/uploads\/2020\/09\/Aussem-Ute-Chusquea-culeou-P1280983-scaled.jpg' title=\"Chusquea culeou Halmscheidenbl\u00e4tter (Foto: Ute Au\u00dfem)\" data-rl_title=\"Chusquea culeou Halmscheidenbl\u00e4tter (Foto: Ute Au\u00dfem)\" class=\"rl-gallery-link\" data-rl_caption=\"\" data-rel=\"lightbox-gallery-1\"><img loading=\"lazy\" decoding=\"async\" width=\"150\" height=\"150\" src=\"https:\/\/bambus-deutschland.de\/wp-content\/uploads\/2020\/09\/Aussem-Ute-Chusquea-culeou-P1280983-150x150.jpg\" class=\"attachment-thumbnail size-thumbnail\" alt=\"\" aria-describedby=\"gallery-1-3023\" \/><\/a>\n\t\t\t<\/div>\n\t\t\t\t<figcaption class='wp-caption-text gallery-caption' id='gallery-1-3023'>\n\t\t\t\tChusquea culeou Halmscheidenbl\u00e4tter (Foto: Ute Au\u00dfem)\n\t\t\t\t<\/figcaption><\/figure><figure class='gallery-item'>\n\t\t\t<div class='gallery-icon portrait'>\n\t\t\t\t<a href='https:\/\/bambus-deutschland.de\/wp-content\/uploads\/2020\/09\/Chusquea-culeou-P1310906-scaled.jpg' title=\"Chusquea culeou Seitenzweige erscheinen (Foto: Ute Au\u00dfem)\" data-rl_title=\"Chusquea culeou Seitenzweige erscheinen (Foto: Ute Au\u00dfem)\" class=\"rl-gallery-link\" data-rl_caption=\"\" data-rel=\"lightbox-gallery-1\"><img loading=\"lazy\" decoding=\"async\" width=\"150\" height=\"150\" src=\"https:\/\/bambus-deutschland.de\/wp-content\/uploads\/2020\/09\/Chusquea-culeou-P1310906-150x150.jpg\" class=\"attachment-thumbnail size-thumbnail\" alt=\"\" aria-describedby=\"gallery-1-3022\" \/><\/a>\n\t\t\t<\/div>\n\t\t\t\t<figcaption class='wp-caption-text gallery-caption' id='gallery-1-3022'>\n\t\t\t\tChusquea culeou Seitenzweige erscheinen (Foto: Ute Au\u00dfem)\n\t\t\t\t<\/figcaption><\/figure><figure class='gallery-item'>\n\t\t\t<div class='gallery-icon portrait'>\n\t\t\t\t<a href='https:\/\/bambus-deutschland.de\/wp-content\/uploads\/2020\/09\/culeou-P1280510-scaled.jpg' title=\"Chusquea culeou kr\u00e4ftiger Spross (Foto: Ute Au\u00dfem)\" data-rl_title=\"Chusquea culeou kr\u00e4ftiger Spross (Foto: Ute Au\u00dfem)\" class=\"rl-gallery-link\" data-rl_caption=\"\" data-rel=\"lightbox-gallery-1\"><img loading=\"lazy\" decoding=\"async\" width=\"150\" height=\"150\" src=\"https:\/\/bambus-deutschland.de\/wp-content\/uploads\/2020\/09\/culeou-P1280510-150x150.jpg\" class=\"attachment-thumbnail size-thumbnail\" alt=\"\" aria-describedby=\"gallery-1-3024\" \/><\/a>\n\t\t\t<\/div>\n\t\t\t\t<figcaption class='wp-caption-text gallery-caption' id='gallery-1-3024'>\n\t\t\t\tChusquea culeou kr\u00e4ftiger Spross (Foto: Ute Au\u00dfem)\n\t\t\t\t<\/figcaption><\/figure><figure class='gallery-item'>\n\t\t\t<div class='gallery-icon portrait'>\n\t\t\t\t<a href='https:\/\/bambus-deutschland.de\/wp-content\/uploads\/2020\/09\/Chusquea-culeou-P1250077-scaled.jpg' title=\"Chusquea culeou Spross (Foto: Ute Au\u00dfem)\" data-rl_title=\"Chusquea culeou Spross (Foto: Ute Au\u00dfem)\" class=\"rl-gallery-link\" data-rl_caption=\"\" data-rel=\"lightbox-gallery-1\"><img loading=\"lazy\" decoding=\"async\" width=\"150\" height=\"150\" src=\"https:\/\/bambus-deutschland.de\/wp-content\/uploads\/2020\/09\/Chusquea-culeou-P1250077-150x150.jpg\" class=\"attachment-thumbnail size-thumbnail\" alt=\"\" aria-describedby=\"gallery-1-3026\" \/><\/a>\n\t\t\t<\/div>\n\t\t\t\t<figcaption class='wp-caption-text gallery-caption' id='gallery-1-3026'>\n\t\t\t\tChusquea culeou Spross  (Foto: Ute Au\u00dfem)\n\t\t\t\t<\/figcaption><\/figure><figure class='gallery-item'>\n\t\t\t<div class='gallery-icon landscape'>\n\t\t\t\t<a href='https:\/\/bambus-deutschland.de\/wp-content\/uploads\/2020\/09\/Aussem-Ute-Chusquea-culeou-P1220852-scaled.jpg' title=\"Chusquea culeou (Foto: Ute Au\u00dfem)\" data-rl_title=\"Chusquea culeou (Foto: Ute Au\u00dfem)\" class=\"rl-gallery-link\" data-rl_caption=\"\" data-rel=\"lightbox-gallery-1\"><img loading=\"lazy\" decoding=\"async\" width=\"150\" height=\"150\" src=\"https:\/\/bambus-deutschland.de\/wp-content\/uploads\/2020\/09\/Aussem-Ute-Chusquea-culeou-P1220852-150x150.jpg\" class=\"attachment-thumbnail size-thumbnail\" alt=\"\" aria-describedby=\"gallery-1-3027\" \/><\/a>\n\t\t\t<\/div>\n\t\t\t\t<figcaption class='wp-caption-text gallery-caption' id='gallery-1-3027'>\n\t\t\t\tChusquea culeou (Foto: Ute Au\u00dfem)\n\t\t\t\t<\/figcaption><\/figure><figure class='gallery-item'>\n\t\t\t<div class='gallery-icon landscape'>\n\t\t\t\t<a href='https:\/\/bambus-deutschland.de\/wp-content\/uploads\/2020\/09\/Chusquea-culeou-P1250758-scaled.jpg' title=\"Chusquea culeou Halmscheidenblatt (Foto: Ute Au\u00dfem)\" data-rl_title=\"Chusquea culeou Halmscheidenblatt (Foto: Ute Au\u00dfem)\" class=\"rl-gallery-link\" data-rl_caption=\"\" data-rel=\"lightbox-gallery-1\"><img loading=\"lazy\" decoding=\"async\" width=\"150\" height=\"150\" src=\"https:\/\/bambus-deutschland.de\/wp-content\/uploads\/2020\/09\/Chusquea-culeou-P1250758-150x150.jpg\" class=\"attachment-thumbnail size-thumbnail\" alt=\"\" aria-describedby=\"gallery-1-3025\" \/><\/a>\n\t\t\t<\/div>\n\t\t\t\t<figcaption class='wp-caption-text gallery-caption' id='gallery-1-3025'>\n\t\t\t\tChusquea culeou Halmscheidenblatt (Foto: Ute Au\u00dfem)\n\t\t\t\t<\/figcaption><\/figure><figure class='gallery-item'>\n\t\t\t<div class='gallery-icon landscape'>\n\t\t\t\t<a href='https:\/\/bambus-deutschland.de\/wp-content\/uploads\/2019\/01\/Weiffen-Nils-Chusquea-culeou-2-IMG_2560.jpg' title=\"Chusquea culeou Bl\u00fcte im Jahr 2018 in Bochum (Foto: Nils Weiffen)\" data-rl_title=\"Chusquea culeou Bl\u00fcte im Jahr 2018 in Bochum (Foto: Nils Weiffen)\" class=\"rl-gallery-link\" data-rl_caption=\"\" data-rel=\"lightbox-gallery-1\"><img loading=\"lazy\" decoding=\"async\" width=\"150\" height=\"150\" src=\"https:\/\/bambus-deutschland.de\/wp-content\/uploads\/2019\/01\/Weiffen-Nils-Chusquea-culeou-2-IMG_2560-150x150.jpg\" class=\"attachment-thumbnail size-thumbnail\" alt=\"\" aria-describedby=\"gallery-1-2492\" \/><\/a>\n\t\t\t<\/div>\n\t\t\t\t<figcaption class='wp-caption-text gallery-caption' id='gallery-1-2492'>\n\t\t\t\tChusquea culeou Bl\u00fcte im Jahr 2018 in Bochum (Foto: Nils Weiffen)\n\t\t\t\t<\/figcaption><\/figure>\n\t\t<\/div>\n\n<p>&nbsp;<\/p>\n<p>&nbsp;<\/p>\n<hr \/>\n","protected":false},"excerpt":{"rendered":"<p>Chusquea culeou H\u00f6he: Meist 2-3 m (einige Formen auch h\u00f6her) und etwa 2 cm Durchmesser. Halme: Halm dunkelgr\u00fcn, in der Sonne auch rotbraun verf\u00e4rbend. Bl\u00e4tter: Bl\u00e4tter oft auffallend klein und relativ fest. Halmscheiden: Halmscheiden etwa 1 Jahr anhaftend und nach dem Abtrocknen fast weiss. Wuchs: Pachymorph (horstig), aufgrund relativ langer Rhizomh\u00e4lse aber oft breiter als &hellip; <a href=\"https:\/\/bambus-deutschland.de\/index.php\/arten-und-sorten\/chusquea\/chusquea-culeou\/\" class=\"more-link\"><span class=\"screen-reader-text\">Chusquea culeou<\/span> weiterlesen <span class=\"meta-nav\">&rarr;<\/span><\/a><\/p>\n","protected":false},"author":6,"featured_media":0,"parent":2892,"menu_order":0,"comment_status":"closed","ping_status":"closed","template":"","meta":{"iawp_total_views":270,"footnotes":""},"class_list":["post-3018","page","type-page","status-publish","hentry"],"_links":{"self":[{"href":"https:\/\/bambus-deutschland.de\/index.php\/wp-json\/wp\/v2\/pages\/3018","targetHints":{"allow":["GET"]}}],"collection":[{"href":"https:\/\/bambus-deutschland.de\/index.php\/wp-json\/wp\/v2\/pages"}],"about":[{"href":"https:\/\/bambus-deutschland.de\/index.php\/wp-json\/wp\/v2\/types\/page"}],"author":[{"embeddable":true,"href":"https:\/\/bambus-deutschland.de\/index.php\/wp-json\/wp\/v2\/users\/6"}],"replies":[{"embeddable":true,"href":"https:\/\/bambus-deutschland.de\/index.php\/wp-json\/wp\/v2\/comments?post=3018"}],"version-history":[{"count":8,"href":"https:\/\/bambus-deutschland.de\/index.php\/wp-json\/wp\/v2\/pages\/3018\/revisions"}],"predecessor-version":[{"id":3449,"href":"https:\/\/bambus-deutschland.de\/index.php\/wp-json\/wp\/v2\/pages\/3018\/revisions\/3449"}],"up":[{"embeddable":true,"href":"https:\/\/bambus-deutschland.de\/index.php\/wp-json\/wp\/v2\/pages\/2892"}],"wp:attachment":[{"href":"https:\/\/bambus-deutschland.de\/index.php\/wp-json\/wp\/v2\/media?parent=3018"}],"curies":[{"name":"wp","href":"https:\/\/api.w.org\/{rel}","templated":true}]}}