{"id":3034,"date":"2020-09-05T22:10:39","date_gmt":"2020-09-05T20:10:39","guid":{"rendered":"https:\/\/bambus-deutschland.de\/?page_id=3034"},"modified":"2022-07-01T15:54:36","modified_gmt":"2022-07-01T13:54:36","slug":"fargesia-angustissima","status":"publish","type":"page","link":"https:\/\/bambus-deutschland.de\/index.php\/arten-und-sorten\/fargesia\/fargesia-angustissima\/","title":{"rendered":"Fargesia angustissima"},"content":{"rendered":"<h5><em>Fargesia angustissima<br \/>\n<\/em><\/h5>\n<p><a href=\"https:\/\/bambus-deutschland.de\/index.php\/beispiel-seite\/bambus-des-jahres\/bambus-des-jahres-portraits\/fargesia-angustissima-bambus-des-jahres-2020\/\"><strong>Bambus des Jahres 2020<\/strong><\/a><\/p>\n<div><strong>H\u00f6he:<\/strong> Halme 4-7 Meter hoch; bis 2 cm im Durchmesser.<br \/>\n<strong>Halme:\u00a0<\/strong> Halme im ersten Jahr unterhalb der Nodien deutlich bl\u00e4ulich bemehlt, Internodien etwa 30 cm lang.<br \/>\n<strong>Bl\u00e4tter<\/strong>: Lanzettlich, zart, max. 7 cm lang und 0,8 cm breit, oft auch deutlich kleiner.<br \/>\n<strong>Halmscheiden:<\/strong> Halmscheiden relativ lange anhaftend, aber trotz des sp\u00e4ten Austriebs meist im ersten Jahr abfallend, an der Basis des Horstes auch l\u00e4nger anhaftend.<br \/>\n<strong>Wuchs:<\/strong> Halme im ersten Jahr aufrecht, \u00e4ltere Halme mit \u00fcppiger Blattmasse etwas \u00fcberh\u00e4ngend, sehr kurze Rhizomh\u00e4lse (1-3 cm) daher sehr dichter Wuchs (horstig, keine Rhizomsperre). An der Basis geringer Platzbedarf, \u00e4ltere Pflanzen mit hohen Halmen beanspruchen aber mehrere m<sup>2<\/sup> Fl\u00e4che.<br \/>\n<strong>Winterh\u00e4rte:<\/strong> Die Herkunft l\u00e4sst eine geringe Winterh\u00e4rte vermuten, an manchen Standorten schon bei -8\u00b0C Blattsch\u00e4den an anderem Standort bei -13\u00b0C keine Sch\u00e4den. Bei -16\u00b0C oberirdischer Totalverlust, die Pflanze kann aber gut aus dem Rhizom regenerieren.<br \/>\n<strong>Standort:<\/strong> Kommt besonders gut als Solit\u00e4r zur Geltung. Vertr\u00e4gt gut sonnige und halbschattige Standorte. Wegen der begrenzten Winterh\u00e4rte gesch\u00fctzt pflanzen.<br \/>\n<strong>Verwendung:<\/strong> <em>Fargesia angustissima<\/em> eignet sich bei gesch\u00fctzter \u00dcberwinterung sehr gut als K\u00fcbelpflanze. Sie w\u00e4chst problemlos im Topf und ist dabei sehr dekorativ.<br \/>\n<strong>Herkunft:<\/strong> China, Sichuan bis 1600 \u00fcNN. Eingef\u00fchrt in die USA aus Wolong, Sichuan durch J. Waddick 1989, von dort sp\u00e4ter auch nach Europa. 1997 gab es eine unabh\u00e4ngige Einfuhr zweier leicht unterschiedlicher Pflanzen aus China durch Jos van der Palen und Hans Prins.<\/div>\n<p><strong>Bemerkungen: <\/strong>Synonyme: nach Demoly <em>Yushania ferax ssp. angustissima<\/em> -, nach Stapleton <em>Borinda angustissima. <\/em>Der Name kommt vom lateinischen &#8222;angustus&#8220;, was soviel wie eng oder schmal hei\u00dft. Es ist aber nicht ganz klar, ob damit die Bl\u00e4tter oder der geringe Halmabstand gemeint sind. Die Pflanze ist \u00fcberwiegend aus Mikrovermehrung im Handel, allerdings konnte mehrfach kein Unterschied zu handgeteilten Pflanzen &#8211; weder in der Winterh\u00e4rte noch im Wuchsverhalten &#8211; festgestellt werden.<\/p>\n<div><\/div>\n<div id='gallery-1' class='gallery galleryid-3034 gallery-columns-3 gallery-size-thumbnail'><figure class='gallery-item'>\n\t\t\t<div class='gallery-icon portrait'>\n\t\t\t\t<a href='https:\/\/bambus-deutschland.de\/wp-content\/uploads\/2020\/09\/Aussem-Fargesia-angustissima-als-Kuebelpflanze-scaled.jpg' title=\"Fargesia angustissima als K\u00fcbelpflanze (Foto: Ute Au\u00dfem)\" data-rl_title=\"Fargesia angustissima als K\u00fcbelpflanze (Foto: Ute Au\u00dfem)\" class=\"rl-gallery-link\" data-rl_caption=\"\" data-rel=\"lightbox-gallery-1\"><img loading=\"lazy\" decoding=\"async\" width=\"150\" height=\"150\" src=\"https:\/\/bambus-deutschland.de\/wp-content\/uploads\/2020\/09\/Aussem-Fargesia-angustissima-als-Kuebelpflanze-150x150.jpg\" class=\"attachment-thumbnail size-thumbnail\" alt=\"\" aria-describedby=\"gallery-1-3041\" \/><\/a>\n\t\t\t<\/div>\n\t\t\t\t<figcaption class='wp-caption-text gallery-caption' id='gallery-1-3041'>\n\t\t\t\tFargesia angustissima als K\u00fcbelpflanze (Foto: Ute Au\u00dfem)\n\t\t\t\t<\/figcaption><\/figure><figure class='gallery-item'>\n\t\t\t<div class='gallery-icon portrait'>\n\t\t\t\t<a href='https:\/\/bambus-deutschland.de\/wp-content\/uploads\/2020\/09\/Aussem-Ute-Fargesia-angustissima-P1330947-scaled.jpg' title=\"Fargesia angustissima Halmscheidenbl\u00e4tter (Foto: Ute Au\u00dfem)\" data-rl_title=\"Fargesia angustissima Halmscheidenbl\u00e4tter (Foto: Ute Au\u00dfem)\" class=\"rl-gallery-link\" data-rl_caption=\"\" data-rel=\"lightbox-gallery-1\"><img loading=\"lazy\" decoding=\"async\" width=\"150\" height=\"150\" src=\"https:\/\/bambus-deutschland.de\/wp-content\/uploads\/2020\/09\/Aussem-Ute-Fargesia-angustissima-P1330947-150x150.jpg\" class=\"attachment-thumbnail size-thumbnail\" alt=\"\" aria-describedby=\"gallery-1-3039\" \/><\/a>\n\t\t\t<\/div>\n\t\t\t\t<figcaption class='wp-caption-text gallery-caption' id='gallery-1-3039'>\n\t\t\t\tFargesia angustissima Halmscheidenbl\u00e4tter (Foto: Ute Au\u00dfem)\n\t\t\t\t<\/figcaption><\/figure><figure class='gallery-item'>\n\t\t\t<div class='gallery-icon portrait'>\n\t\t\t\t<a href='https:\/\/bambus-deutschland.de\/wp-content\/uploads\/2020\/09\/Aussem-Ute-Fargesia-angustissima-P1330955-scaled.jpg' title=\"Fargesia angustissima Halmscheidenblatt (Foto: Ute Au\u00dfem)\" data-rl_title=\"Fargesia angustissima Halmscheidenblatt (Foto: Ute Au\u00dfem)\" class=\"rl-gallery-link\" data-rl_caption=\"\" data-rel=\"lightbox-gallery-1\"><img loading=\"lazy\" decoding=\"async\" width=\"150\" height=\"150\" src=\"https:\/\/bambus-deutschland.de\/wp-content\/uploads\/2020\/09\/Aussem-Ute-Fargesia-angustissima-P1330955-150x150.jpg\" class=\"attachment-thumbnail size-thumbnail\" alt=\"\" aria-describedby=\"gallery-1-3038\" \/><\/a>\n\t\t\t<\/div>\n\t\t\t\t<figcaption class='wp-caption-text gallery-caption' id='gallery-1-3038'>\n\t\t\t\tFargesia angustissima Halmscheidenblatt (Foto: Ute Au\u00dfem)\n\t\t\t\t<\/figcaption><\/figure><figure class='gallery-item'>\n\t\t\t<div class='gallery-icon portrait'>\n\t\t\t\t<a href='https:\/\/bambus-deutschland.de\/wp-content\/uploads\/2017\/01\/28_8_08-001.jpg' title=\"Fargesia angustissima mit etwa 4,5 m H\u00f6he im Botanischen Garten Heidelberg 2008 (Foto Steffen Greiner)\" data-rl_title=\"Fargesia angustissima mit etwa 4,5 m H\u00f6he im Botanischen Garten Heidelberg 2008 (Foto Steffen Greiner)\" class=\"rl-gallery-link\" data-rl_caption=\"\" data-rel=\"lightbox-gallery-1\"><img loading=\"lazy\" decoding=\"async\" width=\"150\" height=\"150\" src=\"https:\/\/bambus-deutschland.de\/wp-content\/uploads\/2017\/01\/28_8_08-001-150x150.jpg\" class=\"attachment-thumbnail size-thumbnail\" alt=\"\" aria-describedby=\"gallery-1-898\" \/><\/a>\n\t\t\t<\/div>\n\t\t\t\t<figcaption class='wp-caption-text gallery-caption' id='gallery-1-898'>\n\t\t\t\tFargesia angustissima mit etwa 4,5 m H\u00f6he im Botanischen Garten Heidelberg 2008 (Foto Steffen Greiner)\n\t\t\t\t<\/figcaption><\/figure><figure class='gallery-item'>\n\t\t\t<div class='gallery-icon portrait'>\n\t\t\t\t<a href='https:\/\/bambus-deutschland.de\/wp-content\/uploads\/2019\/10\/Abbildung-3-Juergen-Schmitz-2.jpg' title=\"Fargesia angustissima (Foto: J\u00fcrgen Schmitz)\" data-rl_title=\"Fargesia angustissima (Foto: J\u00fcrgen Schmitz)\" class=\"rl-gallery-link\" data-rl_caption=\"\" data-rel=\"lightbox-gallery-1\"><img loading=\"lazy\" decoding=\"async\" width=\"150\" height=\"150\" src=\"https:\/\/bambus-deutschland.de\/wp-content\/uploads\/2019\/10\/Abbildung-3-Juergen-Schmitz-2-150x150.jpg\" class=\"attachment-thumbnail size-thumbnail\" alt=\"\" aria-describedby=\"gallery-1-2717\" srcset=\"https:\/\/bambus-deutschland.de\/wp-content\/uploads\/2019\/10\/Abbildung-3-Juergen-Schmitz-2-150x150.jpg 150w, https:\/\/bambus-deutschland.de\/wp-content\/uploads\/2019\/10\/Abbildung-3-Juergen-Schmitz-2-300x300.jpg 300w, https:\/\/bambus-deutschland.de\/wp-content\/uploads\/2019\/10\/Abbildung-3-Juergen-Schmitz-2-768x769.jpg 768w, https:\/\/bambus-deutschland.de\/wp-content\/uploads\/2019\/10\/Abbildung-3-Juergen-Schmitz-2-1024x1024.jpg 1024w\" sizes=\"auto, (max-width: 150px) 100vw, 150px\" \/><\/a>\n\t\t\t<\/div>\n\t\t\t\t<figcaption class='wp-caption-text gallery-caption' id='gallery-1-2717'>\n\t\t\t\tFargesia angustissima (Foto: J\u00fcrgen Schmitz)\n\t\t\t\t<\/figcaption><\/figure><figure class='gallery-item'>\n\t\t\t<div class='gallery-icon landscape'>\n\t\t\t\t<a href='https:\/\/bambus-deutschland.de\/wp-content\/uploads\/2020\/09\/Aussem-Ute-Fargesia-angustissima-Laub-P1330907-scaled.jpg' title=\"Fargesia angustissima Laub (Foto: Ute Au\u00dfem)\" data-rl_title=\"Fargesia angustissima Laub (Foto: Ute Au\u00dfem)\" class=\"rl-gallery-link\" data-rl_caption=\"\" data-rel=\"lightbox-gallery-1\"><img loading=\"lazy\" decoding=\"async\" width=\"150\" height=\"150\" src=\"https:\/\/bambus-deutschland.de\/wp-content\/uploads\/2020\/09\/Aussem-Ute-Fargesia-angustissima-Laub-P1330907-150x150.jpg\" class=\"attachment-thumbnail size-thumbnail\" alt=\"\" aria-describedby=\"gallery-1-3040\" \/><\/a>\n\t\t\t<\/div>\n\t\t\t\t<figcaption class='wp-caption-text gallery-caption' id='gallery-1-3040'>\n\t\t\t\tFargesia angustissima Laub (Foto: Ute Au\u00dfem)\n\t\t\t\t<\/figcaption><\/figure>\n\t\t<\/div>\n\n<p>&nbsp;<\/p>\n<p>&nbsp;<\/p>\n<hr \/>\n","protected":false},"excerpt":{"rendered":"<p>Fargesia angustissima Bambus des Jahres 2020 H\u00f6he: Halme 4-7 Meter hoch; bis 2 cm im Durchmesser. Halme:\u00a0 Halme im ersten Jahr unterhalb der Nodien deutlich bl\u00e4ulich bemehlt, Internodien etwa 30 cm lang. Bl\u00e4tter: Lanzettlich, zart, max. 7 cm lang und 0,8 cm breit, oft auch deutlich kleiner. Halmscheiden: Halmscheiden relativ lange anhaftend, aber trotz des &hellip; <a href=\"https:\/\/bambus-deutschland.de\/index.php\/arten-und-sorten\/fargesia\/fargesia-angustissima\/\" class=\"more-link\"><span class=\"screen-reader-text\">Fargesia angustissima<\/span> weiterlesen <span class=\"meta-nav\">&rarr;<\/span><\/a><\/p>\n","protected":false},"author":6,"featured_media":0,"parent":2896,"menu_order":0,"comment_status":"closed","ping_status":"closed","template":"","meta":{"iawp_total_views":726,"footnotes":""},"class_list":["post-3034","page","type-page","status-publish","hentry"],"_links":{"self":[{"href":"https:\/\/bambus-deutschland.de\/index.php\/wp-json\/wp\/v2\/pages\/3034","targetHints":{"allow":["GET"]}}],"collection":[{"href":"https:\/\/bambus-deutschland.de\/index.php\/wp-json\/wp\/v2\/pages"}],"about":[{"href":"https:\/\/bambus-deutschland.de\/index.php\/wp-json\/wp\/v2\/types\/page"}],"author":[{"embeddable":true,"href":"https:\/\/bambus-deutschland.de\/index.php\/wp-json\/wp\/v2\/users\/6"}],"replies":[{"embeddable":true,"href":"https:\/\/bambus-deutschland.de\/index.php\/wp-json\/wp\/v2\/comments?post=3034"}],"version-history":[{"count":7,"href":"https:\/\/bambus-deutschland.de\/index.php\/wp-json\/wp\/v2\/pages\/3034\/revisions"}],"predecessor-version":[{"id":4105,"href":"https:\/\/bambus-deutschland.de\/index.php\/wp-json\/wp\/v2\/pages\/3034\/revisions\/4105"}],"up":[{"embeddable":true,"href":"https:\/\/bambus-deutschland.de\/index.php\/wp-json\/wp\/v2\/pages\/2896"}],"wp:attachment":[{"href":"https:\/\/bambus-deutschland.de\/index.php\/wp-json\/wp\/v2\/media?parent=3034"}],"curies":[{"name":"wp","href":"https:\/\/api.w.org\/{rel}","templated":true}]}}