{"id":3180,"date":"2020-09-29T22:18:46","date_gmt":"2020-09-29T20:18:46","guid":{"rendered":"https:\/\/bambus-deutschland.de\/?page_id=3180"},"modified":"2020-10-08T19:41:49","modified_gmt":"2020-10-08T17:41:49","slug":"sasa-kurilensis","status":"publish","type":"page","link":"https:\/\/bambus-deutschland.de\/index.php\/arten-und-sorten\/sasa\/sasa-kurilensis\/","title":{"rendered":"Sasa kurilensis"},"content":{"rendered":"<h5><em>Sasa kurilensis<\/em><\/h5>\n<div><strong>H\u00f6he:<\/strong> Bis 2 (3) m (oft niedriger).<br \/>\n<strong>Halme:\u00a0<\/strong> Gr\u00fcn bis gelb, Zweigl\u00e4nge 30 cm, Internodien 12 cm. Aus dem Nodium eines einzelnen Zweiges, fast so dick wie der Halm, entstehen b\u00fcschelweise wachsend gro\u00dfe Bl\u00e4tter bis in die Spitze des d\u00fcnnen Halmes.<br \/>\n<strong>Bl\u00e4tter<\/strong>: Sattgr\u00fcn, gl\u00e4nzend, 22 \u2013 25 cm lang; bis 4 cm breit, Lederartig,<br \/>\n<strong>Halmscheiden:<\/strong> Lange Zeit anhaftend, schwach gr\u00fcn, fast durchscheinend.<br \/>\n<strong>Wuchs:<\/strong> Fl\u00e4chig, Ausl\u00e4ufer<br \/>\n<strong>Winterh\u00e4rte:\u00a0\u00a0 <\/strong>Etwa &#8211; 20\u00b0C<br \/>\n<strong>Standort:<\/strong> Auch schattige bis teilschattigen Standorte werden gut vertragen.<\/div>\n<div><strong>Platzbedarf:<\/strong> Obwohl weniger ausl\u00e4ufertreibend als andere Sorten der <em>Sasa<\/em>-Gattung, ben\u00f6tigt er viel Platz oder eine Rhizomsperre. Die Rhizome bilden Ausl\u00e4ufer, jedoch sind diese nicht rein leptomorph, sondern weisen amphipodiale Merkmale auf, wodurch die Halme in Tuffs stehen.<br \/>\n<strong>Verwendung:<\/strong> Unterpflanzung, Begleitpflanze<br \/>\n<strong>Herkunft:<\/strong> Name abgeleitet und benannt nach seinem Naturstandort, den Kuril Inseln, einer Gruppe russischer Inseln nord\u00f6stlich Japans. Damit d\u00fcrfte dieser Bambus auch die am weitesten nach Norden reichende nat\u00fcrliche Verbreitung haben.<\/div>\n<p><strong>Bemerkungen:\u00a0<\/strong><em>Sasa<\/em> bezeichnet im japanischen kleine Bambusse. Sehr fr\u00fcher Austrieb im zeitigen Fr\u00fchjahr. Die neuen Sprossen vermitteln einen herrlichen Farbeindruck, blasses gr\u00fcn, Zitronengelb und ein tiefes lila.<\/p>\n<div id='gallery-1' class='gallery galleryid-3180 gallery-columns-1 gallery-size-large'><figure class='gallery-item'>\n\t\t\t<div class='gallery-icon landscape'>\n\t\t\t\t<a href='https:\/\/bambus-deutschland.de\/wp-content\/uploads\/2020\/09\/Sasa-kurilensis-P1310865-scaled.jpg' title=\"Sasa kurilensis im Arboretum Bokrijk (Foto: Ute Au\u00dfem)\" data-rl_title=\"Sasa kurilensis im Arboretum Bokrijk (Foto: Ute Au\u00dfem)\" class=\"rl-gallery-link\" data-rl_caption=\"\" data-rel=\"lightbox-gallery-1\"><img loading=\"lazy\" decoding=\"async\" width=\"474\" height=\"326\" src=\"https:\/\/bambus-deutschland.de\/wp-content\/uploads\/2020\/09\/Sasa-kurilensis-P1310865-1024x705.jpg\" class=\"attachment-large size-large\" alt=\"\" aria-describedby=\"gallery-1-3178\" srcset=\"https:\/\/bambus-deutschland.de\/wp-content\/uploads\/2020\/09\/Sasa-kurilensis-P1310865-1024x705.jpg 1024w, https:\/\/bambus-deutschland.de\/wp-content\/uploads\/2020\/09\/Sasa-kurilensis-P1310865-300x207.jpg 300w, https:\/\/bambus-deutschland.de\/wp-content\/uploads\/2020\/09\/Sasa-kurilensis-P1310865-768x529.jpg 768w, https:\/\/bambus-deutschland.de\/wp-content\/uploads\/2020\/09\/Sasa-kurilensis-P1310865-1536x1057.jpg 1536w, https:\/\/bambus-deutschland.de\/wp-content\/uploads\/2020\/09\/Sasa-kurilensis-P1310865-2048x1410.jpg 2048w\" sizes=\"auto, (max-width: 474px) 100vw, 474px\" \/><\/a>\n\t\t\t<\/div>\n\t\t\t\t<figcaption class='wp-caption-text gallery-caption' id='gallery-1-3178'>\n\t\t\t\tSasa kurilensis im Arboretum Bokrijk (Foto: Ute Au\u00dfem)\n\t\t\t\t<\/figcaption><\/figure>\n\t\t<\/div>\n\n<p>&nbsp;<\/p>\n<p>&nbsp;<\/p>\n<hr \/>\n","protected":false},"excerpt":{"rendered":"<p>Sasa kurilensis H\u00f6he: Bis 2 (3) m (oft niedriger). Halme:\u00a0 Gr\u00fcn bis gelb, Zweigl\u00e4nge 30 cm, Internodien 12 cm. Aus dem Nodium eines einzelnen Zweiges, fast so dick wie der Halm, entstehen b\u00fcschelweise wachsend gro\u00dfe Bl\u00e4tter bis in die Spitze des d\u00fcnnen Halmes. Bl\u00e4tter: Sattgr\u00fcn, gl\u00e4nzend, 22 \u2013 25 cm lang; bis 4 cm breit, &hellip; <a href=\"https:\/\/bambus-deutschland.de\/index.php\/arten-und-sorten\/sasa\/sasa-kurilensis\/\" class=\"more-link\"><span class=\"screen-reader-text\">Sasa kurilensis<\/span> weiterlesen <span class=\"meta-nav\">&rarr;<\/span><\/a><\/p>\n","protected":false},"author":6,"featured_media":0,"parent":2904,"menu_order":0,"comment_status":"closed","ping_status":"closed","template":"","meta":{"iawp_total_views":428,"footnotes":""},"class_list":["post-3180","page","type-page","status-publish","hentry"],"_links":{"self":[{"href":"https:\/\/bambus-deutschland.de\/index.php\/wp-json\/wp\/v2\/pages\/3180","targetHints":{"allow":["GET"]}}],"collection":[{"href":"https:\/\/bambus-deutschland.de\/index.php\/wp-json\/wp\/v2\/pages"}],"about":[{"href":"https:\/\/bambus-deutschland.de\/index.php\/wp-json\/wp\/v2\/types\/page"}],"author":[{"embeddable":true,"href":"https:\/\/bambus-deutschland.de\/index.php\/wp-json\/wp\/v2\/users\/6"}],"replies":[{"embeddable":true,"href":"https:\/\/bambus-deutschland.de\/index.php\/wp-json\/wp\/v2\/comments?post=3180"}],"version-history":[{"count":4,"href":"https:\/\/bambus-deutschland.de\/index.php\/wp-json\/wp\/v2\/pages\/3180\/revisions"}],"predecessor-version":[{"id":3462,"href":"https:\/\/bambus-deutschland.de\/index.php\/wp-json\/wp\/v2\/pages\/3180\/revisions\/3462"}],"up":[{"embeddable":true,"href":"https:\/\/bambus-deutschland.de\/index.php\/wp-json\/wp\/v2\/pages\/2904"}],"wp:attachment":[{"href":"https:\/\/bambus-deutschland.de\/index.php\/wp-json\/wp\/v2\/media?parent=3180"}],"curies":[{"name":"wp","href":"https:\/\/api.w.org\/{rel}","templated":true}]}}