{"id":3187,"date":"2020-09-30T22:03:33","date_gmt":"2020-09-30T20:03:33","guid":{"rendered":"https:\/\/bambus-deutschland.de\/?page_id=3187"},"modified":"2020-10-08T19:43:41","modified_gmt":"2020-10-08T17:43:41","slug":"sasa-kurilensis-shimofuri-2","status":"publish","type":"page","link":"https:\/\/bambus-deutschland.de\/index.php\/arten-und-sorten\/sasa\/sasa-kurilensis-shimofuri-2\/","title":{"rendered":"Sasa palmata \u2018Nebulosa\u2019"},"content":{"rendered":"<h5><em>Sasa palmata <\/em>\u2018Nebulosa\u2019<em><br \/>\n<\/em><\/h5>\n<div><strong>H\u00f6he:<\/strong> Bis 3 m.<br \/>\n<strong>Halme:\u00a0<\/strong> 2 cm Durchmesser, im Austrieb gr\u00fcn, sp\u00e4ter zunehmend braune Flecken, \u00e4ltere Halme fast komplett schwarzbraun.<br \/>\n<strong>Bl\u00e4tter<\/strong>: Gro\u00df, bis 35 cm lang und 10 cm breit, dekorative Zeichnung, f\u00fcr die Art typische Anordnung.<br \/>\n<strong>Halmscheiden:<\/strong> Hellbeige, nicht abfallend.<br \/>\n<strong>Wuchs:<\/strong> Fl\u00e4chig, stark, viele und lange Ausl\u00e4ufer.<br \/>\n<strong>Winterh\u00e4rte:\u00a0 <\/strong>Bis -22\u00b0C keine Blattsch\u00e4den.<br \/>\n<strong>Standort: <\/strong>Von Sonne bis Vollschatten einsetzbar.<\/div>\n<div><strong>Platzbedarf:<\/strong> Min. 2m\u00b2<br \/>\n<strong>Verwendung:<\/strong> Ideal am Bachlauf oder Teich, Unterpflanzung unter B\u00e4umen.<br \/>\n<strong>Herkunft:<\/strong> Japan, China, Korea<\/div>\n<p><strong>Bemerkungen:\u00a0<\/strong>Hoher stark w\u00fcchsiger <em>Sasa<\/em>, teilweise tiefe Ausl\u00e4ufer, verlangt aus optischen Gr\u00fcnden im Fr\u00fchjahr einen R\u00fcckschnitt oder gr\u00fcndliches Ausputzen unansehnlicher Zweige. Immer nur ein Zweig pro Knoten.<\/p>\n<div id='gallery-1' class='gallery galleryid-3187 gallery-columns-3 gallery-size-thumbnail'><figure class='gallery-item'>\n\t\t\t<div class='gallery-icon landscape'>\n\t\t\t\t<a href='https:\/\/bambus-deutschland.de\/wp-content\/uploads\/2020\/09\/Sasa-palmata-nebulosa-2-P1220621-scaled.jpg' title=\"Sasa palmata &#039;Nebulosa&#039; frisches Laub (Foto: Ute Au\u00dfem)\" data-rl_title=\"Sasa palmata &#039;Nebulosa&#039; frisches Laub (Foto: Ute Au\u00dfem)\" class=\"rl-gallery-link\" data-rl_caption=\"\" data-rel=\"lightbox-gallery-1\"><img loading=\"lazy\" decoding=\"async\" width=\"150\" height=\"150\" src=\"https:\/\/bambus-deutschland.de\/wp-content\/uploads\/2020\/09\/Sasa-palmata-nebulosa-2-P1220621-150x150.jpg\" class=\"attachment-thumbnail size-thumbnail\" alt=\"\" aria-describedby=\"gallery-1-3193\" \/><\/a>\n\t\t\t<\/div>\n\t\t\t\t<figcaption class='wp-caption-text gallery-caption' id='gallery-1-3193'>\n\t\t\t\tSasa palmata &#8218;Nebulosa&#8216; frisches Laub (Foto: Ute Au\u00dfem)\n\t\t\t\t<\/figcaption><\/figure><figure class='gallery-item'>\n\t\t\t<div class='gallery-icon portrait'>\n\t\t\t\t<a href='https:\/\/bambus-deutschland.de\/wp-content\/uploads\/2020\/09\/nebulosa-P1150490-scaled.jpg' title=\"Sasa palmata &#039;Nebulosa&#039; neuer Austrieb (Foto: Ute Au\u00dfem)\" data-rl_title=\"Sasa palmata &#039;Nebulosa&#039; neuer Austrieb (Foto: Ute Au\u00dfem)\" class=\"rl-gallery-link\" data-rl_caption=\"\" data-rel=\"lightbox-gallery-1\"><img loading=\"lazy\" decoding=\"async\" width=\"150\" height=\"150\" src=\"https:\/\/bambus-deutschland.de\/wp-content\/uploads\/2020\/09\/nebulosa-P1150490-150x150.jpg\" class=\"attachment-thumbnail size-thumbnail\" alt=\"\" aria-describedby=\"gallery-1-3194\" \/><\/a>\n\t\t\t<\/div>\n\t\t\t\t<figcaption class='wp-caption-text gallery-caption' id='gallery-1-3194'>\n\t\t\t\tSasa palmata &#8218;Nebulosa&#8216; neuer Austrieb (Foto: Ute Au\u00dfem)\n\t\t\t\t<\/figcaption><\/figure><figure class='gallery-item'>\n\t\t\t<div class='gallery-icon portrait'>\n\t\t\t\t<a href='https:\/\/bambus-deutschland.de\/wp-content\/uploads\/2020\/09\/Sasa-palmata-Nebulosa-P1340589-scaled.jpg' title=\"Sasa palmata &#039;Nebulosa&#039; auff\u00e4llige Blattzeichnung (Foto: Ute Au\u00dfem)\" data-rl_title=\"Sasa palmata &#039;Nebulosa&#039; auff\u00e4llige Blattzeichnung (Foto: Ute Au\u00dfem)\" class=\"rl-gallery-link\" data-rl_caption=\"\" data-rel=\"lightbox-gallery-1\"><img loading=\"lazy\" decoding=\"async\" width=\"150\" height=\"150\" src=\"https:\/\/bambus-deutschland.de\/wp-content\/uploads\/2020\/09\/Sasa-palmata-Nebulosa-P1340589-150x150.jpg\" class=\"attachment-thumbnail size-thumbnail\" alt=\"\" aria-describedby=\"gallery-1-3195\" \/><\/a>\n\t\t\t<\/div>\n\t\t\t\t<figcaption class='wp-caption-text gallery-caption' id='gallery-1-3195'>\n\t\t\t\tSasa palmata &#8218;Nebulosa&#8216; auff\u00e4llige Blattzeichnung (Foto: Ute Au\u00dfem)\n\t\t\t\t<\/figcaption><\/figure>\n\t\t<\/div>\n\n<p>&nbsp;<\/p>\n<p>&nbsp;<\/p>\n<hr \/>\n","protected":false},"excerpt":{"rendered":"<p>Sasa palmata \u2018Nebulosa\u2019 H\u00f6he: Bis 3 m. Halme:\u00a0 2 cm Durchmesser, im Austrieb gr\u00fcn, sp\u00e4ter zunehmend braune Flecken, \u00e4ltere Halme fast komplett schwarzbraun. Bl\u00e4tter: Gro\u00df, bis 35 cm lang und 10 cm breit, dekorative Zeichnung, f\u00fcr die Art typische Anordnung. Halmscheiden: Hellbeige, nicht abfallend. Wuchs: Fl\u00e4chig, stark, viele und lange Ausl\u00e4ufer. Winterh\u00e4rte:\u00a0 Bis -22\u00b0C keine &hellip; <a href=\"https:\/\/bambus-deutschland.de\/index.php\/arten-und-sorten\/sasa\/sasa-kurilensis-shimofuri-2\/\" class=\"more-link\"><span class=\"screen-reader-text\">Sasa palmata \u2018Nebulosa\u2019<\/span> weiterlesen <span class=\"meta-nav\">&rarr;<\/span><\/a><\/p>\n","protected":false},"author":6,"featured_media":0,"parent":2904,"menu_order":0,"comment_status":"closed","ping_status":"closed","template":"","meta":{"iawp_total_views":142,"footnotes":""},"class_list":["post-3187","page","type-page","status-publish","hentry"],"_links":{"self":[{"href":"https:\/\/bambus-deutschland.de\/index.php\/wp-json\/wp\/v2\/pages\/3187","targetHints":{"allow":["GET"]}}],"collection":[{"href":"https:\/\/bambus-deutschland.de\/index.php\/wp-json\/wp\/v2\/pages"}],"about":[{"href":"https:\/\/bambus-deutschland.de\/index.php\/wp-json\/wp\/v2\/types\/page"}],"author":[{"embeddable":true,"href":"https:\/\/bambus-deutschland.de\/index.php\/wp-json\/wp\/v2\/users\/6"}],"replies":[{"embeddable":true,"href":"https:\/\/bambus-deutschland.de\/index.php\/wp-json\/wp\/v2\/comments?post=3187"}],"version-history":[{"count":5,"href":"https:\/\/bambus-deutschland.de\/index.php\/wp-json\/wp\/v2\/pages\/3187\/revisions"}],"predecessor-version":[{"id":3464,"href":"https:\/\/bambus-deutschland.de\/index.php\/wp-json\/wp\/v2\/pages\/3187\/revisions\/3464"}],"up":[{"embeddable":true,"href":"https:\/\/bambus-deutschland.de\/index.php\/wp-json\/wp\/v2\/pages\/2904"}],"wp:attachment":[{"href":"https:\/\/bambus-deutschland.de\/index.php\/wp-json\/wp\/v2\/media?parent=3187"}],"curies":[{"name":"wp","href":"https:\/\/api.w.org\/{rel}","templated":true}]}}