{"id":3201,"date":"2020-09-30T22:42:24","date_gmt":"2020-09-30T20:42:24","guid":{"rendered":"https:\/\/bambus-deutschland.de\/?page_id=3201"},"modified":"2020-10-08T19:44:32","modified_gmt":"2020-10-08T17:44:32","slug":"sasaella-masamuneana-albostriata","status":"publish","type":"page","link":"https:\/\/bambus-deutschland.de\/index.php\/arten-und-sorten\/sasaella\/sasaella-masamuneana-albostriata\/","title":{"rendered":"Sasaella masamuneana \u2018Albostriata\u2019"},"content":{"rendered":"<h5><em>Sasaella masamuneana <\/em>\u2018Albostriata\u2019<\/h5>\n<div><strong>H\u00f6he:<\/strong> Bis 1 m.<br \/>\n<strong>Halme:\u00a0<\/strong> D\u00fcnn, max 0,5 cm, dunkelbraun mit leichtem Rotstich.<br \/>\n<strong>Bl\u00e4tter<\/strong>: Gro\u00df, unregelm\u00e4\u00dfige streifige Panaschierung von wei\u00df \u00fcber gelbgr\u00fcn bis cremfarben, 17 cm x 5 cm.<br \/>\n<strong>Halmscheiden:<\/strong> Helle Halmscheidenbl\u00e4tter<br \/>\n<strong>Wuchs:<\/strong> Buschig, wuchernd (Rhizomsperre).<br \/>\n<strong>Winterh\u00e4rte:\u00a0 <\/strong>Bis -23\u00b0C<br \/>\n<strong>Standort: <\/strong>Vollsonnig bis halbschattig<\/div>\n<div><strong>Platzbedarf:<\/strong> 1 m\u00b2<br \/>\n<strong>Verwendung:<\/strong> Unterpflanzung vor dunklem Hintergrund, Topfkultur.<br \/>\n<strong>Herkunft:<\/strong> Honshu\/Japan<\/div>\n<p><strong>Bemerkungen: <\/strong>Im zeitigen Fr\u00fchjahr unansehnliche Bl\u00e4tter entfernen und zur\u00fcck schneiden. Der Neuaustrieb zeigt dann eine umso sch\u00f6nere Panaschierung.<\/p>\n<div id='gallery-1' class='gallery galleryid-3201 gallery-columns-1 gallery-size-large'><figure class='gallery-item'>\n\t\t\t<div class='gallery-icon landscape'>\n\t\t\t\t<a href='https:\/\/bambus-deutschland.de\/wp-content\/uploads\/2020\/09\/Bild-25-Peter-Wieting-Sasaella-glabra-albostriata-nach-dem-Regen-002-scaled.jpg' title=\"Sasaella masamuneana &#039;Albostriata&#039; Syn: Sasaella glabra &#039;Albostriata&#039; (Foto: Peter Wieting)\" data-rl_title=\"Sasaella masamuneana &#039;Albostriata&#039; Syn: Sasaella glabra &#039;Albostriata&#039; (Foto: Peter Wieting)\" class=\"rl-gallery-link\" data-rl_caption=\"\" data-rel=\"lightbox-gallery-1\"><img loading=\"lazy\" decoding=\"async\" width=\"474\" height=\"356\" src=\"https:\/\/bambus-deutschland.de\/wp-content\/uploads\/2020\/09\/Bild-25-Peter-Wieting-Sasaella-glabra-albostriata-nach-dem-Regen-002-1024x768.jpg\" class=\"attachment-large size-large\" alt=\"\" aria-describedby=\"gallery-1-3204\" srcset=\"https:\/\/bambus-deutschland.de\/wp-content\/uploads\/2020\/09\/Bild-25-Peter-Wieting-Sasaella-glabra-albostriata-nach-dem-Regen-002-1024x768.jpg 1024w, https:\/\/bambus-deutschland.de\/wp-content\/uploads\/2020\/09\/Bild-25-Peter-Wieting-Sasaella-glabra-albostriata-nach-dem-Regen-002-300x225.jpg 300w, https:\/\/bambus-deutschland.de\/wp-content\/uploads\/2020\/09\/Bild-25-Peter-Wieting-Sasaella-glabra-albostriata-nach-dem-Regen-002-768x576.jpg 768w, https:\/\/bambus-deutschland.de\/wp-content\/uploads\/2020\/09\/Bild-25-Peter-Wieting-Sasaella-glabra-albostriata-nach-dem-Regen-002-1536x1152.jpg 1536w, https:\/\/bambus-deutschland.de\/wp-content\/uploads\/2020\/09\/Bild-25-Peter-Wieting-Sasaella-glabra-albostriata-nach-dem-Regen-002-2048x1536.jpg 2048w\" sizes=\"auto, (max-width: 474px) 100vw, 474px\" \/><\/a>\n\t\t\t<\/div>\n\t\t\t\t<figcaption class='wp-caption-text gallery-caption' id='gallery-1-3204'>\n\t\t\t\tSasaella masamuneana &#8218;Albostriata&#8216; Syn: Sasaella glabra &#8218;Albostriata&#8216; (Foto: Peter Wieting)\n\t\t\t\t<\/figcaption><\/figure>\n\t\t<\/div>\n\n<p>&nbsp;<\/p>\n<p>&nbsp;<\/p>\n<hr \/>\n","protected":false},"excerpt":{"rendered":"<p>Sasaella masamuneana \u2018Albostriata\u2019 H\u00f6he: Bis 1 m. Halme:\u00a0 D\u00fcnn, max 0,5 cm, dunkelbraun mit leichtem Rotstich. Bl\u00e4tter: Gro\u00df, unregelm\u00e4\u00dfige streifige Panaschierung von wei\u00df \u00fcber gelbgr\u00fcn bis cremfarben, 17 cm x 5 cm. Halmscheiden: Helle Halmscheidenbl\u00e4tter Wuchs: Buschig, wuchernd (Rhizomsperre). Winterh\u00e4rte:\u00a0 Bis -23\u00b0C Standort: Vollsonnig bis halbschattig Platzbedarf: 1 m\u00b2 Verwendung: Unterpflanzung vor dunklem Hintergrund, Topfkultur. &hellip; <a href=\"https:\/\/bambus-deutschland.de\/index.php\/arten-und-sorten\/sasaella\/sasaella-masamuneana-albostriata\/\" class=\"more-link\"><span class=\"screen-reader-text\">Sasaella masamuneana \u2018Albostriata\u2019<\/span> weiterlesen <span class=\"meta-nav\">&rarr;<\/span><\/a><\/p>\n","protected":false},"author":6,"featured_media":0,"parent":2906,"menu_order":0,"comment_status":"closed","ping_status":"closed","template":"","meta":{"iawp_total_views":84,"footnotes":""},"class_list":["post-3201","page","type-page","status-publish","hentry"],"_links":{"self":[{"href":"https:\/\/bambus-deutschland.de\/index.php\/wp-json\/wp\/v2\/pages\/3201","targetHints":{"allow":["GET"]}}],"collection":[{"href":"https:\/\/bambus-deutschland.de\/index.php\/wp-json\/wp\/v2\/pages"}],"about":[{"href":"https:\/\/bambus-deutschland.de\/index.php\/wp-json\/wp\/v2\/types\/page"}],"author":[{"embeddable":true,"href":"https:\/\/bambus-deutschland.de\/index.php\/wp-json\/wp\/v2\/users\/6"}],"replies":[{"embeddable":true,"href":"https:\/\/bambus-deutschland.de\/index.php\/wp-json\/wp\/v2\/comments?post=3201"}],"version-history":[{"count":6,"href":"https:\/\/bambus-deutschland.de\/index.php\/wp-json\/wp\/v2\/pages\/3201\/revisions"}],"predecessor-version":[{"id":3242,"href":"https:\/\/bambus-deutschland.de\/index.php\/wp-json\/wp\/v2\/pages\/3201\/revisions\/3242"}],"up":[{"embeddable":true,"href":"https:\/\/bambus-deutschland.de\/index.php\/wp-json\/wp\/v2\/pages\/2906"}],"wp:attachment":[{"href":"https:\/\/bambus-deutschland.de\/index.php\/wp-json\/wp\/v2\/media?parent=3201"}],"curies":[{"name":"wp","href":"https:\/\/api.w.org\/{rel}","templated":true}]}}