{"id":3286,"date":"2020-10-03T21:33:05","date_gmt":"2020-10-03T19:33:05","guid":{"rendered":"https:\/\/bambus-deutschland.de\/?page_id=3286"},"modified":"2020-10-08T19:23:31","modified_gmt":"2020-10-08T17:23:31","slug":"fargesia-demissa-gerry","status":"publish","type":"page","link":"https:\/\/bambus-deutschland.de\/index.php\/arten-und-sorten\/fargesia\/fargesia-demissa-gerry\/","title":{"rendered":"Fargesia demissa \u2018Gerry\u2019"},"content":{"rendered":"<h5><em>Fargesia demissa \u2018<\/em>Gerry\u2019<em><br \/>\n<\/em><\/h5>\n<p><a href=\"https:\/\/bambus-deutschland.de\/index.php\/beispiel-seite\/bambus-des-jahres\/bambus-des-jahres-portraits\/fargesia-demissa-gerry-bambus-des-jahres-2014\/\"><strong>Bambus des Jahres 2014<\/strong><\/a><\/p>\n<div><strong>H\u00f6he:<\/strong> Bisher 2-3,5 Meter\u00a0 und bis 1,5 cm Durchmesser.<br \/>\n<strong>Halme: <\/strong>Halme zun\u00e4chst bl\u00e4ulich\/lila\/schwarz gef\u00e4rbt und etwas weiss bemehlt, L\u00e4nge der Internodien 11 &#8211; 20 cm.<\/div>\n<div><strong>Bl\u00e4tter<\/strong>:Relativ kleine aber verh\u00e4ltnism\u00e4\u00dfig breite Bl\u00e4tter, verliert im Herbst i.d.R 80% ihrer Bl\u00e4tter, die verbleibenden Bl\u00e4tter k\u00f6nnen in Dauerfrostperioden anhaltend eingerollt sein, so kann ein blattloser Eindruck entstehen. Die Pflanze bildet im Fr\u00fchjahr sehr fr\u00fch (M\u00e4rz) neue frischgr\u00fcne Bl\u00e4tter, so dass in Kombination mit den schwarzen Halmen ein unschlagbarer Kontrast entsteht.<br \/>\n<strong>Halmscheiden: <\/strong>Halmscheiden relativ langlebig, violett oder violett-braun, dreieckig-elliptisch, gew\u00f6hnlich k\u00fcrzer als die Internodien, sp\u00e4rlich wei\u00df-grau borstig behaart.<br \/>\n<strong>Wuchs: <\/strong>Aufrechter Wuchs, nur d\u00fcnne mehrj\u00e4hrige Halme auch etwas \u00fcberh\u00e4ngend, Halmabstand im Vergleich zu <em>Fargesia nitida<\/em> relativ gro\u00df (bis 15 cm).<br \/>\n<strong>Winterh\u00e4rte:<\/strong> Sehr winterhart \u00e4hnlich <em>Fargesia nitida<\/em> (-28\u00b0C)<br \/>\n<strong>Standort: <\/strong>Halbschatten bis Schatten, nur an Standorten mit ausreichender (Luft)feuchtigkeit auch sonnig, bei starker Sonne ist die Neigung zum Blattrollen erh\u00f6ht. Es scheint als ob an sonnigem Standort die Seitenzweige deutlich k\u00fcrzer bleiben als an schattigen Standorten.<\/div>\n<div><strong>Verwendung:<\/strong> Solit\u00e4r<\/div>\n<div>Vermutlich aufgrund der herausragenden Winterh\u00e4rte gut zur Topfkultur im Au\u00dfenbereich geeignet. Nicht f\u00fcr Innenr\u00e4ume.<\/div>\n<div><strong>Herkunft: <\/strong>China, <em>Fargesia demissa<\/em> &#8218;Gerry&#8216; wurde zusammen mit anderen Demissa-Klonen 2004 \u00fcber das Forest Department von Lanzhou in der chinesischen Provinz Gansu durch Jos van der Palen eingef\u00fchrt.<\/div>\n<p><strong>Bemerkungen: <\/strong>In der Flora of China (Zhengyi, W., et al. (2006) wird <em>Fargesia demissa<\/em> als kleinere Form von <em>Fargesia nitida<\/em> und nicht als eigene Art angesehen. Es gibt aus unserer Sicht aber so deutliche Unterschiede (dickere Halme bei geringerer H\u00f6he, l\u00e4ngere Rhizomh\u00e4lse, die Halmscheiden), dass die Einordnung nicht sicher ist. Neben <em>demissa<\/em> &#8218;Gerry&#8216; wurden 2004 noch 8 weitere demissa-Klone nach Europa eingef\u00fchrt: <em>demissa<\/em> &#8218;A&#8216;, &#8218;B&#8216; (&#8218;Bernhard&#8216;), &#8218;C&#8216;, &#8218;D&#8216;, &#8218;E&#8216;, &#8218;F&#8216; (alle durch Jos van der Palen), sowie <em>demissa<\/em> &#8218;Lanzhou 1&#8216; und &#8218;Lanzhou 2&#8216; (die letzteren durch Fred Vaupel). Noch sind die Erfahrungen zu allen <em>demissa<\/em>-Klonen relativ jung und es gibt kaum ausgewachsene Pflanzen, so dass die hier gemachten Angaben als vorl\u00e4ufig zu betrachten sind.<\/p>\n<div id='gallery-1' class='gallery galleryid-3286 gallery-columns-3 gallery-size-thumbnail'><figure class='gallery-item'>\n\t\t\t<div class='gallery-icon portrait'>\n\t\t\t\t<a href='https:\/\/bambus-deutschland.de\/wp-content\/uploads\/2020\/10\/Gerry-P1250992-scaled.jpg' title=\"Fargesia demissa &#039;Gerry&#039; Spross (Foto: Ute Au\u00dfem)\" data-rl_title=\"Fargesia demissa &#039;Gerry&#039; Spross (Foto: Ute Au\u00dfem)\" class=\"rl-gallery-link\" data-rl_caption=\"\" data-rel=\"lightbox-gallery-1\"><img loading=\"lazy\" decoding=\"async\" width=\"150\" height=\"150\" src=\"https:\/\/bambus-deutschland.de\/wp-content\/uploads\/2020\/10\/Gerry-P1250992-150x150.jpg\" class=\"attachment-thumbnail size-thumbnail\" alt=\"\" aria-describedby=\"gallery-1-3291\" \/><\/a>\n\t\t\t<\/div>\n\t\t\t\t<figcaption class='wp-caption-text gallery-caption' id='gallery-1-3291'>\n\t\t\t\tFargesia demissa &#8218;Gerry&#8216; Spross (Foto: Ute Au\u00dfem)\n\t\t\t\t<\/figcaption><\/figure><figure class='gallery-item'>\n\t\t\t<div class='gallery-icon portrait'>\n\t\t\t\t<a href='https:\/\/bambus-deutschland.de\/wp-content\/uploads\/2019\/06\/Bild-19-Gerry.jpg' title=\"Fargesia demissa &#039;Gerry&#039; Nodium und frischer Seitenzweig (Foto: Ute Au\u00dfem)\" data-rl_title=\"Fargesia demissa &#039;Gerry&#039; Nodium und frischer Seitenzweig (Foto: Ute Au\u00dfem)\" class=\"rl-gallery-link\" data-rl_caption=\"\" data-rel=\"lightbox-gallery-1\"><img loading=\"lazy\" decoding=\"async\" width=\"150\" height=\"150\" src=\"https:\/\/bambus-deutschland.de\/wp-content\/uploads\/2019\/06\/Bild-19-Gerry-150x150.jpg\" class=\"attachment-thumbnail size-thumbnail\" alt=\"\" aria-describedby=\"gallery-1-2585\" \/><\/a>\n\t\t\t<\/div>\n\t\t\t\t<figcaption class='wp-caption-text gallery-caption' id='gallery-1-2585'>\n\t\t\t\tFargesia demissa &#8218;Gerry&#8216; Nodium und frischer Seitenzweig (Foto: Ute Au\u00dfem)\n\t\t\t\t<\/figcaption><\/figure><figure class='gallery-item'>\n\t\t\t<div class='gallery-icon portrait'>\n\t\t\t\t<a href='https:\/\/bambus-deutschland.de\/wp-content\/uploads\/2020\/10\/Gerry-P1300800-scaled.jpg' title=\"Fargesia demissa &#039;Gerry&#039; (Foto: Ute Au\u00dfem)\" data-rl_title=\"Fargesia demissa &#039;Gerry&#039; (Foto: Ute Au\u00dfem)\" class=\"rl-gallery-link\" data-rl_caption=\"\" data-rel=\"lightbox-gallery-1\"><img loading=\"lazy\" decoding=\"async\" width=\"150\" height=\"150\" src=\"https:\/\/bambus-deutschland.de\/wp-content\/uploads\/2020\/10\/Gerry-P1300800-150x150.jpg\" class=\"attachment-thumbnail size-thumbnail\" alt=\"\" aria-describedby=\"gallery-1-3296\" \/><\/a>\n\t\t\t<\/div>\n\t\t\t\t<figcaption class='wp-caption-text gallery-caption' id='gallery-1-3296'>\n\t\t\t\tFargesia demissa &#8218;Gerry&#8216; (Foto: Ute Au\u00dfem)\n\t\t\t\t<\/figcaption><\/figure><figure class='gallery-item'>\n\t\t\t<div class='gallery-icon portrait'>\n\t\t\t\t<a href='https:\/\/bambus-deutschland.de\/wp-content\/uploads\/2020\/10\/Gerry-P1250586-scaled.jpg' title=\"Fargesia demissa &#039;Gerry&#039; (Foto: Ute Au\u00dfem)\" data-rl_title=\"Fargesia demissa &#039;Gerry&#039; (Foto: Ute Au\u00dfem)\" class=\"rl-gallery-link\" data-rl_caption=\"\" data-rel=\"lightbox-gallery-1\"><img loading=\"lazy\" decoding=\"async\" width=\"150\" height=\"150\" src=\"https:\/\/bambus-deutschland.de\/wp-content\/uploads\/2020\/10\/Gerry-P1250586-150x150.jpg\" class=\"attachment-thumbnail size-thumbnail\" alt=\"\" aria-describedby=\"gallery-1-3293\" \/><\/a>\n\t\t\t<\/div>\n\t\t\t\t<figcaption class='wp-caption-text gallery-caption' id='gallery-1-3293'>\n\t\t\t\tFargesia demissa &#8218;Gerry&#8216; (Foto: Ute Au\u00dfem)\n\t\t\t\t<\/figcaption><\/figure><figure class='gallery-item'>\n\t\t\t<div class='gallery-icon portrait'>\n\t\t\t\t<a href='https:\/\/bambus-deutschland.de\/wp-content\/uploads\/2020\/10\/Gerry-P1250591-scaled.jpg' title=\"Fargesia demissa &#039;Gerry&#039; (Foto: Ute Au\u00dfem)\" data-rl_title=\"Fargesia demissa &#039;Gerry&#039; (Foto: Ute Au\u00dfem)\" class=\"rl-gallery-link\" data-rl_caption=\"\" data-rel=\"lightbox-gallery-1\"><img loading=\"lazy\" decoding=\"async\" width=\"150\" height=\"150\" src=\"https:\/\/bambus-deutschland.de\/wp-content\/uploads\/2020\/10\/Gerry-P1250591-150x150.jpg\" class=\"attachment-thumbnail size-thumbnail\" alt=\"\" aria-describedby=\"gallery-1-3292\" \/><\/a>\n\t\t\t<\/div>\n\t\t\t\t<figcaption class='wp-caption-text gallery-caption' id='gallery-1-3292'>\n\t\t\t\tFargesia demissa &#8218;Gerry&#8216; (Foto: Ute Au\u00dfem)\n\t\t\t\t<\/figcaption><\/figure><figure class='gallery-item'>\n\t\t\t<div class='gallery-icon portrait'>\n\t\t\t\t<a href='https:\/\/bambus-deutschland.de\/wp-content\/uploads\/2017\/01\/L1000681_abb1.jpg' title=\"Abbildung 1: Typischer Austrieb von Fargesia demissa &#039;Gerry\u2018. Die Neuen Halme bleiben wie h\u00e4ufig bei Fargesia nitida auch bis zum Winter ohne Seitenzweige. Foto Steffen Greiner\" data-rl_title=\"Abbildung 1: Typischer Austrieb von Fargesia demissa &#039;Gerry\u2018. Die Neuen Halme bleiben wie h\u00e4ufig bei Fargesia nitida auch bis zum Winter ohne Seitenzweige. Foto Steffen Greiner\" class=\"rl-gallery-link\" data-rl_caption=\"\" data-rel=\"lightbox-gallery-1\"><img loading=\"lazy\" decoding=\"async\" width=\"150\" height=\"150\" src=\"https:\/\/bambus-deutschland.de\/wp-content\/uploads\/2017\/01\/L1000681_abb1-150x150.jpg\" class=\"attachment-thumbnail size-thumbnail\" alt=\"\" aria-describedby=\"gallery-1-985\" \/><\/a>\n\t\t\t<\/div>\n\t\t\t\t<figcaption class='wp-caption-text gallery-caption' id='gallery-1-985'>\n\t\t\t\tAbbildung 1: Typischer Austrieb von Fargesia demissa &#8218;Gerry\u2018. Die Neuen Halme bleiben wie h\u00e4ufig bei Fargesia nitida auch bis zum Winter ohne Seitenzweige. \nFoto Steffen Greiner\n\n\t\t\t\t<\/figcaption><\/figure><figure class='gallery-item'>\n\t\t\t<div class='gallery-icon portrait'>\n\t\t\t\t<a href='https:\/\/bambus-deutschland.de\/wp-content\/uploads\/2017\/01\/IMG_3780_abb2.jpg' title=\"Abbildung 2: Sorgf\u00e4ltig ausgelichteter Solit\u00e4r, die recht gro\u00dfen Halmabst\u00e4nde sind deutlich zu erkennen. Foto Jos van der Palen\" data-rl_title=\"Abbildung 2: Sorgf\u00e4ltig ausgelichteter Solit\u00e4r, die recht gro\u00dfen Halmabst\u00e4nde sind deutlich zu erkennen. Foto Jos van der Palen\" class=\"rl-gallery-link\" data-rl_caption=\"\" data-rel=\"lightbox-gallery-1\"><img loading=\"lazy\" decoding=\"async\" width=\"150\" height=\"150\" src=\"https:\/\/bambus-deutschland.de\/wp-content\/uploads\/2017\/01\/IMG_3780_abb2-150x150.jpg\" class=\"attachment-thumbnail size-thumbnail\" alt=\"\" aria-describedby=\"gallery-1-987\" \/><\/a>\n\t\t\t<\/div>\n\t\t\t\t<figcaption class='wp-caption-text gallery-caption' id='gallery-1-987'>\n\t\t\t\tAbbildung 2: Sorgf\u00e4ltig ausgelichteter Solit\u00e4r, die recht gro\u00dfen Halmabst\u00e4nde sind deutlich zu erkennen. Foto Jos van der Palen\r\n\n\t\t\t\t<\/figcaption><\/figure><figure class='gallery-item'>\n\t\t\t<div class='gallery-icon portrait'>\n\t\t\t\t<a href='https:\/\/bambus-deutschland.de\/wp-content\/uploads\/2017\/01\/L1000659_abb4_rechts.jpg' title=\"Abbildung 4: Typische Knoten von Fargesia demissa &#039;Gerry\u2018. Fotos Steffen Greiner\" data-rl_title=\"Abbildung 4: Typische Knoten von Fargesia demissa &#039;Gerry\u2018. Fotos Steffen Greiner\" class=\"rl-gallery-link\" data-rl_caption=\"\" data-rel=\"lightbox-gallery-1\"><img loading=\"lazy\" decoding=\"async\" width=\"150\" height=\"150\" src=\"https:\/\/bambus-deutschland.de\/wp-content\/uploads\/2017\/01\/L1000659_abb4_rechts-150x150.jpg\" class=\"attachment-thumbnail size-thumbnail\" alt=\"\" aria-describedby=\"gallery-1-989\" \/><\/a>\n\t\t\t<\/div>\n\t\t\t\t<figcaption class='wp-caption-text gallery-caption' id='gallery-1-989'>\n\t\t\t\tAbbildung 4: Typische Knoten von Fargesia demissa &#8218;Gerry\u2018. Fotos Steffen Greiner\n\n\t\t\t\t<\/figcaption><\/figure><figure class='gallery-item'>\n\t\t\t<div class='gallery-icon portrait'>\n\t\t\t\t<a href='https:\/\/bambus-deutschland.de\/wp-content\/uploads\/2017\/01\/IMG_2171_abb3.jpg' title=\"Abbildung 3: Im Herbst entledigt sich &#039;Gerry\u2018 \u2013 etwas untypisch f\u00fcr die sonst immergr\u00fcnen Fargesien \u2013 eines Gro\u00dfteils ihrer Bl\u00e4tter. Foto Jos van der Palen\" data-rl_title=\"Abbildung 3: Im Herbst entledigt sich &#039;Gerry\u2018 \u2013 etwas untypisch f\u00fcr die sonst immergr\u00fcnen Fargesien \u2013 eines Gro\u00dfteils ihrer Bl\u00e4tter. Foto Jos van der Palen\" class=\"rl-gallery-link\" data-rl_caption=\"\" data-rel=\"lightbox-gallery-1\"><img loading=\"lazy\" decoding=\"async\" width=\"150\" height=\"150\" src=\"https:\/\/bambus-deutschland.de\/wp-content\/uploads\/2017\/01\/IMG_2171_abb3-150x150.jpg\" class=\"attachment-thumbnail size-thumbnail\" alt=\"\" aria-describedby=\"gallery-1-988\" \/><\/a>\n\t\t\t<\/div>\n\t\t\t\t<figcaption class='wp-caption-text gallery-caption' id='gallery-1-988'>\n\t\t\t\tAbbildung 3: Im Herbst entledigt sich &#8218;Gerry\u2018 \u2013 etwas untypisch f\u00fcr die sonst immergr\u00fcnen Fargesien \u2013 eines Gro\u00dfteils ihrer Bl\u00e4tter. Foto Jos van der Palen\r\n\n\t\t\t\t<\/figcaption><\/figure><figure class='gallery-item'>\n\t\t\t<div class='gallery-icon landscape'>\n\t\t\t\t<a href='https:\/\/bambus-deutschland.de\/wp-content\/uploads\/2020\/10\/Gerry-P1310930-scaled.jpg' title=\"Fargesia demissa &#039;Gerry&#039; kr\u00e4ftiges Rhizom-System(Foto: Ute Au\u00dfem)\" data-rl_title=\"Fargesia demissa &#039;Gerry&#039; kr\u00e4ftiges Rhizom-System(Foto: Ute Au\u00dfem)\" class=\"rl-gallery-link\" data-rl_caption=\"\" data-rel=\"lightbox-gallery-1\"><img loading=\"lazy\" decoding=\"async\" width=\"150\" height=\"150\" src=\"https:\/\/bambus-deutschland.de\/wp-content\/uploads\/2020\/10\/Gerry-P1310930-150x150.jpg\" class=\"attachment-thumbnail size-thumbnail\" alt=\"\" aria-describedby=\"gallery-1-3290\" \/><\/a>\n\t\t\t<\/div>\n\t\t\t\t<figcaption class='wp-caption-text gallery-caption' id='gallery-1-3290'>\n\t\t\t\tFargesia demissa &#8218;Gerry&#8216; kr\u00e4ftiges Rhizom-System(Foto: Ute Au\u00dfem)\n\t\t\t\t<\/figcaption><\/figure><figure class='gallery-item'>\n\t\t\t<div class='gallery-icon landscape'>\n\t\t\t\t<a href='https:\/\/bambus-deutschland.de\/wp-content\/uploads\/2020\/10\/Gerry-P1290118-scaled.jpg' title=\"Fargesia demissa &#039;Gerry&#039; (Foto: Ute Au\u00dfem)\" data-rl_title=\"Fargesia demissa &#039;Gerry&#039; (Foto: Ute Au\u00dfem)\" class=\"rl-gallery-link\" data-rl_caption=\"\" data-rel=\"lightbox-gallery-1\"><img loading=\"lazy\" decoding=\"async\" width=\"150\" height=\"150\" src=\"https:\/\/bambus-deutschland.de\/wp-content\/uploads\/2020\/10\/Gerry-P1290118-150x150.jpg\" class=\"attachment-thumbnail size-thumbnail\" alt=\"\" aria-describedby=\"gallery-1-3297\" \/><\/a>\n\t\t\t<\/div>\n\t\t\t\t<figcaption class='wp-caption-text gallery-caption' id='gallery-1-3297'>\n\t\t\t\tFargesia demissa &#8218;Gerry&#8216; (Foto: Ute Au\u00dfem)\n\t\t\t\t<\/figcaption><\/figure>\n\t\t<\/div>\n\n<p>&nbsp;<\/p>\n<p>&nbsp;<\/p>\n<hr \/>\n","protected":false},"excerpt":{"rendered":"<p>Fargesia demissa \u2018Gerry\u2019 Bambus des Jahres 2014 H\u00f6he: Bisher 2-3,5 Meter\u00a0 und bis 1,5 cm Durchmesser. Halme: Halme zun\u00e4chst bl\u00e4ulich\/lila\/schwarz gef\u00e4rbt und etwas weiss bemehlt, L\u00e4nge der Internodien 11 &#8211; 20 cm. Bl\u00e4tter:Relativ kleine aber verh\u00e4ltnism\u00e4\u00dfig breite Bl\u00e4tter, verliert im Herbst i.d.R 80% ihrer Bl\u00e4tter, die verbleibenden Bl\u00e4tter k\u00f6nnen in Dauerfrostperioden anhaltend eingerollt sein, so &hellip; <a href=\"https:\/\/bambus-deutschland.de\/index.php\/arten-und-sorten\/fargesia\/fargesia-demissa-gerry\/\" class=\"more-link\"><span class=\"screen-reader-text\">Fargesia demissa \u2018Gerry\u2019<\/span> weiterlesen <span class=\"meta-nav\">&rarr;<\/span><\/a><\/p>\n","protected":false},"author":6,"featured_media":0,"parent":2896,"menu_order":0,"comment_status":"closed","ping_status":"closed","template":"","meta":{"iawp_total_views":361,"footnotes":""},"class_list":["post-3286","page","type-page","status-publish","hentry"],"_links":{"self":[{"href":"https:\/\/bambus-deutschland.de\/index.php\/wp-json\/wp\/v2\/pages\/3286","targetHints":{"allow":["GET"]}}],"collection":[{"href":"https:\/\/bambus-deutschland.de\/index.php\/wp-json\/wp\/v2\/pages"}],"about":[{"href":"https:\/\/bambus-deutschland.de\/index.php\/wp-json\/wp\/v2\/types\/page"}],"author":[{"embeddable":true,"href":"https:\/\/bambus-deutschland.de\/index.php\/wp-json\/wp\/v2\/users\/6"}],"replies":[{"embeddable":true,"href":"https:\/\/bambus-deutschland.de\/index.php\/wp-json\/wp\/v2\/comments?post=3286"}],"version-history":[{"count":16,"href":"https:\/\/bambus-deutschland.de\/index.php\/wp-json\/wp\/v2\/pages\/3286\/revisions"}],"predecessor-version":[{"id":3452,"href":"https:\/\/bambus-deutschland.de\/index.php\/wp-json\/wp\/v2\/pages\/3286\/revisions\/3452"}],"up":[{"embeddable":true,"href":"https:\/\/bambus-deutschland.de\/index.php\/wp-json\/wp\/v2\/pages\/2896"}],"wp:attachment":[{"href":"https:\/\/bambus-deutschland.de\/index.php\/wp-json\/wp\/v2\/media?parent=3286"}],"curies":[{"name":"wp","href":"https:\/\/api.w.org\/{rel}","templated":true}]}}