{"id":3302,"date":"2020-10-03T22:21:42","date_gmt":"2020-10-03T20:21:42","guid":{"rendered":"https:\/\/bambus-deutschland.de\/?page_id=3302"},"modified":"2020-10-08T19:24:29","modified_gmt":"2020-10-08T17:24:29","slug":"fargesia-denudata","status":"publish","type":"page","link":"https:\/\/bambus-deutschland.de\/index.php\/arten-und-sorten\/fargesia\/fargesia-denudata\/","title":{"rendered":"Fargesia denudata"},"content":{"rendered":"<h5><em>Fargesia denudata<\/em><em><br \/>\n<\/em><\/h5>\n<p><a href=\"https:\/\/bambus-deutschland.de\/index.php\/beispiel-seite\/bambus-des-jahres\/bambus-des-jahres-portraits\/fargesia-denudata-t-p-yi-bambus-des-jahres-2015\/\"><strong>Bambus des Jahres 2015<\/strong><\/a><\/p>\n<div><strong>H\u00f6he:<\/strong> Bis 4 Meter<br \/>\n<strong>Halme: <\/strong>Neue Halme olivgr\u00fcn, \u00e4ltere Halme in der Sonne statt gelb, bis 1,5 cm Durchmesser, L\u00e4nge der Internodien bis 10-15 cm.<\/div>\n<div><strong>Bl\u00e4tter<\/strong>: Hellgr\u00fcne 5-8 cm lange und 1 cm breite Bl\u00e4tter, im Winter starke Neigung zum dauerhaften Blatt rollen.<br \/>\n<strong>Halmscheiden: <\/strong>Strohgelb, lange haftend, Innenseiten gl\u00e4nzend.<br \/>\n<strong>Wuchs: <\/strong>Kaskadenartig \u00fcberh\u00e4ngend, lockerer Halmabstand.<br \/>\n<strong>Winterh\u00e4rte:<\/strong> Etwa -20\u00b0C<br \/>\n<strong>Standort:\u00a0<\/strong>Halbschatten, an Standorten mit ausreichender Luftfeuchtigkeit auch sonnig.<\/div>\n<div><strong>Platzbedarf:<\/strong> ab 1 m\u00b2<\/div>\n<div><strong>Verwendung:<\/strong> Solit\u00e4r, Sichtschutz<\/div>\n<div><strong>Herkunft:\u00a0<\/strong>China beheimatet in den Provinzen Sichuan und Gansu, w\u00e4chst auf subalpinen H\u00f6hen von 1.800 m bis 3.400 m, eingef\u00fchrt 1988 durch Roy Lancaster nach England.<\/div>\n<div><strong>Bemerkungen:\u00a0<\/strong>Verschiedene Klone im Handel, die sich aber relativ \u00e4hnlich sind:<\/div>\n<ul>\n<li><em>Fargesia denudata<\/em> \u2018Lancaster 1\u2019, oben beschrieben<\/li>\n<li><em>Fargesia denudata<\/em> \u2018Lancaster 2\u2019, etwas w\u00fcchsiger, nicht stark \u00fcberh\u00e4ngend.<\/li>\n<li><em>Fargesia denudata<\/em> \u2018Xian 1\u2019, wenig wuchskr\u00e4ftig, junge Triebe wei\u00df bemehlt.<\/li>\n<li>\n<div><em>Fargesia denudata<\/em> \u2018Xian 2\u2019, der vitalste der Klone, bis 4 m hoch, junger Austrieb wenig bemehlt.<\/div>\n<\/li>\n<\/ul>\n<p>Es gibt unterdessen noch etliche weitere Klone, die leichte Unterschiede im Habitus und in der Ausf\u00e4rbung aufweisen.<\/p>\n<div id='gallery-1' class='gallery galleryid-3302 gallery-columns-2 gallery-size-thumbnail'><figure class='gallery-item'>\n\t\t\t<div class='gallery-icon landscape'>\n\t\t\t\t<a href='https:\/\/bambus-deutschland.de\/wp-content\/uploads\/2020\/10\/denudata-bei-Exoterra-Ute-Aussem-scaled.jpg' title=\"Fargesia denudata bei Exoterra (Foto: Ute Au\u00dfem)\" data-rl_title=\"Fargesia denudata bei Exoterra (Foto: Ute Au\u00dfem)\" class=\"rl-gallery-link\" data-rl_caption=\"\" data-rel=\"lightbox-gallery-1\"><img loading=\"lazy\" decoding=\"async\" width=\"150\" height=\"150\" src=\"https:\/\/bambus-deutschland.de\/wp-content\/uploads\/2020\/10\/denudata-bei-Exoterra-Ute-Aussem-150x150.jpg\" class=\"attachment-thumbnail size-thumbnail\" alt=\"\" aria-describedby=\"gallery-1-3307\" \/><\/a>\n\t\t\t<\/div>\n\t\t\t\t<figcaption class='wp-caption-text gallery-caption' id='gallery-1-3307'>\n\t\t\t\tFargesia denudata bei Exoterra (Foto: Ute Au\u00dfem)\n\t\t\t\t<\/figcaption><\/figure><figure class='gallery-item'>\n\t\t\t<div class='gallery-icon landscape'>\n\t\t\t\t<a href='https:\/\/bambus-deutschland.de\/wp-content\/uploads\/2020\/10\/Fargesia-denudata-bei-Exoterra-Ute-Aussem-DSC04615.jpg' title=\"Fargesia denudata bei Exoterra (Foto: Ute Au\u00dfem)\" data-rl_title=\"Fargesia denudata bei Exoterra (Foto: Ute Au\u00dfem)\" class=\"rl-gallery-link\" data-rl_caption=\"\" data-rel=\"lightbox-gallery-1\"><img loading=\"lazy\" decoding=\"async\" width=\"150\" height=\"150\" src=\"https:\/\/bambus-deutschland.de\/wp-content\/uploads\/2020\/10\/Fargesia-denudata-bei-Exoterra-Ute-Aussem-DSC04615-150x150.jpg\" class=\"attachment-thumbnail size-thumbnail\" alt=\"\" aria-describedby=\"gallery-1-3306\" \/><\/a>\n\t\t\t<\/div>\n\t\t\t\t<figcaption class='wp-caption-text gallery-caption' id='gallery-1-3306'>\n\t\t\t\tFargesia denudata bei Exoterra (Foto: Ute Au\u00dfem)\n\t\t\t\t<\/figcaption><\/figure><figure class='gallery-item'>\n\t\t\t<div class='gallery-icon portrait'>\n\t\t\t\t<a href='https:\/\/bambus-deutschland.de\/wp-content\/uploads\/2017\/01\/Greiner_Steffen_Abbildung2.jpg' title=\"Die kurzen Seitenzweige sind typisch f\u00fcr Fargesia denudata (Foto: Steffen Greiner)\" data-rl_title=\"Die kurzen Seitenzweige sind typisch f\u00fcr Fargesia denudata (Foto: Steffen Greiner)\" class=\"rl-gallery-link\" data-rl_caption=\"\" data-rel=\"lightbox-gallery-1\"><img loading=\"lazy\" decoding=\"async\" width=\"150\" height=\"150\" src=\"https:\/\/bambus-deutschland.de\/wp-content\/uploads\/2017\/01\/Greiner_Steffen_Abbildung2-150x150.jpg\" class=\"attachment-thumbnail size-thumbnail\" alt=\"\" aria-describedby=\"gallery-1-966\" \/><\/a>\n\t\t\t<\/div>\n\t\t\t\t<figcaption class='wp-caption-text gallery-caption' id='gallery-1-966'>\n\t\t\t\tDie kurzen Seitenzweige sind typisch f\u00fcr Fargesia denudata (Foto: Steffen Greiner)\n\t\t\t\t<\/figcaption><\/figure><figure class='gallery-item'>\n\t\t\t<div class='gallery-icon portrait'>\n\t\t\t\t<a href='https:\/\/bambus-deutschland.de\/wp-content\/uploads\/2017\/01\/Greiner_Steffen_Abbildung1.jpg' title=\"Junger Horst von Fargesia denudata. (Foto: Steffen Greiner)\" data-rl_title=\"Junger Horst von Fargesia denudata. (Foto: Steffen Greiner)\" class=\"rl-gallery-link\" data-rl_caption=\"\" data-rel=\"lightbox-gallery-1\"><img loading=\"lazy\" decoding=\"async\" width=\"150\" height=\"150\" src=\"https:\/\/bambus-deutschland.de\/wp-content\/uploads\/2017\/01\/Greiner_Steffen_Abbildung1-150x150.jpg\" class=\"attachment-thumbnail size-thumbnail\" alt=\"\" aria-describedby=\"gallery-1-965\" \/><\/a>\n\t\t\t<\/div>\n\t\t\t\t<figcaption class='wp-caption-text gallery-caption' id='gallery-1-965'>\n\t\t\t\tJunger Horst von Fargesia denudata. (Foto: Steffen Greiner)\n\t\t\t\t<\/figcaption><\/figure>\n\t\t<\/div>\n\n<p>&nbsp;<\/p>\n<p>&nbsp;<\/p>\n<hr \/>\n","protected":false},"excerpt":{"rendered":"<p>Fargesia denudata Bambus des Jahres 2015 H\u00f6he: Bis 4 Meter Halme: Neue Halme olivgr\u00fcn, \u00e4ltere Halme in der Sonne statt gelb, bis 1,5 cm Durchmesser, L\u00e4nge der Internodien bis 10-15 cm. Bl\u00e4tter: Hellgr\u00fcne 5-8 cm lange und 1 cm breite Bl\u00e4tter, im Winter starke Neigung zum dauerhaften Blatt rollen. Halmscheiden: Strohgelb, lange haftend, Innenseiten gl\u00e4nzend. &hellip; <a href=\"https:\/\/bambus-deutschland.de\/index.php\/arten-und-sorten\/fargesia\/fargesia-denudata\/\" class=\"more-link\"><span class=\"screen-reader-text\">Fargesia denudata<\/span> weiterlesen <span class=\"meta-nav\">&rarr;<\/span><\/a><\/p>\n","protected":false},"author":6,"featured_media":0,"parent":2896,"menu_order":0,"comment_status":"closed","ping_status":"closed","template":"","meta":{"iawp_total_views":167,"footnotes":""},"class_list":["post-3302","page","type-page","status-publish","hentry"],"_links":{"self":[{"href":"https:\/\/bambus-deutschland.de\/index.php\/wp-json\/wp\/v2\/pages\/3302","targetHints":{"allow":["GET"]}}],"collection":[{"href":"https:\/\/bambus-deutschland.de\/index.php\/wp-json\/wp\/v2\/pages"}],"about":[{"href":"https:\/\/bambus-deutschland.de\/index.php\/wp-json\/wp\/v2\/types\/page"}],"author":[{"embeddable":true,"href":"https:\/\/bambus-deutschland.de\/index.php\/wp-json\/wp\/v2\/users\/6"}],"replies":[{"embeddable":true,"href":"https:\/\/bambus-deutschland.de\/index.php\/wp-json\/wp\/v2\/comments?post=3302"}],"version-history":[{"count":6,"href":"https:\/\/bambus-deutschland.de\/index.php\/wp-json\/wp\/v2\/pages\/3302\/revisions"}],"predecessor-version":[{"id":3453,"href":"https:\/\/bambus-deutschland.de\/index.php\/wp-json\/wp\/v2\/pages\/3302\/revisions\/3453"}],"up":[{"embeddable":true,"href":"https:\/\/bambus-deutschland.de\/index.php\/wp-json\/wp\/v2\/pages\/2896"}],"wp:attachment":[{"href":"https:\/\/bambus-deutschland.de\/index.php\/wp-json\/wp\/v2\/media?parent=3302"}],"curies":[{"name":"wp","href":"https:\/\/api.w.org\/{rel}","templated":true}]}}