{"id":3523,"date":"2020-10-08T22:49:11","date_gmt":"2020-10-08T20:49:11","guid":{"rendered":"https:\/\/bambus-deutschland.de\/?page_id=3523"},"modified":"2020-10-08T22:59:19","modified_gmt":"2020-10-08T20:59:19","slug":"phyllostachys-aureosulcata-aureocaulis","status":"publish","type":"page","link":"https:\/\/bambus-deutschland.de\/index.php\/arten-und-sorten\/phyllostachys\/phyllostachys-aureosulcata-aureocaulis\/","title":{"rendered":"Phyllostachys aureosulcata \u2018Aureocaulis\u2019"},"content":{"rendered":"<h5><strong><em>Phyllostachys aureosulcata <\/em>\u2018Aureocaulis\u2019<\/strong> <span id=\"likeBadge\"><\/span><\/h5>\n<div><strong>H\u00f6he:<\/strong> 5 &#8211; 7 m, \u00e4ltere Best\u00e4nde in g\u00fcnstigen Lagen auch bis 8 m m\u00f6glich.<br \/>\n<strong>Halme:<\/strong> Schwefelgelb, rau, in der Sonne &#8211; besonders im Fr\u00fchjahr &#8211; rot ausf\u00e4rbend, Zick Zack Wuchs im unteren Bereich nicht ganz so h\u00e4ufig wie bei der Art, Internodien bis 30 cm, Halmdurchmesser bis 30 mm.<br \/>\n<strong>Bl\u00e4tter:<\/strong> Gl\u00e4nzend gr\u00fcn, manchmal von wenigen wei\u00dfen Streifen durchzogen, L\u00e4nge bis 11 cm, Breite bis 1,4 cm.<br \/>\n<strong>Halmscheiden:<\/strong> Unbehaart, gelblich\/braune Streifen, schnell abfallend.<br \/>\n<strong>Wuchs: <\/strong>Aufrecht, in der Spitze leicht \u00fcberh\u00e4ngend, Belaubung auch bei \u00e4lteren Halmen bis zum Boden.<br \/>\n<strong>Winterh\u00e4rte:<\/strong> Bis etwa &#8211; 24\u00b0C<br \/>\n<strong>Standort:<\/strong> Sonnig, gedeiht aber auch im Halbschatten.<br \/>\n<strong>Platzbedarf:<\/strong> Ab 4 m\u00b2<br \/>\n<strong>Verwendung:<\/strong> Solit\u00e4r, Hain (Sichtschutz), Formschnitt m\u00f6glich.<br \/>\n<strong>Herkunft:<\/strong> China, in Beijing, Henan, Jiangsu und Zhejiang in Kultur.<br \/>\n<strong>Bemerkungen:<\/strong> Durch den Farbwechsel sehr dekorative Art, selbst in klimatisch ung\u00fcnstigen Lagen noch auspflanzbar, problemlos auch bei Schnee und Wind, Sprossen essbar (aber wegen geringem Durchmesser schwer zuzubereiten\/zu putzen).<\/div>\n<div><strong>Bl\u00fcte:<\/strong> Eine Teilbl\u00fcte ist\u00a0 wie bei allen <em>Phyllostachys aureosulcata<\/em>-Formen bereits seit l\u00e4ngerer Zeit zu beobachten. Die Pflanzen bleiben vital. Es werden kaum keimf\u00e4hige Samen gebildet.<\/div>\n<p>&nbsp;<\/p>\n<div id='gallery-1' class='gallery galleryid-3523 gallery-columns-3 gallery-size-thumbnail'><figure class='gallery-item'>\n\t\t\t<div class='gallery-icon portrait'>\n\t\t\t\t<a href='https:\/\/bambus-deutschland.de\/wp-content\/uploads\/2020\/10\/Schuette_Jens_aureocaulis_4571-scaled.jpg' title=\"Phyllostachys aureosulcata &#039;Aureocaulis&#039; (Foto: Jens Sch\u00fctte)\" data-rl_title=\"Phyllostachys aureosulcata &#039;Aureocaulis&#039; (Foto: Jens Sch\u00fctte)\" class=\"rl-gallery-link\" data-rl_caption=\"\" data-rel=\"lightbox-gallery-1\"><img loading=\"lazy\" decoding=\"async\" width=\"150\" height=\"150\" src=\"https:\/\/bambus-deutschland.de\/wp-content\/uploads\/2020\/10\/Schuette_Jens_aureocaulis_4571-150x150.jpg\" class=\"attachment-thumbnail size-thumbnail\" alt=\"\" aria-describedby=\"gallery-1-3518\" \/><\/a>\n\t\t\t<\/div>\n\t\t\t\t<figcaption class='wp-caption-text gallery-caption' id='gallery-1-3518'>\n\t\t\t\tPhyllostachys aureosulcata &#8218;Aureocaulis&#8216; (Foto: Jens Sch\u00fctte)\n\t\t\t\t<\/figcaption><\/figure><figure class='gallery-item'>\n\t\t\t<div class='gallery-icon portrait'>\n\t\t\t\t<a href='https:\/\/bambus-deutschland.de\/wp-content\/uploads\/2020\/10\/Aussem_Ute_Beinwell_Phyllostachys_aureosulcata_aureocaulis_Botanischer-Garten_Utrecht_-DSC05416-scaled.jpg' title=\"Phyllostachys aureosulcata &#039;Aureocaulis&#039; im Botanischen Garten Utrecht (Foto: Ute Au\u00dfem)\" data-rl_title=\"Phyllostachys aureosulcata &#039;Aureocaulis&#039; im Botanischen Garten Utrecht (Foto: Ute Au\u00dfem)\" class=\"rl-gallery-link\" data-rl_caption=\"\" data-rel=\"lightbox-gallery-1\"><img loading=\"lazy\" decoding=\"async\" width=\"150\" height=\"150\" src=\"https:\/\/bambus-deutschland.de\/wp-content\/uploads\/2020\/10\/Aussem_Ute_Beinwell_Phyllostachys_aureosulcata_aureocaulis_Botanischer-Garten_Utrecht_-DSC05416-150x150.jpg\" class=\"attachment-thumbnail size-thumbnail\" alt=\"\" aria-describedby=\"gallery-1-3520\" \/><\/a>\n\t\t\t<\/div>\n\t\t\t\t<figcaption class='wp-caption-text gallery-caption' id='gallery-1-3520'>\n\t\t\t\tPhyllostachys aureosulcata &#8218;Aureocaulis&#8216; im Botanischen Garten Utrecht (Foto: Ute Au\u00dfem)\n\t\t\t\t<\/figcaption><\/figure><figure class='gallery-item'>\n\t\t\t<div class='gallery-icon landscape'>\n\t\t\t\t<a href='https:\/\/bambus-deutschland.de\/wp-content\/uploads\/2020\/10\/Aussem_Ute_Beinwell_Phyllostachys_aureosulcata_aureocaulis_Botanischer-Garten_Utrecht_DSC05415-scaled.jpg' title=\"Phyllostachys aureosulcata &#039;Aureocaulis&#039; im Botanischen Garten Utrecht (Foto: Ute Au\u00dfem)\" data-rl_title=\"Phyllostachys aureosulcata &#039;Aureocaulis&#039; im Botanischen Garten Utrecht (Foto: Ute Au\u00dfem)\" class=\"rl-gallery-link\" data-rl_caption=\"\" data-rel=\"lightbox-gallery-1\"><img loading=\"lazy\" decoding=\"async\" width=\"150\" height=\"150\" src=\"https:\/\/bambus-deutschland.de\/wp-content\/uploads\/2020\/10\/Aussem_Ute_Beinwell_Phyllostachys_aureosulcata_aureocaulis_Botanischer-Garten_Utrecht_DSC05415-150x150.jpg\" class=\"attachment-thumbnail size-thumbnail\" alt=\"\" aria-describedby=\"gallery-1-3521\" \/><\/a>\n\t\t\t<\/div>\n\t\t\t\t<figcaption class='wp-caption-text gallery-caption' id='gallery-1-3521'>\n\t\t\t\tPhyllostachys aureosulcata &#8218;Aureocaulis&#8216; im Botanischen Garten Utrecht (Foto: Ute Au\u00dfem)\n\t\t\t\t<\/figcaption><\/figure><figure class='gallery-item'>\n\t\t\t<div class='gallery-icon landscape'>\n\t\t\t\t<a href='https:\/\/bambus-deutschland.de\/wp-content\/uploads\/2020\/10\/12-Pleuss-Sven-Phyl-Aureosulcata-Aureocaulis-2-scaled.jpg' title=\"Phyllostachys aureosulcata &#039;Aureocaulis&#039; (Foto: Sven Pleu\u00df)\" data-rl_title=\"Phyllostachys aureosulcata &#039;Aureocaulis&#039; (Foto: Sven Pleu\u00df)\" class=\"rl-gallery-link\" data-rl_caption=\"\" data-rel=\"lightbox-gallery-1\"><img loading=\"lazy\" decoding=\"async\" width=\"150\" height=\"150\" src=\"https:\/\/bambus-deutschland.de\/wp-content\/uploads\/2020\/10\/12-Pleuss-Sven-Phyl-Aureosulcata-Aureocaulis-2-150x150.jpg\" class=\"attachment-thumbnail size-thumbnail\" alt=\"\" aria-describedby=\"gallery-1-3517\" \/><\/a>\n\t\t\t<\/div>\n\t\t\t\t<figcaption class='wp-caption-text gallery-caption' id='gallery-1-3517'>\n\t\t\t\tPhyllostachys aureosulcata &#8218;Aureocaulis&#8216; (Foto: Sven Pleu\u00df)\n\t\t\t\t<\/figcaption><\/figure><figure class='gallery-item'>\n\t\t\t<div class='gallery-icon landscape'>\n\t\t\t\t<a href='https:\/\/bambus-deutschland.de\/wp-content\/uploads\/2020\/10\/Sven_Pleuss_Phy_Aureosulcata_Aureocaulis-scaled.jpg' title=\"Phyllostachys aureosulcata &#039;Aureocaulis&#039; (Foto: Sven Pleu\u00df)\" data-rl_title=\"Phyllostachys aureosulcata &#039;Aureocaulis&#039; (Foto: Sven Pleu\u00df)\" class=\"rl-gallery-link\" data-rl_caption=\"\" data-rel=\"lightbox-gallery-1\"><img loading=\"lazy\" decoding=\"async\" width=\"150\" height=\"150\" src=\"https:\/\/bambus-deutschland.de\/wp-content\/uploads\/2020\/10\/Sven_Pleuss_Phy_Aureosulcata_Aureocaulis-150x150.jpg\" class=\"attachment-thumbnail size-thumbnail\" alt=\"\" aria-describedby=\"gallery-1-3515\" \/><\/a>\n\t\t\t<\/div>\n\t\t\t\t<figcaption class='wp-caption-text gallery-caption' id='gallery-1-3515'>\n\t\t\t\tPhyllostachys aureosulcata &#8218;Aureocaulis&#8216; (Foto: Sven Pleu\u00df)\n\t\t\t\t<\/figcaption><\/figure><figure class='gallery-item'>\n\t\t\t<div class='gallery-icon landscape'>\n\t\t\t\t<a href='https:\/\/bambus-deutschland.de\/wp-content\/uploads\/2020\/10\/01-Pleuss-Sven-Phyl-Aureosulcata-Aureocaulis-1-scaled.jpg' title=\"Phyllostachys aureosulcata &#039;Aureocaulis&#039; (Foto: Sven Pleu\u00df)\" data-rl_title=\"Phyllostachys aureosulcata &#039;Aureocaulis&#039; (Foto: Sven Pleu\u00df)\" class=\"rl-gallery-link\" data-rl_caption=\"\" data-rel=\"lightbox-gallery-1\"><img loading=\"lazy\" decoding=\"async\" width=\"150\" height=\"150\" src=\"https:\/\/bambus-deutschland.de\/wp-content\/uploads\/2020\/10\/01-Pleuss-Sven-Phyl-Aureosulcata-Aureocaulis-1-150x150.jpg\" class=\"attachment-thumbnail size-thumbnail\" alt=\"\" aria-describedby=\"gallery-1-3516\" \/><\/a>\n\t\t\t<\/div>\n\t\t\t\t<figcaption class='wp-caption-text gallery-caption' id='gallery-1-3516'>\n\t\t\t\tPhyllostachys aureosulcata &#8218;Aureocaulis&#8216; (Foto: Sven Pleu\u00df)\n\t\t\t\t<\/figcaption><\/figure><figure class='gallery-item'>\n\t\t\t<div class='gallery-icon landscape'>\n\t\t\t\t<a href='https:\/\/bambus-deutschland.de\/wp-content\/uploads\/2020\/10\/Bokrijk-Bluete-an-Ph.-aureosulcata-aureocaulis-P1030402.jpg' title=\"Phyllostachys aureosulcata &#039;Aureocaulis&#039; Teilbl\u00fcte (Foto: Ute Au\u00dfem)\" data-rl_title=\"Phyllostachys aureosulcata &#039;Aureocaulis&#039; Teilbl\u00fcte (Foto: Ute Au\u00dfem)\" class=\"rl-gallery-link\" data-rl_caption=\"\" data-rel=\"lightbox-gallery-1\"><img loading=\"lazy\" decoding=\"async\" width=\"150\" height=\"150\" src=\"https:\/\/bambus-deutschland.de\/wp-content\/uploads\/2020\/10\/Bokrijk-Bluete-an-Ph.-aureosulcata-aureocaulis-P1030402-150x150.jpg\" class=\"attachment-thumbnail size-thumbnail\" alt=\"\" aria-describedby=\"gallery-1-3519\" \/><\/a>\n\t\t\t<\/div>\n\t\t\t\t<figcaption class='wp-caption-text gallery-caption' id='gallery-1-3519'>\n\t\t\t\tPhyllostachys aureosulcata &#8218;Aureocaulis&#8216; Teilbl\u00fcte (Foto: Ute Au\u00dfem)\n\t\t\t\t<\/figcaption><\/figure>\n\t\t<\/div>\n\n<p>&nbsp;<\/p>\n","protected":false},"excerpt":{"rendered":"<p>Phyllostachys aureosulcata \u2018Aureocaulis\u2019 H\u00f6he: 5 &#8211; 7 m, \u00e4ltere Best\u00e4nde in g\u00fcnstigen Lagen auch bis 8 m m\u00f6glich. Halme: Schwefelgelb, rau, in der Sonne &#8211; besonders im Fr\u00fchjahr &#8211; rot ausf\u00e4rbend, Zick Zack Wuchs im unteren Bereich nicht ganz so h\u00e4ufig wie bei der Art, Internodien bis 30 cm, Halmdurchmesser bis 30 mm. Bl\u00e4tter: Gl\u00e4nzend &hellip; <a href=\"https:\/\/bambus-deutschland.de\/index.php\/arten-und-sorten\/phyllostachys\/phyllostachys-aureosulcata-aureocaulis\/\" class=\"more-link\"><span class=\"screen-reader-text\">Phyllostachys aureosulcata \u2018Aureocaulis\u2019<\/span> weiterlesen <span class=\"meta-nav\">&rarr;<\/span><\/a><\/p>\n","protected":false},"author":6,"featured_media":0,"parent":2900,"menu_order":0,"comment_status":"closed","ping_status":"closed","template":"","meta":{"iawp_total_views":475,"footnotes":""},"class_list":["post-3523","page","type-page","status-publish","hentry"],"_links":{"self":[{"href":"https:\/\/bambus-deutschland.de\/index.php\/wp-json\/wp\/v2\/pages\/3523","targetHints":{"allow":["GET"]}}],"collection":[{"href":"https:\/\/bambus-deutschland.de\/index.php\/wp-json\/wp\/v2\/pages"}],"about":[{"href":"https:\/\/bambus-deutschland.de\/index.php\/wp-json\/wp\/v2\/types\/page"}],"author":[{"embeddable":true,"href":"https:\/\/bambus-deutschland.de\/index.php\/wp-json\/wp\/v2\/users\/6"}],"replies":[{"embeddable":true,"href":"https:\/\/bambus-deutschland.de\/index.php\/wp-json\/wp\/v2\/comments?post=3523"}],"version-history":[{"count":6,"href":"https:\/\/bambus-deutschland.de\/index.php\/wp-json\/wp\/v2\/pages\/3523\/revisions"}],"predecessor-version":[{"id":3530,"href":"https:\/\/bambus-deutschland.de\/index.php\/wp-json\/wp\/v2\/pages\/3523\/revisions\/3530"}],"up":[{"embeddable":true,"href":"https:\/\/bambus-deutschland.de\/index.php\/wp-json\/wp\/v2\/pages\/2900"}],"wp:attachment":[{"href":"https:\/\/bambus-deutschland.de\/index.php\/wp-json\/wp\/v2\/media?parent=3523"}],"curies":[{"name":"wp","href":"https:\/\/api.w.org\/{rel}","templated":true}]}}