{"id":3531,"date":"2020-10-09T21:03:12","date_gmt":"2020-10-09T19:03:12","guid":{"rendered":"https:\/\/bambus-deutschland.de\/?page_id=3531"},"modified":"2020-10-09T21:33:27","modified_gmt":"2020-10-09T19:33:27","slug":"phyllostachys-aureosulcata-harbin-inversa","status":"publish","type":"page","link":"https:\/\/bambus-deutschland.de\/index.php\/arten-und-sorten\/phyllostachys\/phyllostachys-aureosulcata-harbin-inversa\/","title":{"rendered":"Phyllostachys aureosulcata \u2018Harbin Inversa\u2019"},"content":{"rendered":"<h5><strong><em>Phyllostachys aureosulcata <\/em>\u2018Harbin Inversa\u2019<\/strong> <span id=\"likeBadge\"><\/span><\/h5>\n<p><a href=\"https:\/\/bambus-deutschland.de\/index.php\/beispiel-seite\/bambus-des-jahres\/bambus-des-jahres-portraits\/phyllostachys-aureosulcata-harbin-inversa-bambus-des-jahres-2013\/\"><strong>Bambus des Jahres 2013<\/strong><\/a><\/p>\n<div><strong>H\u00f6he:<\/strong> 5 &#8211; 7 m, \u00e4ltere Best\u00e4nde in g\u00fcnstigen Lagen auch bis 8 m m\u00f6glich.<br \/>\n<strong>Halme:<\/strong> Halme gelb, rau mit unregelm\u00e4\u00dfigen gr\u00fcnen Streifen &#8211; dekorative Zeichnung, gelegentlich zickzack-Wuchs.<br \/>\n<strong>Bl\u00e4tter: <\/strong>Gl\u00e4nzend gr\u00fcn und etwa 16 cm lang und 1,5 cm breit.<br \/>\n<strong>Halmscheiden:<\/strong> Rot-braun gestreift und unbehaart, rasch abfallend.<br \/>\n<strong>Wuchs:\u00a0 <\/strong>Aufrecht, Spitze \u00fcberh\u00e4ngend, sehr wuchsfreudig.<br \/>\n<strong>Winterh\u00e4rte: <\/strong>Eine der winterh\u00e4rtesten <em>Phyllostachys <\/em>und kann daher teils bis unter -20\u00b0C vertragen.<br \/>\n<strong>Standort: <\/strong>Vielseitig verwendbare <em>Phyllostachys<\/em>, geeignet f\u00fcr vollsonnige bis teilschattige Standorte.<br \/>\n<strong>Platzbedarf:<\/strong> Ab 4 m\u00b2<br \/>\n<strong>Verwendung:<\/strong> Anspruchsloser Bambus f\u00fcr Solit\u00e4r- bis Hain-Pflanzung.<\/div>\n<div>Geeignet f\u00fcr Topfkultur allerdings muss regelm\u00e4\u00dfig umgetopft oder geteilt werden. F\u00fcr dauerhafte Begr\u00fcnung von Innenr\u00e4umen ungeeignet.<\/div>\n<div><strong>Herkunft:<\/strong> Die Herkunft dieser Form von <em>Phyllostachys aureosulcata<\/em> ist nicht v\u00f6llig gekl\u00e4rt. Sie k\u00f6nnte als Mutation von <em>Phyllostachys aureosulcata <\/em>\u2018Aureocaulis\u2018 in deren Verbreitungsgebiet (China, Provinzen Zhejiang und Jiangsu) entstanden sein. Nach einigen Quellen soll die Mutation in den 90iger Jahren von David Crompton in England gefunden worden sein.<br \/>\n<strong>Bemerkungen: <\/strong><em>Phyllostachys aureosulcata<\/em> \u2019Harbin Inversa\u2019 ist nicht die inverse Form von <em>Phyllostachys aureosulcata <\/em>\u2019Harbin\u2019, sondern als unabh\u00e4ngige Mutation aus <em>Phyllostachys aureosulcata<\/em> \u2018Aureocaulis\u2018 hervorgegangen.<br \/>\n<strong>Bl\u00fcte:<\/strong> Eine Teilbl\u00fcte ist\u00a0 wie bei allen <em>Phyllostachys aureosulcata<\/em>-Formen bereits seit l\u00e4ngerer Zeit zu beobachten. Die Pflanzen bleiben vital. Es werden kaum keimf\u00e4hige Samen gebildet.<\/div>\n<p>&nbsp;<\/p>\n<div id='gallery-1' class='gallery galleryid-3531 gallery-columns-3 gallery-size-thumbnail'><figure class='gallery-item'>\n\t\t\t<div class='gallery-icon portrait'>\n\t\t\t\t<a href='https:\/\/bambus-deutschland.de\/wp-content\/uploads\/2020\/10\/Foto-2-Daniel-Kunz-P.-harbin-inversa-scaled.jpg' title=\"Phyllostachys aureosulcata \u2019Harbin Inversa\u2019 Sprosse (Foto: Daniel Kunz)\" data-rl_title=\"Phyllostachys aureosulcata \u2019Harbin Inversa\u2019 Sprosse (Foto: Daniel Kunz)\" class=\"rl-gallery-link\" data-rl_caption=\"\" data-rel=\"lightbox-gallery-1\"><img loading=\"lazy\" decoding=\"async\" width=\"150\" height=\"150\" src=\"https:\/\/bambus-deutschland.de\/wp-content\/uploads\/2020\/10\/Foto-2-Daniel-Kunz-P.-harbin-inversa-150x150.jpg\" class=\"attachment-thumbnail size-thumbnail\" alt=\"\" aria-describedby=\"gallery-1-3547\" \/><\/a>\n\t\t\t<\/div>\n\t\t\t\t<figcaption class='wp-caption-text gallery-caption' id='gallery-1-3547'>\n\t\t\t\tPhyllostachys aureosulcata \u2019Harbin Inversa\u2019 Sprosse (Foto: Daniel Kunz)\n\t\t\t\t<\/figcaption><\/figure><figure class='gallery-item'>\n\t\t\t<div class='gallery-icon portrait'>\n\t\t\t\t<a href='https:\/\/bambus-deutschland.de\/wp-content\/uploads\/2020\/10\/Schuette_Jens_harbin_inversa_IMG_6901-scaled.jpg' title=\"Phyllostachys aureosulcata \u2019Harbin Inversa\u2019 (Foto: Jens Sch\u00fctte)\" data-rl_title=\"Phyllostachys aureosulcata \u2019Harbin Inversa\u2019 (Foto: Jens Sch\u00fctte)\" class=\"rl-gallery-link\" data-rl_caption=\"\" data-rel=\"lightbox-gallery-1\"><img loading=\"lazy\" decoding=\"async\" width=\"150\" height=\"150\" src=\"https:\/\/bambus-deutschland.de\/wp-content\/uploads\/2020\/10\/Schuette_Jens_harbin_inversa_IMG_6901-150x150.jpg\" class=\"attachment-thumbnail size-thumbnail\" alt=\"\" aria-describedby=\"gallery-1-3540\" \/><\/a>\n\t\t\t<\/div>\n\t\t\t\t<figcaption class='wp-caption-text gallery-caption' id='gallery-1-3540'>\n\t\t\t\tPhyllostachys aureosulcata \u2019Harbin Inversa\u2019 (Foto: Jens Sch\u00fctte)\n\t\t\t\t<\/figcaption><\/figure><figure class='gallery-item'>\n\t\t\t<div class='gallery-icon landscape'>\n\t\t\t\t<a href='https:\/\/bambus-deutschland.de\/wp-content\/uploads\/2020\/10\/Ute-Aussem-bei-JvdP-harbin-inversa-13-gross-2.jpg' title=\"Phyllostachys aureosulcata \u2019Harbin Inversa\u2019 (Foto: Ute Au\u00dfem)\" data-rl_title=\"Phyllostachys aureosulcata \u2019Harbin Inversa\u2019 (Foto: Ute Au\u00dfem)\" class=\"rl-gallery-link\" data-rl_caption=\"\" data-rel=\"lightbox-gallery-1\"><img loading=\"lazy\" decoding=\"async\" width=\"150\" height=\"150\" src=\"https:\/\/bambus-deutschland.de\/wp-content\/uploads\/2020\/10\/Ute-Aussem-bei-JvdP-harbin-inversa-13-gross-2-150x150.jpg\" class=\"attachment-thumbnail size-thumbnail\" alt=\"\" aria-describedby=\"gallery-1-3542\" \/><\/a>\n\t\t\t<\/div>\n\t\t\t\t<figcaption class='wp-caption-text gallery-caption' id='gallery-1-3542'>\n\t\t\t\tPhyllostachys aureosulcata \u2019Harbin Inversa\u2019 (Foto: Ute Au\u00dfem)\n\t\t\t\t<\/figcaption><\/figure><figure class='gallery-item'>\n\t\t\t<div class='gallery-icon portrait'>\n\t\t\t\t<a href='https:\/\/bambus-deutschland.de\/wp-content\/uploads\/2020\/10\/Foto-4-Daniel-Kunz-P.-harbin-inversa.jpg' title=\"Phyllostachys aureosulcata \u2019Harbin Inversa\u2019 (Foto: Daniel Kunz)\" data-rl_title=\"Phyllostachys aureosulcata \u2019Harbin Inversa\u2019 (Foto: Daniel Kunz)\" class=\"rl-gallery-link\" data-rl_caption=\"\" data-rel=\"lightbox-gallery-1\"><img loading=\"lazy\" decoding=\"async\" width=\"150\" height=\"150\" src=\"https:\/\/bambus-deutschland.de\/wp-content\/uploads\/2020\/10\/Foto-4-Daniel-Kunz-P.-harbin-inversa-150x150.jpg\" class=\"attachment-thumbnail size-thumbnail\" alt=\"\" aria-describedby=\"gallery-1-3546\" \/><\/a>\n\t\t\t<\/div>\n\t\t\t\t<figcaption class='wp-caption-text gallery-caption' id='gallery-1-3546'>\n\t\t\t\tPhyllostachys aureosulcata \u2019Harbin Inversa\u2019 (Foto: Daniel Kunz)\n\t\t\t\t<\/figcaption><\/figure><figure class='gallery-item'>\n\t\t\t<div class='gallery-icon landscape'>\n\t\t\t\t<a href='https:\/\/bambus-deutschland.de\/wp-content\/uploads\/2020\/10\/Toeppner_Lars_Harbin_inversa_5.png' title=\"Phyllostachys aureosulcata \u2019Harbin Inversa\u2019 (Foto: Lars Toeppner)\" data-rl_title=\"Phyllostachys aureosulcata \u2019Harbin Inversa\u2019 (Foto: Lars Toeppner)\" class=\"rl-gallery-link\" data-rl_caption=\"\" data-rel=\"lightbox-gallery-1\"><img loading=\"lazy\" decoding=\"async\" width=\"150\" height=\"150\" src=\"https:\/\/bambus-deutschland.de\/wp-content\/uploads\/2020\/10\/Toeppner_Lars_Harbin_inversa_5-150x150.png\" class=\"attachment-thumbnail size-thumbnail\" alt=\"\" aria-describedby=\"gallery-1-3537\" \/><\/a>\n\t\t\t<\/div>\n\t\t\t\t<figcaption class='wp-caption-text gallery-caption' id='gallery-1-3537'>\n\t\t\t\tPhyllostachys aureosulcata \u2019Harbin Inversa\u2019 (Foto: Lars Toeppner)\n\t\t\t\t<\/figcaption><\/figure><figure class='gallery-item'>\n\t\t\t<div class='gallery-icon portrait'>\n\t\t\t\t<a href='https:\/\/bambus-deutschland.de\/wp-content\/uploads\/2020\/10\/Foto-5-Daniel-Kunz-harbin-inversa-scaled.jpg' title=\"Phyllostachys aureosulcata \u2019Harbin Inversa\u2019 (Foto: Daniel Kunz)\" data-rl_title=\"Phyllostachys aureosulcata \u2019Harbin Inversa\u2019 (Foto: Daniel Kunz)\" class=\"rl-gallery-link\" data-rl_caption=\"\" data-rel=\"lightbox-gallery-1\"><img loading=\"lazy\" decoding=\"async\" width=\"150\" height=\"150\" src=\"https:\/\/bambus-deutschland.de\/wp-content\/uploads\/2020\/10\/Foto-5-Daniel-Kunz-harbin-inversa-150x150.jpg\" class=\"attachment-thumbnail size-thumbnail\" alt=\"\" aria-describedby=\"gallery-1-3545\" \/><\/a>\n\t\t\t<\/div>\n\t\t\t\t<figcaption class='wp-caption-text gallery-caption' id='gallery-1-3545'>\n\t\t\t\tPhyllostachys aureosulcata \u2019Harbin Inversa\u2019 (Foto: Daniel Kunz)\n\t\t\t\t<\/figcaption><\/figure><figure class='gallery-item'>\n\t\t\t<div class='gallery-icon portrait'>\n\t\t\t\t<a href='https:\/\/bambus-deutschland.de\/wp-content\/uploads\/2020\/10\/Toeppner_Lars_Harbin_inversa_8.png' title=\"Phyllostachys aureosulcata \u2019Harbin Inversa\u2019 (Foto: Lars Toeppner)\" data-rl_title=\"Phyllostachys aureosulcata \u2019Harbin Inversa\u2019 (Foto: Lars Toeppner)\" class=\"rl-gallery-link\" data-rl_caption=\"\" data-rel=\"lightbox-gallery-1\"><img loading=\"lazy\" decoding=\"async\" width=\"150\" height=\"150\" src=\"https:\/\/bambus-deutschland.de\/wp-content\/uploads\/2020\/10\/Toeppner_Lars_Harbin_inversa_8-150x150.png\" class=\"attachment-thumbnail size-thumbnail\" alt=\"\" aria-describedby=\"gallery-1-3535\" \/><\/a>\n\t\t\t<\/div>\n\t\t\t\t<figcaption class='wp-caption-text gallery-caption' id='gallery-1-3535'>\n\t\t\t\tPhyllostachys aureosulcata \u2019Harbin Inversa\u2019  (Foto: Lars Toeppner)\n\t\t\t\t<\/figcaption><\/figure><figure class='gallery-item'>\n\t\t\t<div class='gallery-icon portrait'>\n\t\t\t\t<a href='https:\/\/bambus-deutschland.de\/wp-content\/uploads\/2020\/10\/Ute-Aussem-DSC05051-Harbin-inversa-scaled.jpg' title=\"Phyllostachys aureosulcata \u2019Harbin Inversa\u2019 (Foto: Ute Au\u00dfem)\" data-rl_title=\"Phyllostachys aureosulcata \u2019Harbin Inversa\u2019 (Foto: Ute Au\u00dfem)\" class=\"rl-gallery-link\" data-rl_caption=\"\" data-rel=\"lightbox-gallery-1\"><img loading=\"lazy\" decoding=\"async\" width=\"150\" height=\"150\" src=\"https:\/\/bambus-deutschland.de\/wp-content\/uploads\/2020\/10\/Ute-Aussem-DSC05051-Harbin-inversa-150x150.jpg\" class=\"attachment-thumbnail size-thumbnail\" alt=\"\" aria-describedby=\"gallery-1-3539\" \/><\/a>\n\t\t\t<\/div>\n\t\t\t\t<figcaption class='wp-caption-text gallery-caption' id='gallery-1-3539'>\n\t\t\t\tPhyllostachys aureosulcata \u2019Harbin Inversa\u2019 (Foto: Ute Au\u00dfem)\n\t\t\t\t<\/figcaption><\/figure><figure class='gallery-item'>\n\t\t\t<div class='gallery-icon portrait'>\n\t\t\t\t<a href='https:\/\/bambus-deutschland.de\/wp-content\/uploads\/2020\/10\/Toeppner_Lars_Harbin_inversa_6.png' title=\"Phyllostachys aureosulcata \u2019Harbin Inversa\u2019 (Foto: Lars Toeppner)\" data-rl_title=\"Phyllostachys aureosulcata \u2019Harbin Inversa\u2019 (Foto: Lars Toeppner)\" class=\"rl-gallery-link\" data-rl_caption=\"\" data-rel=\"lightbox-gallery-1\"><img loading=\"lazy\" decoding=\"async\" width=\"150\" height=\"150\" src=\"https:\/\/bambus-deutschland.de\/wp-content\/uploads\/2020\/10\/Toeppner_Lars_Harbin_inversa_6-150x150.png\" class=\"attachment-thumbnail size-thumbnail\" alt=\"\" aria-describedby=\"gallery-1-3536\" \/><\/a>\n\t\t\t<\/div>\n\t\t\t\t<figcaption class='wp-caption-text gallery-caption' id='gallery-1-3536'>\n\t\t\t\tPhyllostachys aureosulcata \u2019Harbin Inversa\u2019 (Foto: Lars Toeppner)\n\t\t\t\t<\/figcaption><\/figure><figure class='gallery-item'>\n\t\t\t<div class='gallery-icon portrait'>\n\t\t\t\t<a href='https:\/\/bambus-deutschland.de\/wp-content\/uploads\/2020\/10\/Ute-Aussem-P-harbin-inversa-17-scaled.jpg' title=\"Phyllostachys aureosulcata \u2019Harbin Inversa\u2019 (Foto: Ute Au\u00dfem)\" data-rl_title=\"Phyllostachys aureosulcata \u2019Harbin Inversa\u2019 (Foto: Ute Au\u00dfem)\" class=\"rl-gallery-link\" data-rl_caption=\"\" data-rel=\"lightbox-gallery-1\"><img loading=\"lazy\" decoding=\"async\" width=\"150\" height=\"150\" src=\"https:\/\/bambus-deutschland.de\/wp-content\/uploads\/2020\/10\/Ute-Aussem-P-harbin-inversa-17-150x150.jpg\" class=\"attachment-thumbnail size-thumbnail\" alt=\"\" aria-describedby=\"gallery-1-3544\" \/><\/a>\n\t\t\t<\/div>\n\t\t\t\t<figcaption class='wp-caption-text gallery-caption' id='gallery-1-3544'>\n\t\t\t\tPhyllostachys aureosulcata \u2019Harbin Inversa\u2019 (Foto: Ute Au\u00dfem)\n\t\t\t\t<\/figcaption><\/figure><figure class='gallery-item'>\n\t\t\t<div class='gallery-icon portrait'>\n\t\t\t\t<a href='https:\/\/bambus-deutschland.de\/wp-content\/uploads\/2020\/10\/Foto-3-Ute-Aussem-Phyllostachys_aureosulcata_harbin_inversa-scaled.jpg' title=\"Phyllostachys aureosulcata \u2019Harbin Inversa\u2019 frische Halme (Foto: Ute Au\u00dfem\" data-rl_title=\"Phyllostachys aureosulcata \u2019Harbin Inversa\u2019 frische Halme (Foto: Ute Au\u00dfem\" class=\"rl-gallery-link\" data-rl_caption=\"\" data-rel=\"lightbox-gallery-1\"><img loading=\"lazy\" decoding=\"async\" width=\"150\" height=\"150\" src=\"https:\/\/bambus-deutschland.de\/wp-content\/uploads\/2020\/10\/Foto-3-Ute-Aussem-Phyllostachys_aureosulcata_harbin_inversa-150x150.jpg\" class=\"attachment-thumbnail size-thumbnail\" alt=\"\" aria-describedby=\"gallery-1-3538\" \/><\/a>\n\t\t\t<\/div>\n\t\t\t\t<figcaption class='wp-caption-text gallery-caption' id='gallery-1-3538'>\n\t\t\t\tPhyllostachys aureosulcata \u2019Harbin Inversa\u2019 frische Halme (Foto: Ute Au\u00dfem\n\t\t\t\t<\/figcaption><\/figure><figure class='gallery-item'>\n\t\t\t<div class='gallery-icon landscape'>\n\t\t\t\t<a href='https:\/\/bambus-deutschland.de\/wp-content\/uploads\/2020\/10\/Phyllostachys-harbin-inversa-21.05.2015-bei-Ute-DSC07247-scaled.jpg' title=\"Phyllostachys aureosulcata \u2019Harbin Inversa\u2019 Teilbl\u00fcte 2015 (Foto: Ute Au\u00dfem)\" data-rl_title=\"Phyllostachys aureosulcata \u2019Harbin Inversa\u2019 Teilbl\u00fcte 2015 (Foto: Ute Au\u00dfem)\" class=\"rl-gallery-link\" data-rl_caption=\"\" data-rel=\"lightbox-gallery-1\"><img loading=\"lazy\" decoding=\"async\" width=\"150\" height=\"150\" src=\"https:\/\/bambus-deutschland.de\/wp-content\/uploads\/2020\/10\/Phyllostachys-harbin-inversa-21.05.2015-bei-Ute-DSC07247-150x150.jpg\" class=\"attachment-thumbnail size-thumbnail\" alt=\"\" aria-describedby=\"gallery-1-3534\" \/><\/a>\n\t\t\t<\/div>\n\t\t\t\t<figcaption class='wp-caption-text gallery-caption' id='gallery-1-3534'>\n\t\t\t\tPhyllostachys aureosulcata \u2019Harbin Inversa\u2019 Teilbl\u00fcte 2015 (Foto: Ute Au\u00dfem)\n\t\t\t\t<\/figcaption><\/figure>\n\t\t<\/div>\n\n<p>&nbsp;<\/p>\n","protected":false},"excerpt":{"rendered":"<p>Phyllostachys aureosulcata \u2018Harbin Inversa\u2019 Bambus des Jahres 2013 H\u00f6he: 5 &#8211; 7 m, \u00e4ltere Best\u00e4nde in g\u00fcnstigen Lagen auch bis 8 m m\u00f6glich. Halme: Halme gelb, rau mit unregelm\u00e4\u00dfigen gr\u00fcnen Streifen &#8211; dekorative Zeichnung, gelegentlich zickzack-Wuchs. Bl\u00e4tter: Gl\u00e4nzend gr\u00fcn und etwa 16 cm lang und 1,5 cm breit. Halmscheiden: Rot-braun gestreift und unbehaart, rasch abfallend. &hellip; <a href=\"https:\/\/bambus-deutschland.de\/index.php\/arten-und-sorten\/phyllostachys\/phyllostachys-aureosulcata-harbin-inversa\/\" class=\"more-link\"><span class=\"screen-reader-text\">Phyllostachys aureosulcata \u2018Harbin Inversa\u2019<\/span> weiterlesen <span class=\"meta-nav\">&rarr;<\/span><\/a><\/p>\n","protected":false},"author":6,"featured_media":0,"parent":2900,"menu_order":0,"comment_status":"closed","ping_status":"closed","template":"","meta":{"iawp_total_views":103,"footnotes":""},"class_list":["post-3531","page","type-page","status-publish","hentry"],"_links":{"self":[{"href":"https:\/\/bambus-deutschland.de\/index.php\/wp-json\/wp\/v2\/pages\/3531","targetHints":{"allow":["GET"]}}],"collection":[{"href":"https:\/\/bambus-deutschland.de\/index.php\/wp-json\/wp\/v2\/pages"}],"about":[{"href":"https:\/\/bambus-deutschland.de\/index.php\/wp-json\/wp\/v2\/types\/page"}],"author":[{"embeddable":true,"href":"https:\/\/bambus-deutschland.de\/index.php\/wp-json\/wp\/v2\/users\/6"}],"replies":[{"embeddable":true,"href":"https:\/\/bambus-deutschland.de\/index.php\/wp-json\/wp\/v2\/comments?post=3531"}],"version-history":[{"count":4,"href":"https:\/\/bambus-deutschland.de\/index.php\/wp-json\/wp\/v2\/pages\/3531\/revisions"}],"predecessor-version":[{"id":3552,"href":"https:\/\/bambus-deutschland.de\/index.php\/wp-json\/wp\/v2\/pages\/3531\/revisions\/3552"}],"up":[{"embeddable":true,"href":"https:\/\/bambus-deutschland.de\/index.php\/wp-json\/wp\/v2\/pages\/2900"}],"wp:attachment":[{"href":"https:\/\/bambus-deutschland.de\/index.php\/wp-json\/wp\/v2\/media?parent=3531"}],"curies":[{"name":"wp","href":"https:\/\/api.w.org\/{rel}","templated":true}]}}