{"id":3608,"date":"2020-10-12T18:53:14","date_gmt":"2020-10-12T16:53:14","guid":{"rendered":"https:\/\/bambus-deutschland.de\/?page_id=3608"},"modified":"2020-10-12T21:51:52","modified_gmt":"2020-10-12T19:51:52","slug":"phyllostachys-edulis","status":"publish","type":"page","link":"https:\/\/bambus-deutschland.de\/index.php\/arten-und-sorten\/phyllostachys\/phyllostachys-edulis\/","title":{"rendered":"Phyllostachys edulis"},"content":{"rendered":"<h5><strong><em>Phyllostachys edulis<\/em><\/strong> <span id=\"likeBadge\"><\/span><\/h5>\n<div><strong>H\u00f6he:<\/strong> In Mitteleuropa 4-6 m, in Regionen mit gro\u00dfer Sommerw\u00e4rme und milden Wintern bis \u00fcber 10 m, in S\u00fcdeuropa und China bis deutlich \u00fcber 20 m.<\/div>\n<div><strong>Halme:<\/strong> Gr\u00fcn, neuer Austrieb samtig behaart, Internodien 23 cm, Durchmesser 30-50 mm, in S\u00fcdeuropa und China bis 180 mm.<\/div>\n<div><strong>Bl\u00e4tter:<\/strong> 17 cm lang und 12 mm breit, neben <em>Phyllostachys parvifoli<\/em>a die wohl kleinsten <em>Phyllostachys<\/em>-Bl\u00e4tter \u00fcberhaupt.<\/div>\n<div><strong>Halmscheiden:<\/strong> Schwarzbraun sehr dicht gefleckt, behaart, schnell abfallend, ausgepr\u00e4gte Wimpern.<\/div>\n<div><strong>Wuchs<\/strong>: Aufrecht, j\u00fcngere Best\u00e4nde auch leicht schr\u00e4ge Halmstellung, Spitze bogig \u00fcberh\u00e4ngend, ben\u00f6tigt viele Jahre zum Aufbau.<\/div>\n<div><strong>Winterh\u00e4rte: <\/strong>Bis -17 C\u00b0, nur in sehr milden Regionen, z.B. Weinbauklima befriedigend winterhart, Winterh\u00e4rtezone 8a.<\/div>\n<div><strong>Standort:<\/strong> Vollsonnig, Schutz vor Nord- und Ostwinden.<\/div>\n<div><strong>Platzbedarf:<\/strong> Ab 4 m\u00b2, um dicke Halme zu bekommen ist bei dieser Art aber deutlich mehr Platz n\u00f6tig!<\/div>\n<div><strong>Verwendung:<\/strong> Solit\u00e4r, Hain<\/div>\n<div><strong>Herkunft:<\/strong> China<\/div>\n<p><strong>Bemerkungen:<\/strong> Das grazile Blattwerk in Verbindung mit den samtigen dicken Halmen und der ganz eigenen Zweighaltung macht diesen Bambus zu etwas ganz Besonderem.<br \/>\nLeider in Deutschland sehr grenzwertig, sowohl von der Winterh\u00e4rte als auch von der W\u00e4rmesumme her. Aufgrund einiger Bl\u00fchereignisse gab es in den vergangenen 15 Jahren immer wieder Saatgut und dementsprechend unterschiedliche S\u00e4mlinge, einige scheinen auch unter k\u00fchleren Bedingungen sehr w\u00fcchsig und winterh\u00e4rter zu sein, so z.B. <em>Phyllostachys edulis<\/em> \u2018Bokrijk\u2019.<\/p>\n<div id='gallery-1' class='gallery galleryid-3608 gallery-columns-3 gallery-size-thumbnail'><figure class='gallery-item'>\n\t\t\t<div class='gallery-icon portrait'>\n\t\t\t\t<a href='https:\/\/bambus-deutschland.de\/wp-content\/uploads\/2020\/10\/Aussem_Ute_Bokrijk_Moso_P1040939.jpg' title=\"Phyllostachys edulis &#039;Bokrijk&#039; Spross im Arboretum Bokrijk (Foto: Ute Au\u00dfem)\" data-rl_title=\"Phyllostachys edulis &#039;Bokrijk&#039; Spross im Arboretum Bokrijk (Foto: Ute Au\u00dfem)\" class=\"rl-gallery-link\" data-rl_caption=\"\" data-rel=\"lightbox-gallery-1\"><img loading=\"lazy\" decoding=\"async\" width=\"150\" height=\"150\" src=\"https:\/\/bambus-deutschland.de\/wp-content\/uploads\/2020\/10\/Aussem_Ute_Bokrijk_Moso_P1040939-150x150.jpg\" class=\"attachment-thumbnail size-thumbnail\" alt=\"\" aria-describedby=\"gallery-1-3619\" \/><\/a>\n\t\t\t<\/div>\n\t\t\t\t<figcaption class='wp-caption-text gallery-caption' id='gallery-1-3619'>\n\t\t\t\tPhyllostachys edulis &#8218;Bokrijk&#8216; Spross im Arboretum Bokrijk (Foto: Ute Au\u00dfem)\n\t\t\t\t<\/figcaption><\/figure><figure class='gallery-item'>\n\t\t\t<div class='gallery-icon portrait'>\n\t\t\t\t<a href='https:\/\/bambus-deutschland.de\/wp-content\/uploads\/2020\/10\/Bokrijk-Moso-P1250154-scaled.jpg' title=\"Phyllostachys edulis &#039;Bokrijk&#039; Sprosse im Arboretum Bokrijk (Foto: Ute Au\u00dfem)\" data-rl_title=\"Phyllostachys edulis &#039;Bokrijk&#039; Sprosse im Arboretum Bokrijk (Foto: Ute Au\u00dfem)\" class=\"rl-gallery-link\" data-rl_caption=\"\" data-rel=\"lightbox-gallery-1\"><img loading=\"lazy\" decoding=\"async\" width=\"150\" height=\"150\" src=\"https:\/\/bambus-deutschland.de\/wp-content\/uploads\/2020\/10\/Bokrijk-Moso-P1250154-150x150.jpg\" class=\"attachment-thumbnail size-thumbnail\" alt=\"\" aria-describedby=\"gallery-1-3620\" \/><\/a>\n\t\t\t<\/div>\n\t\t\t\t<figcaption class='wp-caption-text gallery-caption' id='gallery-1-3620'>\n\t\t\t\tPhyllostachys edulis &#8218;Bokrijk&#8216; Sprosse im Arboretum Bokrijk (Foto: Ute Au\u00dfem)\n\t\t\t\t<\/figcaption><\/figure><figure class='gallery-item'>\n\t\t\t<div class='gallery-icon portrait'>\n\t\t\t\t<a href='https:\/\/bambus-deutschland.de\/wp-content\/uploads\/2020\/10\/Bokrijk-Moso-P1250149-scaled.jpg' title=\"Phyllostachys edulis &#039;Bokrijk&#039; Spross im Arboretum Bokrijk (Foto: Ute Au\u00dfem)\" data-rl_title=\"Phyllostachys edulis &#039;Bokrijk&#039; Spross im Arboretum Bokrijk (Foto: Ute Au\u00dfem)\" class=\"rl-gallery-link\" data-rl_caption=\"\" data-rel=\"lightbox-gallery-1\"><img loading=\"lazy\" decoding=\"async\" width=\"150\" height=\"150\" src=\"https:\/\/bambus-deutschland.de\/wp-content\/uploads\/2020\/10\/Bokrijk-Moso-P1250149-150x150.jpg\" class=\"attachment-thumbnail size-thumbnail\" alt=\"\" aria-describedby=\"gallery-1-3621\" \/><\/a>\n\t\t\t<\/div>\n\t\t\t\t<figcaption class='wp-caption-text gallery-caption' id='gallery-1-3621'>\n\t\t\t\tPhyllostachys edulis &#8218;Bokrijk&#8216; Spross im Arboretum Bokrijk (Foto: Ute Au\u00dfem)\n\t\t\t\t<\/figcaption><\/figure><figure class='gallery-item'>\n\t\t\t<div class='gallery-icon portrait'>\n\t\t\t\t<a href='https:\/\/bambus-deutschland.de\/wp-content\/uploads\/2020\/10\/Aussem_Ute_Bokrijk_Moso_2013.jpg' title=\"Phyllostachys edulis &#039;Bokrijk&#039; Spross im Arboretum Bokrijk (Foto: Ute Au\u00dfem)\" data-rl_title=\"Phyllostachys edulis &#039;Bokrijk&#039; Spross im Arboretum Bokrijk (Foto: Ute Au\u00dfem)\" class=\"rl-gallery-link\" data-rl_caption=\"\" data-rel=\"lightbox-gallery-1\"><img loading=\"lazy\" decoding=\"async\" width=\"150\" height=\"150\" src=\"https:\/\/bambus-deutschland.de\/wp-content\/uploads\/2020\/10\/Aussem_Ute_Bokrijk_Moso_2013-150x150.jpg\" class=\"attachment-thumbnail size-thumbnail\" alt=\"\" aria-describedby=\"gallery-1-3618\" \/><\/a>\n\t\t\t<\/div>\n\t\t\t\t<figcaption class='wp-caption-text gallery-caption' id='gallery-1-3618'>\n\t\t\t\tPhyllostachys edulis &#8218;Bokrijk&#8216; Spross im Arboretum Bokrijk (Foto: Ute Au\u00dfem)\n\t\t\t\t<\/figcaption><\/figure><figure class='gallery-item'>\n\t\t\t<div class='gallery-icon landscape'>\n\t\t\t\t<a href='https:\/\/bambus-deutschland.de\/wp-content\/uploads\/2020\/10\/Aussem-Ute-Moso-bei-Arndt-am-8.-Maerz-P1140825-scaled.jpg' title=\"Phyllostachys edulis in einem Privatgarten in K\u00f6ln-Dellbr\u00fcck (Foto: Ute Au\u00dfem)\" data-rl_title=\"Phyllostachys edulis in einem Privatgarten in K\u00f6ln-Dellbr\u00fcck (Foto: Ute Au\u00dfem)\" class=\"rl-gallery-link\" data-rl_caption=\"\" data-rel=\"lightbox-gallery-1\"><img loading=\"lazy\" decoding=\"async\" width=\"150\" height=\"150\" src=\"https:\/\/bambus-deutschland.de\/wp-content\/uploads\/2020\/10\/Aussem-Ute-Moso-bei-Arndt-am-8.-Maerz-P1140825-150x150.jpg\" class=\"attachment-thumbnail size-thumbnail\" alt=\"\" aria-describedby=\"gallery-1-3625\" \/><\/a>\n\t\t\t<\/div>\n\t\t\t\t<figcaption class='wp-caption-text gallery-caption' id='gallery-1-3625'>\n\t\t\t\tPhyllostachys edulis in einem Privatgarten in K\u00f6ln-Dellbr\u00fcck (Foto: Ute Au\u00dfem)\n\t\t\t\t<\/figcaption><\/figure><figure class='gallery-item'>\n\t\t\t<div class='gallery-icon landscape'>\n\t\t\t\t<a href='https:\/\/bambus-deutschland.de\/wp-content\/uploads\/2020\/10\/Bokrijk-Ph.-edulis-Moso-P1030435.jpg' title=\"Phyllostachys edulis &#039;Bokrijk&#039; im Arboretum Bokrijk (Foto: Ute Au\u00dfem)\" data-rl_title=\"Phyllostachys edulis &#039;Bokrijk&#039; im Arboretum Bokrijk (Foto: Ute Au\u00dfem)\" class=\"rl-gallery-link\" data-rl_caption=\"\" data-rel=\"lightbox-gallery-1\"><img loading=\"lazy\" decoding=\"async\" width=\"150\" height=\"150\" src=\"https:\/\/bambus-deutschland.de\/wp-content\/uploads\/2020\/10\/Bokrijk-Ph.-edulis-Moso-P1030435-150x150.jpg\" class=\"attachment-thumbnail size-thumbnail\" alt=\"\" aria-describedby=\"gallery-1-3612\" \/><\/a>\n\t\t\t<\/div>\n\t\t\t\t<figcaption class='wp-caption-text gallery-caption' id='gallery-1-3612'>\n\t\t\t\tPhyllostachys edulis &#8218;Bokrijk&#8216; im Arboretum Bokrijk (Foto: Ute Au\u00dfem)\n\t\t\t\t<\/figcaption><\/figure><figure class='gallery-item'>\n\t\t\t<div class='gallery-icon portrait'>\n\t\t\t\t<a href='https:\/\/bambus-deutschland.de\/wp-content\/uploads\/2020\/10\/Aussem-Ute-Moso-Conservatoire-botanique-national-de-Brest-P1170839-scaled.jpg' title=\"Phyllostachys edulis &#039;Bokrijk&#039; im Conservatoire botanique national de Brest (Foto: Ute Au\u00dfem)\" data-rl_title=\"Phyllostachys edulis &#039;Bokrijk&#039; im Conservatoire botanique national de Brest (Foto: Ute Au\u00dfem)\" class=\"rl-gallery-link\" data-rl_caption=\"\" data-rel=\"lightbox-gallery-1\"><img loading=\"lazy\" decoding=\"async\" width=\"150\" height=\"150\" src=\"https:\/\/bambus-deutschland.de\/wp-content\/uploads\/2020\/10\/Aussem-Ute-Moso-Conservatoire-botanique-national-de-Brest-P1170839-150x150.jpg\" class=\"attachment-thumbnail size-thumbnail\" alt=\"\" aria-describedby=\"gallery-1-3623\" \/><\/a>\n\t\t\t<\/div>\n\t\t\t\t<figcaption class='wp-caption-text gallery-caption' id='gallery-1-3623'>\n\t\t\t\tPhyllostachys edulis &#8218;Bokrijk&#8216; im Conservatoire botanique national de Brest (Foto: Ute Au\u00dfem)\n\t\t\t\t<\/figcaption><\/figure><figure class='gallery-item'>\n\t\t\t<div class='gallery-icon landscape'>\n\t\t\t\t<a href='https:\/\/bambus-deutschland.de\/wp-content\/uploads\/2020\/10\/Moso-P1100011-2.jpg' title=\"Phyllostachys edulis &#039;Bokrijk&#039; im Arboretum Bokrijk (Foto: Ute Au\u00dfem)\" data-rl_title=\"Phyllostachys edulis &#039;Bokrijk&#039; im Arboretum Bokrijk (Foto: Ute Au\u00dfem)\" class=\"rl-gallery-link\" data-rl_caption=\"\" data-rel=\"lightbox-gallery-1\"><img loading=\"lazy\" decoding=\"async\" width=\"150\" height=\"150\" src=\"https:\/\/bambus-deutschland.de\/wp-content\/uploads\/2020\/10\/Moso-P1100011-2-150x150.jpg\" class=\"attachment-thumbnail size-thumbnail\" alt=\"\" aria-describedby=\"gallery-1-3615\" srcset=\"https:\/\/bambus-deutschland.de\/wp-content\/uploads\/2020\/10\/Moso-P1100011-2-150x150.jpg 150w, https:\/\/bambus-deutschland.de\/wp-content\/uploads\/2020\/10\/Moso-P1100011-2-300x300.jpg 300w, https:\/\/bambus-deutschland.de\/wp-content\/uploads\/2020\/10\/Moso-P1100011-2-1024x1024.jpg 1024w, https:\/\/bambus-deutschland.de\/wp-content\/uploads\/2020\/10\/Moso-P1100011-2-768x768.jpg 768w, https:\/\/bambus-deutschland.de\/wp-content\/uploads\/2020\/10\/Moso-P1100011-2-1536x1536.jpg 1536w, https:\/\/bambus-deutschland.de\/wp-content\/uploads\/2020\/10\/Moso-P1100011-2-2048x2048.jpg 2048w\" sizes=\"auto, (max-width: 150px) 100vw, 150px\" \/><\/a>\n\t\t\t<\/div>\n\t\t\t\t<figcaption class='wp-caption-text gallery-caption' id='gallery-1-3615'>\n\t\t\t\tPhyllostachys edulis &#8218;Bokrijk&#8216; im Arboretum Bokrijk (Foto: Ute Au\u00dfem)\n\t\t\t\t<\/figcaption><\/figure><figure class='gallery-item'>\n\t\t\t<div class='gallery-icon portrait'>\n\t\t\t\t<a href='https:\/\/bambus-deutschland.de\/wp-content\/uploads\/2020\/10\/Aussem-Ute-Moso-Conservatoire-botanique-national-de-Brest-P1170845-scaled.jpg' title=\"Phyllostachys edulis &#039;Bokrijk&#039; im Conservatoire botanique national de Brest (Foto: Ute Au\u00dfem)\" data-rl_title=\"Phyllostachys edulis &#039;Bokrijk&#039; im Conservatoire botanique national de Brest (Foto: Ute Au\u00dfem)\" class=\"rl-gallery-link\" data-rl_caption=\"\" data-rel=\"lightbox-gallery-1\"><img loading=\"lazy\" decoding=\"async\" width=\"150\" height=\"150\" src=\"https:\/\/bambus-deutschland.de\/wp-content\/uploads\/2020\/10\/Aussem-Ute-Moso-Conservatoire-botanique-national-de-Brest-P1170845-150x150.jpg\" class=\"attachment-thumbnail size-thumbnail\" alt=\"\" aria-describedby=\"gallery-1-3622\" \/><\/a>\n\t\t\t<\/div>\n\t\t\t\t<figcaption class='wp-caption-text gallery-caption' id='gallery-1-3622'>\n\t\t\t\tPhyllostachys edulis &#8218;Bokrijk&#8216; im Conservatoire botanique national de Brest (Foto: Ute Au\u00dfem)\n\t\t\t\t<\/figcaption><\/figure><figure class='gallery-item'>\n\t\t\t<div class='gallery-icon landscape'>\n\t\t\t\t<a href='https:\/\/bambus-deutschland.de\/wp-content\/uploads\/2020\/10\/Moso-P1090995-3.jpg' title=\"Phyllostachys edulis &#039;Bokrijk&#039; Halmscheidenbl\u00e4tter im Arboretum Bokrijk (Foto: Ute Au\u00dfem)\" data-rl_title=\"Phyllostachys edulis &#039;Bokrijk&#039; Halmscheidenbl\u00e4tter im Arboretum Bokrijk (Foto: Ute Au\u00dfem)\" class=\"rl-gallery-link\" data-rl_caption=\"\" data-rel=\"lightbox-gallery-1\"><img loading=\"lazy\" decoding=\"async\" width=\"150\" height=\"150\" src=\"https:\/\/bambus-deutschland.de\/wp-content\/uploads\/2020\/10\/Moso-P1090995-3-150x150.jpg\" class=\"attachment-thumbnail size-thumbnail\" alt=\"\" aria-describedby=\"gallery-1-3617\" srcset=\"https:\/\/bambus-deutschland.de\/wp-content\/uploads\/2020\/10\/Moso-P1090995-3-150x150.jpg 150w, https:\/\/bambus-deutschland.de\/wp-content\/uploads\/2020\/10\/Moso-P1090995-3-300x300.jpg 300w, https:\/\/bambus-deutschland.de\/wp-content\/uploads\/2020\/10\/Moso-P1090995-3-1024x1024.jpg 1024w, https:\/\/bambus-deutschland.de\/wp-content\/uploads\/2020\/10\/Moso-P1090995-3-768x768.jpg 768w, https:\/\/bambus-deutschland.de\/wp-content\/uploads\/2020\/10\/Moso-P1090995-3-1536x1536.jpg 1536w, https:\/\/bambus-deutschland.de\/wp-content\/uploads\/2020\/10\/Moso-P1090995-3-2048x2048.jpg 2048w\" sizes=\"auto, (max-width: 150px) 100vw, 150px\" \/><\/a>\n\t\t\t<\/div>\n\t\t\t\t<figcaption class='wp-caption-text gallery-caption' id='gallery-1-3617'>\n\t\t\t\tPhyllostachys edulis &#8218;Bokrijk&#8216; Halmscheidenbl\u00e4tter im Arboretum Bokrijk (Foto: Ute Au\u00dfem)\n\t\t\t\t<\/figcaption><\/figure><figure class='gallery-item'>\n\t\t\t<div class='gallery-icon portrait'>\n\t\t\t\t<a href='https:\/\/bambus-deutschland.de\/wp-content\/uploads\/2020\/10\/Moso-bei-Arndt-P1150906-scaled.jpg' title=\"Phyllostachys edulis in einem Privatgarten in K\u00f6ln-Dellbr\u00fcck (Foto: Ute Au\u00dfem)\" data-rl_title=\"Phyllostachys edulis in einem Privatgarten in K\u00f6ln-Dellbr\u00fcck (Foto: Ute Au\u00dfem)\" class=\"rl-gallery-link\" data-rl_caption=\"\" data-rel=\"lightbox-gallery-1\"><img loading=\"lazy\" decoding=\"async\" width=\"150\" height=\"150\" src=\"https:\/\/bambus-deutschland.de\/wp-content\/uploads\/2020\/10\/Moso-bei-Arndt-P1150906-150x150.jpg\" class=\"attachment-thumbnail size-thumbnail\" alt=\"\" aria-describedby=\"gallery-1-3624\" \/><\/a>\n\t\t\t<\/div>\n\t\t\t\t<figcaption class='wp-caption-text gallery-caption' id='gallery-1-3624'>\n\t\t\t\tPhyllostachys edulis in einem Privatgarten in K\u00f6ln-Dellbr\u00fcck (Foto: Ute Au\u00dfem)\n\t\t\t\t<\/figcaption><\/figure><figure class='gallery-item'>\n\t\t\t<div class='gallery-icon portrait'>\n\t\t\t\t<a href='https:\/\/bambus-deutschland.de\/wp-content\/uploads\/2020\/10\/Moso-P1090996-2-scaled.jpg' title=\"Phyllostachys edulis &#039;Bokrijk&#039; Austrieb im Arboretum Bokrijk (Foto: Ute Au\u00dfem)\" data-rl_title=\"Phyllostachys edulis &#039;Bokrijk&#039; Austrieb im Arboretum Bokrijk (Foto: Ute Au\u00dfem)\" class=\"rl-gallery-link\" data-rl_caption=\"\" data-rel=\"lightbox-gallery-1\"><img loading=\"lazy\" decoding=\"async\" width=\"150\" height=\"150\" src=\"https:\/\/bambus-deutschland.de\/wp-content\/uploads\/2020\/10\/Moso-P1090996-2-150x150.jpg\" class=\"attachment-thumbnail size-thumbnail\" alt=\"\" aria-describedby=\"gallery-1-3616\" \/><\/a>\n\t\t\t<\/div>\n\t\t\t\t<figcaption class='wp-caption-text gallery-caption' id='gallery-1-3616'>\n\t\t\t\tPhyllostachys edulis &#8218;Bokrijk&#8216; Austrieb im Arboretum Bokrijk (Foto: Ute Au\u00dfem)\n\t\t\t\t<\/figcaption><\/figure><figure class='gallery-item'>\n\t\t\t<div class='gallery-icon landscape'>\n\t\t\t\t<a href='https:\/\/bambus-deutschland.de\/wp-content\/uploads\/2020\/10\/Bernd-Demes-P.-edulis-DSC_0108-600.jpg' title=\"Phyllostachys edulis (Foto: Bernd Demes)\" data-rl_title=\"Phyllostachys edulis (Foto: Bernd Demes)\" class=\"rl-gallery-link\" data-rl_caption=\"\" data-rel=\"lightbox-gallery-1\"><img loading=\"lazy\" decoding=\"async\" width=\"150\" height=\"150\" src=\"https:\/\/bambus-deutschland.de\/wp-content\/uploads\/2020\/10\/Bernd-Demes-P.-edulis-DSC_0108-600-150x150.jpg\" class=\"attachment-thumbnail size-thumbnail\" alt=\"\" aria-describedby=\"gallery-1-3614\" \/><\/a>\n\t\t\t<\/div>\n\t\t\t\t<figcaption class='wp-caption-text gallery-caption' id='gallery-1-3614'>\n\t\t\t\tPhyllostachys edulis (Foto: Bernd Demes)\n\t\t\t\t<\/figcaption><\/figure><figure class='gallery-item'>\n\t\t\t<div class='gallery-icon portrait'>\n\t\t\t\t<a href='https:\/\/bambus-deutschland.de\/wp-content\/uploads\/2020\/10\/Aussem_Ute_Phyllostachys_edulis_Villa_Carlotta-scaled.jpg' title=\"Phyllostachys edulis &#039;Bokrijk&#039; im Garten der Villa Carlotta (Foto: Ute Au\u00dfem)\" data-rl_title=\"Phyllostachys edulis &#039;Bokrijk&#039; im Garten der Villa Carlotta (Foto: Ute Au\u00dfem)\" class=\"rl-gallery-link\" data-rl_caption=\"\" data-rel=\"lightbox-gallery-1\"><img loading=\"lazy\" decoding=\"async\" width=\"150\" height=\"150\" src=\"https:\/\/bambus-deutschland.de\/wp-content\/uploads\/2020\/10\/Aussem_Ute_Phyllostachys_edulis_Villa_Carlotta-150x150.jpg\" class=\"attachment-thumbnail size-thumbnail\" alt=\"\" aria-describedby=\"gallery-1-3613\" \/><\/a>\n\t\t\t<\/div>\n\t\t\t\t<figcaption class='wp-caption-text gallery-caption' id='gallery-1-3613'>\n\t\t\t\tPhyllostachys edulis &#8218;Bokrijk&#8216; im Garten der Villa Carlotta (Foto: Ute Au\u00dfem)\n\t\t\t\t<\/figcaption><\/figure>\n\t\t<\/div>\n\n<p>&nbsp;<\/p>\n","protected":false},"excerpt":{"rendered":"<p>Phyllostachys edulis H\u00f6he: In Mitteleuropa 4-6 m, in Regionen mit gro\u00dfer Sommerw\u00e4rme und milden Wintern bis \u00fcber 10 m, in S\u00fcdeuropa und China bis deutlich \u00fcber 20 m. Halme: Gr\u00fcn, neuer Austrieb samtig behaart, Internodien 23 cm, Durchmesser 30-50 mm, in S\u00fcdeuropa und China bis 180 mm. Bl\u00e4tter: 17 cm lang und 12 mm breit, &hellip; <a href=\"https:\/\/bambus-deutschland.de\/index.php\/arten-und-sorten\/phyllostachys\/phyllostachys-edulis\/\" class=\"more-link\"><span class=\"screen-reader-text\">Phyllostachys edulis<\/span> weiterlesen <span class=\"meta-nav\">&rarr;<\/span><\/a><\/p>\n","protected":false},"author":6,"featured_media":0,"parent":2900,"menu_order":0,"comment_status":"closed","ping_status":"closed","template":"","meta":{"iawp_total_views":510,"footnotes":""},"class_list":["post-3608","page","type-page","status-publish","hentry"],"_links":{"self":[{"href":"https:\/\/bambus-deutschland.de\/index.php\/wp-json\/wp\/v2\/pages\/3608","targetHints":{"allow":["GET"]}}],"collection":[{"href":"https:\/\/bambus-deutschland.de\/index.php\/wp-json\/wp\/v2\/pages"}],"about":[{"href":"https:\/\/bambus-deutschland.de\/index.php\/wp-json\/wp\/v2\/types\/page"}],"author":[{"embeddable":true,"href":"https:\/\/bambus-deutschland.de\/index.php\/wp-json\/wp\/v2\/users\/6"}],"replies":[{"embeddable":true,"href":"https:\/\/bambus-deutschland.de\/index.php\/wp-json\/wp\/v2\/comments?post=3608"}],"version-history":[{"count":6,"href":"https:\/\/bambus-deutschland.de\/index.php\/wp-json\/wp\/v2\/pages\/3608\/revisions"}],"predecessor-version":[{"id":3629,"href":"https:\/\/bambus-deutschland.de\/index.php\/wp-json\/wp\/v2\/pages\/3608\/revisions\/3629"}],"up":[{"embeddable":true,"href":"https:\/\/bambus-deutschland.de\/index.php\/wp-json\/wp\/v2\/pages\/2900"}],"wp:attachment":[{"href":"https:\/\/bambus-deutschland.de\/index.php\/wp-json\/wp\/v2\/media?parent=3608"}],"curies":[{"name":"wp","href":"https:\/\/api.w.org\/{rel}","templated":true}]}}