{"id":3654,"date":"2020-10-12T22:40:26","date_gmt":"2020-10-12T20:40:26","guid":{"rendered":"https:\/\/bambus-deutschland.de\/?page_id=3654"},"modified":"2020-10-13T22:35:20","modified_gmt":"2020-10-13T20:35:20","slug":"phyllostachys-incarnata","status":"publish","type":"page","link":"https:\/\/bambus-deutschland.de\/index.php\/arten-und-sorten\/phyllostachys\/phyllostachys-incarnata\/","title":{"rendered":"Phyllostachys incarnata"},"content":{"rendered":"<h5><strong><em>Phyllostachys incarnata<\/em><\/strong> <span id=\"likeBadge\"><\/span><\/h5>\n<div><strong>H\u00f6he:<\/strong> Bis 8 m<\/div>\n<div><strong>Halme:<\/strong> Bis 4,5 cm \u00d8, anfangs stark wei\u00df bemehlt besonders unterhalb der Nodien. Internodien etwa 25 &#8211; 30 cm lang.<\/div>\n<div><strong>Bl\u00e4tter:<\/strong> Etwa 12 &#8211; 14 cm lang und 2 &#8211; 2,5 cm breit.<\/div>\n<div><strong>Halmscheiden:<\/strong> Rotbraun, an d\u00fcnnen Halmen gr\u00fcnlich, manchmal mit wenigen kleinen Punkten.<\/div>\n<div><strong>Wuchs<\/strong>: Sehr w\u00fcchsig, aufrecht, Spitze \u00fcberh\u00e4ngend.<\/div>\n<div><strong>Winterh\u00e4rte:\u00a0<\/strong>Die Herkunft l\u00e4\u00dft keine \u00fcberw\u00e4ltigende Winterh\u00e4rte erwarten (etwa -18 \u00b0C), Erfahrungswerte f\u00fcr Mitteleuropa fehlen aber noch weitgehend. Die Pflanze hat allerdings im RMG -20\u00b0C im Winter 08\/09 wintergr\u00fcn \u00fcberstanden!<\/div>\n<div><strong>Standort:<\/strong> Sonnig-halbschatten, gesch\u00fctzt.<\/div>\n<div><strong>Platzbedarf:<\/strong> Mit Rhizomsperre ab 6 m\u00b2.<\/div>\n<div><strong>Verwendung:<\/strong> Solit\u00e4r, Hain<\/div>\n<div><strong>Herkunft:<\/strong> China, in Fujian und Zhejiang in Kultur.<\/div>\n<p><strong>Bemerkungen:<\/strong> Relativ neu eingef\u00fchrt, daher fehlen ausreichende Erfahrungen in Mitteleuropa. In den Niederlanden innerhalb von 8 Jahren (vom Rhizomst\u00fcck) auf fast 8 m gewachsen. Nach der aktuellen Flora of China dieselbe Art wie <em>Phyllostachys primotina<\/em>. Die z.Z. als <em>P. primotina<\/em> und <em>P. incarnata<\/em> in Europa kultivierten Pflanzen sind aber recht wenig \u00e4hnlich.<\/p>\n<div id='gallery-1' class='gallery galleryid-3654 gallery-columns-2 gallery-size-thumbnail'><figure class='gallery-item'>\n\t\t\t<div class='gallery-icon portrait'>\n\t\t\t\t<a href='https:\/\/bambus-deutschland.de\/wp-content\/uploads\/2020\/10\/incarnata-bei-Juergen-P1210610-scaled.jpg' title=\"Phyllostachys incarnata (Foto: Ute Au\u00dfem)\" data-rl_title=\"Phyllostachys incarnata (Foto: Ute Au\u00dfem)\" class=\"rl-gallery-link\" data-rl_caption=\"\" data-rel=\"lightbox-gallery-1\"><img loading=\"lazy\" decoding=\"async\" width=\"150\" height=\"150\" src=\"https:\/\/bambus-deutschland.de\/wp-content\/uploads\/2020\/10\/incarnata-bei-Juergen-P1210610-150x150.jpg\" class=\"attachment-thumbnail size-thumbnail\" alt=\"\" aria-describedby=\"gallery-1-3658\" \/><\/a>\n\t\t\t<\/div>\n\t\t\t\t<figcaption class='wp-caption-text gallery-caption' id='gallery-1-3658'>\n\t\t\t\tPhyllostachys incarnata (Foto: Ute Au\u00dfem)\n\t\t\t\t<\/figcaption><\/figure><figure class='gallery-item'>\n\t\t\t<div class='gallery-icon portrait'>\n\t\t\t\t<a href='https:\/\/bambus-deutschland.de\/wp-content\/uploads\/2020\/10\/incarnata-bei-Juergen-P1210613-scaled.jpg' title=\"Phyllostachys incarnata (Foto: Ute Au\u00dfem)\" data-rl_title=\"Phyllostachys incarnata (Foto: Ute Au\u00dfem)\" class=\"rl-gallery-link\" data-rl_caption=\"\" data-rel=\"lightbox-gallery-1\"><img loading=\"lazy\" decoding=\"async\" width=\"150\" height=\"150\" src=\"https:\/\/bambus-deutschland.de\/wp-content\/uploads\/2020\/10\/incarnata-bei-Juergen-P1210613-150x150.jpg\" class=\"attachment-thumbnail size-thumbnail\" alt=\"\" aria-describedby=\"gallery-1-3657\" \/><\/a>\n\t\t\t<\/div>\n\t\t\t\t<figcaption class='wp-caption-text gallery-caption' id='gallery-1-3657'>\n\t\t\t\tPhyllostachys incarnata (Foto: Ute Au\u00dfem)\n\t\t\t\t<\/figcaption><\/figure>\n\t\t<\/div>\n\n","protected":false},"excerpt":{"rendered":"<p>Phyllostachys incarnata H\u00f6he: Bis 8 m Halme: Bis 4,5 cm \u00d8, anfangs stark wei\u00df bemehlt besonders unterhalb der Nodien. Internodien etwa 25 &#8211; 30 cm lang. Bl\u00e4tter: Etwa 12 &#8211; 14 cm lang und 2 &#8211; 2,5 cm breit. Halmscheiden: Rotbraun, an d\u00fcnnen Halmen gr\u00fcnlich, manchmal mit wenigen kleinen Punkten. Wuchs: Sehr w\u00fcchsig, aufrecht, Spitze &hellip; <a href=\"https:\/\/bambus-deutschland.de\/index.php\/arten-und-sorten\/phyllostachys\/phyllostachys-incarnata\/\" class=\"more-link\"><span class=\"screen-reader-text\">Phyllostachys incarnata<\/span> weiterlesen <span class=\"meta-nav\">&rarr;<\/span><\/a><\/p>\n","protected":false},"author":6,"featured_media":0,"parent":2900,"menu_order":0,"comment_status":"closed","ping_status":"closed","template":"","meta":{"iawp_total_views":48,"footnotes":""},"class_list":["post-3654","page","type-page","status-publish","hentry"],"_links":{"self":[{"href":"https:\/\/bambus-deutschland.de\/index.php\/wp-json\/wp\/v2\/pages\/3654","targetHints":{"allow":["GET"]}}],"collection":[{"href":"https:\/\/bambus-deutschland.de\/index.php\/wp-json\/wp\/v2\/pages"}],"about":[{"href":"https:\/\/bambus-deutschland.de\/index.php\/wp-json\/wp\/v2\/types\/page"}],"author":[{"embeddable":true,"href":"https:\/\/bambus-deutschland.de\/index.php\/wp-json\/wp\/v2\/users\/6"}],"replies":[{"embeddable":true,"href":"https:\/\/bambus-deutschland.de\/index.php\/wp-json\/wp\/v2\/comments?post=3654"}],"version-history":[{"count":6,"href":"https:\/\/bambus-deutschland.de\/index.php\/wp-json\/wp\/v2\/pages\/3654\/revisions"}],"predecessor-version":[{"id":3678,"href":"https:\/\/bambus-deutschland.de\/index.php\/wp-json\/wp\/v2\/pages\/3654\/revisions\/3678"}],"up":[{"embeddable":true,"href":"https:\/\/bambus-deutschland.de\/index.php\/wp-json\/wp\/v2\/pages\/2900"}],"wp:attachment":[{"href":"https:\/\/bambus-deutschland.de\/index.php\/wp-json\/wp\/v2\/media?parent=3654"}],"curies":[{"name":"wp","href":"https:\/\/api.w.org\/{rel}","templated":true}]}}