{"id":366,"date":"2016-12-15T19:46:06","date_gmt":"2016-12-15T18:46:06","guid":{"rendered":"https:\/\/ebs-d-de.prossl.de\/wordpress\/wordpress\/?page_id=366"},"modified":"2019-05-27T15:58:45","modified_gmt":"2019-05-27T13:58:45","slug":"lago-maggiore-gaerten-und-parks-an-den-oberitalienischen-seen-22-04-bis-27-04-2012","status":"publish","type":"page","link":"https:\/\/bambus-deutschland.de\/index.php\/beispiel-seite\/bambus-und-gartenreisen-der-ebs-d\/lago-maggiore-gaerten-und-parks-an-den-oberitalienischen-seen-22-04-bis-27-04-2012\/","title":{"rendered":"Lago Maggiore 2012"},"content":{"rendered":"<h6><strong>Reise zu G\u00e4rten und Parks an den Oberitalienischen Seen vom 22.04. bis 27.04.2012<\/strong><\/h6>\n<figure id=\"attachment_368\" aria-describedby=\"caption-attachment-368\" style=\"width: 4000px\" class=\"wp-caption aligncenter\"><img loading=\"lazy\" decoding=\"async\" class=\"wp-image-368 size-full\" src=\"https:\/\/ebs-d-de.prossl.de\/wordpress\/wordpress\/wp-content\/uploads\/2016\/12\/Aussem_Ute_Aussicht_von_Brione_Minusio.jpg\" width=\"4000\" height=\"3000\" srcset=\"https:\/\/bambus-deutschland.de\/wp-content\/uploads\/2016\/12\/Aussem_Ute_Aussicht_von_Brione_Minusio.jpg 4000w, https:\/\/bambus-deutschland.de\/wp-content\/uploads\/2016\/12\/Aussem_Ute_Aussicht_von_Brione_Minusio-300x225.jpg 300w, https:\/\/bambus-deutschland.de\/wp-content\/uploads\/2016\/12\/Aussem_Ute_Aussicht_von_Brione_Minusio-768x576.jpg 768w, https:\/\/bambus-deutschland.de\/wp-content\/uploads\/2016\/12\/Aussem_Ute_Aussicht_von_Brione_Minusio-1024x768.jpg 1024w\" sizes=\"auto, (max-width: 4000px) 100vw, 4000px\" \/><figcaption id=\"caption-attachment-368\" class=\"wp-caption-text\">Aussicht von Brione Minusio (Foto Ute Au\u00dfem)<\/figcaption><\/figure>\n<p>Das Hotel Grand Palace war f\u00fcr die gesamte Reise unser Domizil. Es liegt genau zwischen Lago Maggiore, Comer See und Luganer See, wo sich unsere Reiseziele befanden, von denen wir hier einige vorstellen m\u00f6chten.<\/p>\n<figure id=\"attachment_384\" aria-describedby=\"caption-attachment-384\" style=\"width: 520px\" class=\"wp-caption alignnone\"><img loading=\"lazy\" decoding=\"async\" class=\"wp-image-384 size-full\" src=\"https:\/\/ebs-d-de.prossl.de\/wordpress\/wordpress\/wp-content\/uploads\/2016\/12\/001_01-12-04-26_EBS-Lago-Maggiore_00_7289.jpg\" width=\"520\" height=\"334\" srcset=\"https:\/\/bambus-deutschland.de\/wp-content\/uploads\/2016\/12\/001_01-12-04-26_EBS-Lago-Maggiore_00_7289.jpg 520w, https:\/\/bambus-deutschland.de\/wp-content\/uploads\/2016\/12\/001_01-12-04-26_EBS-Lago-Maggiore_00_7289-300x193.jpg 300w\" sizes=\"auto, (max-width: 520px) 100vw, 520px\" \/><figcaption id=\"caption-attachment-384\" class=\"wp-caption-text\">Lago Maggiore-Reisegruppe (Foto Carmen Kreutmeier)<\/figcaption><\/figure>\n<p>Das n\u00f6rdlichste Ziel unserer EBS-D Reise 2012 f\u00fchrte uns zugleich in eine der mildesten Gegenden der Schweiz im unteren Teil der Talschlucht Centovalli. Hier standen zwei Privatg\u00e4rten auf dem Programm. Zuerst ging es in den Hanggarten von Lisa Tschannen.<\/p>\n<figure id=\"attachment_376\" aria-describedby=\"caption-attachment-376\" style=\"width: 4000px\" class=\"wp-caption aligncenter\"><img loading=\"lazy\" decoding=\"async\" class=\"wp-image-376 size-full\" src=\"https:\/\/ebs-d-de.prossl.de\/wordpress\/wordpress\/wp-content\/uploads\/2016\/12\/P1000704-gro\u00df.jpg\" alt=\"im Hanggarten von Lisa Tschannen (Foto Ute Au\u00dfem)\" width=\"4000\" height=\"3000\" srcset=\"https:\/\/bambus-deutschland.de\/wp-content\/uploads\/2016\/12\/P1000704-gro\u00df.jpg 4000w, https:\/\/bambus-deutschland.de\/wp-content\/uploads\/2016\/12\/P1000704-gro\u00df-300x225.jpg 300w, https:\/\/bambus-deutschland.de\/wp-content\/uploads\/2016\/12\/P1000704-gro\u00df-768x576.jpg 768w, https:\/\/bambus-deutschland.de\/wp-content\/uploads\/2016\/12\/P1000704-gro\u00df-1024x768.jpg 1024w\" sizes=\"auto, (max-width: 4000px) 100vw, 4000px\" \/><figcaption id=\"caption-attachment-376\" class=\"wp-caption-text\">im Hanggarten von Lisa Tschannen (Foto Ute Au\u00dfem)<\/figcaption><\/figure>\n<p>Von dort konnten wir fu\u00dfl\u00e4ufig Dr. Manfred Walder &#8211; Jurist und weitgereister Dendrologe &#8211; in seinem Garten in Verscio besuchen.<\/p>\n<figure id=\"attachment_385\" aria-describedby=\"caption-attachment-385\" style=\"width: 1048px\" class=\"wp-caption aligncenter\"><img loading=\"lazy\" decoding=\"async\" class=\"wp-image-385 size-full\" src=\"https:\/\/ebs-d-de.prossl.de\/wordpress\/wordpress\/wp-content\/uploads\/2016\/12\/005_05-12_04_01-Verscio-Manfred-Walter.jpg\" alt=\"Garten Dr. Walder (Foto Carmen Kreutmeier)\" width=\"1048\" height=\"436\" srcset=\"https:\/\/bambus-deutschland.de\/wp-content\/uploads\/2016\/12\/005_05-12_04_01-Verscio-Manfred-Walter.jpg 1048w, https:\/\/bambus-deutschland.de\/wp-content\/uploads\/2016\/12\/005_05-12_04_01-Verscio-Manfred-Walter-300x125.jpg 300w, https:\/\/bambus-deutschland.de\/wp-content\/uploads\/2016\/12\/005_05-12_04_01-Verscio-Manfred-Walter-768x320.jpg 768w, https:\/\/bambus-deutschland.de\/wp-content\/uploads\/2016\/12\/005_05-12_04_01-Verscio-Manfred-Walter-1024x426.jpg 1024w\" sizes=\"auto, (max-width: 1048px) 100vw, 1048px\" \/><figcaption id=\"caption-attachment-385\" class=\"wp-caption-text\">Garten Dr. Walder (Foto Carmen Kreutmeier)<\/figcaption><\/figure>\n<p>Es ist eine au\u00dfergew\u00f6hnliche Pflanzensammlung in einer wilden Landschaft. Wie in einem Urwald f\u00fchlt man sich, wenn man durch die Sammlung aus Palmen und seltenen B\u00e4umen geht. Von seinen Reisen in alle f\u00fcnf Kontinente hat Dr. Walder immer wieder Pflanzen aus klimatisch \u00e4hnlichen Gegenden mit nach Hause gebracht.<\/p>\n<figure id=\"attachment_370\" aria-describedby=\"caption-attachment-370\" style=\"width: 4000px\" class=\"wp-caption alignnone\"><img loading=\"lazy\" decoding=\"async\" class=\"wp-image-370 size-full\" src=\"https:\/\/ebs-d-de.prossl.de\/wordpress\/wordpress\/wp-content\/uploads\/2016\/12\/Aussem_Ute_Foto_fuer_Seite_Inhalt.jpg\" width=\"4000\" height=\"3000\" srcset=\"https:\/\/bambus-deutschland.de\/wp-content\/uploads\/2016\/12\/Aussem_Ute_Foto_fuer_Seite_Inhalt.jpg 4000w, https:\/\/bambus-deutschland.de\/wp-content\/uploads\/2016\/12\/Aussem_Ute_Foto_fuer_Seite_Inhalt-300x225.jpg 300w, https:\/\/bambus-deutschland.de\/wp-content\/uploads\/2016\/12\/Aussem_Ute_Foto_fuer_Seite_Inhalt-768x576.jpg 768w, https:\/\/bambus-deutschland.de\/wp-content\/uploads\/2016\/12\/Aussem_Ute_Foto_fuer_Seite_Inhalt-1024x768.jpg 1024w\" sizes=\"auto, (max-width: 4000px) 100vw, 4000px\" \/><figcaption id=\"caption-attachment-370\" class=\"wp-caption-text\">Dr. Walder (links) zeigt uns seinen Garten (Foto Ute Au\u00dfem)<\/figcaption><\/figure>\n<p>Beeindruckende Bambushaine gab es im Botanischen Garten der Villa Carlotta am Comer See zu sehen.<\/p>\n<figure id=\"attachment_374\" aria-describedby=\"caption-attachment-374\" style=\"width: 4000px\" class=\"wp-caption aligncenter\"><img loading=\"lazy\" decoding=\"async\" class=\"wp-image-374 size-full\" src=\"https:\/\/ebs-d-de.prossl.de\/wordpress\/wordpress\/wp-content\/uploads\/2016\/12\/Aussem_Ute_Villa_Carlotta.jpg\" alt=\"Villa Carlotta (Foto Ute Au\u00dfem)\" width=\"4000\" height=\"3000\" srcset=\"https:\/\/bambus-deutschland.de\/wp-content\/uploads\/2016\/12\/Aussem_Ute_Villa_Carlotta.jpg 4000w, https:\/\/bambus-deutschland.de\/wp-content\/uploads\/2016\/12\/Aussem_Ute_Villa_Carlotta-300x225.jpg 300w, https:\/\/bambus-deutschland.de\/wp-content\/uploads\/2016\/12\/Aussem_Ute_Villa_Carlotta-768x576.jpg 768w, https:\/\/bambus-deutschland.de\/wp-content\/uploads\/2016\/12\/Aussem_Ute_Villa_Carlotta-1024x768.jpg 1024w\" sizes=\"auto, (max-width: 4000px) 100vw, 4000px\" \/><figcaption id=\"caption-attachment-374\" class=\"wp-caption-text\">Villa Carlotta (Foto Ute Au\u00dfem)<\/figcaption><\/figure>\n<p>Im Park der Villa Taranto in Tremezzo zeigte <em>Phyllostachys edulis<\/em> gerade seinen neuen Austrieb.<\/p>\n<figure id=\"attachment_375\" aria-describedby=\"caption-attachment-375\" style=\"width: 3966px\" class=\"wp-caption aligncenter\"><img loading=\"lazy\" decoding=\"async\" class=\"wp-image-375 size-full\" src=\"https:\/\/ebs-d-de.prossl.de\/wordpress\/wordpress\/wp-content\/uploads\/2016\/12\/Aussem_Ute_-Moso_Villa_Taranto.jpg\" alt=\"Moso Villa Taranto (Foto Ute Au\u00dfem)\" width=\"3966\" height=\"2977\" srcset=\"https:\/\/bambus-deutschland.de\/wp-content\/uploads\/2016\/12\/Aussem_Ute_-Moso_Villa_Taranto.jpg 3966w, https:\/\/bambus-deutschland.de\/wp-content\/uploads\/2016\/12\/Aussem_Ute_-Moso_Villa_Taranto-300x225.jpg 300w, https:\/\/bambus-deutschland.de\/wp-content\/uploads\/2016\/12\/Aussem_Ute_-Moso_Villa_Taranto-768x576.jpg 768w, https:\/\/bambus-deutschland.de\/wp-content\/uploads\/2016\/12\/Aussem_Ute_-Moso_Villa_Taranto-1024x769.jpg 1024w\" sizes=\"auto, (max-width: 3966px) 100vw, 3966px\" \/><figcaption id=\"caption-attachment-375\" class=\"wp-caption-text\">Moso Villa Taranto (Foto Ute Au\u00dfem)<\/figcaption><\/figure>\n<p>Mit dem Linienboot fuhren wir von Locarno zur Isole di Brissago. Hier im Botanischen Garten gab es herrliche Ausblicke .<\/p>\n<figure id=\"attachment_377\" aria-describedby=\"caption-attachment-377\" style=\"width: 4000px\" class=\"wp-caption aligncenter\"><img loading=\"lazy\" decoding=\"async\" class=\"wp-image-377 size-full\" src=\"https:\/\/ebs-d-de.prossl.de\/wordpress\/wordpress\/wp-content\/uploads\/2016\/12\/P1000895.jpg\" alt=\"Isola di Brissago (Foto Ute Au\u00dfem)\" width=\"4000\" height=\"3000\" srcset=\"https:\/\/bambus-deutschland.de\/wp-content\/uploads\/2016\/12\/P1000895.jpg 4000w, https:\/\/bambus-deutschland.de\/wp-content\/uploads\/2016\/12\/P1000895-300x225.jpg 300w, https:\/\/bambus-deutschland.de\/wp-content\/uploads\/2016\/12\/P1000895-768x576.jpg 768w, https:\/\/bambus-deutschland.de\/wp-content\/uploads\/2016\/12\/P1000895-1024x768.jpg 1024w\" sizes=\"auto, (max-width: 4000px) 100vw, 4000px\" \/><figcaption id=\"caption-attachment-377\" class=\"wp-caption-text\">Isole di Brissago (Foto Ute Au\u00dfem)<\/figcaption><\/figure>\n<p>Zum Abschluss der Reise machten wir einen Ausflug in die ber\u00fchmte G\u00e4rtnerei Eisenhut im Gambarogno mit dem Botanischen Garten. Im Fr\u00fchling bezaubert der Garten durch seine besonders farbenpr\u00e4chtige Magnolienbl\u00fcte \u2013 aber auch mit 950 Sorten Kamelien und 350 verschiedenen Azaleen, Pfingstrosen und Rhododendren.<\/p>\n<figure id=\"attachment_379\" aria-describedby=\"caption-attachment-379\" style=\"width: 4000px\" class=\"wp-caption aligncenter\"><img loading=\"lazy\" decoding=\"async\" class=\"wp-image-379 size-full\" src=\"https:\/\/ebs-d-de.prossl.de\/wordpress\/wordpress\/wp-content\/uploads\/2016\/12\/P1010142.jpg\" alt=\"Magnolia brooklynensis 'Woodsman' (Foto Ute Au\u00dfem)\" width=\"4000\" height=\"3000\" srcset=\"https:\/\/bambus-deutschland.de\/wp-content\/uploads\/2016\/12\/P1010142.jpg 4000w, https:\/\/bambus-deutschland.de\/wp-content\/uploads\/2016\/12\/P1010142-300x225.jpg 300w, https:\/\/bambus-deutschland.de\/wp-content\/uploads\/2016\/12\/P1010142-768x576.jpg 768w, https:\/\/bambus-deutschland.de\/wp-content\/uploads\/2016\/12\/P1010142-1024x768.jpg 1024w\" sizes=\"auto, (max-width: 4000px) 100vw, 4000px\" \/><figcaption id=\"caption-attachment-379\" class=\"wp-caption-text\">Magnolia brooklynensis <strong>\u2018<\/strong>Woodsman\u2019 (Foto Ute Au\u00dfem)<\/figcaption><\/figure>\n<p><strong>Ausf\u00fchrliche Reiseberichte (mit einzelnen Gartenbeschreibungen)\u00a0 im Bambus-Journal 1\/2012, 2\/2012 und 1\/2013, zu bestellen bei der Gesch\u00e4ftsstelle.<br \/>\n<\/strong><\/p>\n","protected":false},"excerpt":{"rendered":"<p>Reise zu G\u00e4rten und Parks an den Oberitalienischen Seen vom 22.04. bis 27.04.2012 Das Hotel Grand Palace war f\u00fcr die gesamte Reise unser Domizil. Es liegt genau zwischen Lago Maggiore, Comer See und Luganer See, wo sich unsere Reiseziele befanden, von denen wir hier einige vorstellen m\u00f6chten. Das n\u00f6rdlichste Ziel unserer EBS-D Reise 2012 f\u00fchrte &hellip; <a href=\"https:\/\/bambus-deutschland.de\/index.php\/beispiel-seite\/bambus-und-gartenreisen-der-ebs-d\/lago-maggiore-gaerten-und-parks-an-den-oberitalienischen-seen-22-04-bis-27-04-2012\/\" class=\"more-link\"><span class=\"screen-reader-text\">Lago Maggiore 2012<\/span> weiterlesen <span class=\"meta-nav\">&rarr;<\/span><\/a><\/p>\n","protected":false},"author":6,"featured_media":0,"parent":206,"menu_order":0,"comment_status":"closed","ping_status":"closed","template":"","meta":{"iawp_total_views":119,"footnotes":""},"class_list":["post-366","page","type-page","status-publish","hentry"],"_links":{"self":[{"href":"https:\/\/bambus-deutschland.de\/index.php\/wp-json\/wp\/v2\/pages\/366","targetHints":{"allow":["GET"]}}],"collection":[{"href":"https:\/\/bambus-deutschland.de\/index.php\/wp-json\/wp\/v2\/pages"}],"about":[{"href":"https:\/\/bambus-deutschland.de\/index.php\/wp-json\/wp\/v2\/types\/page"}],"author":[{"embeddable":true,"href":"https:\/\/bambus-deutschland.de\/index.php\/wp-json\/wp\/v2\/users\/6"}],"replies":[{"embeddable":true,"href":"https:\/\/bambus-deutschland.de\/index.php\/wp-json\/wp\/v2\/comments?post=366"}],"version-history":[{"count":12,"href":"https:\/\/bambus-deutschland.de\/index.php\/wp-json\/wp\/v2\/pages\/366\/revisions"}],"predecessor-version":[{"id":853,"href":"https:\/\/bambus-deutschland.de\/index.php\/wp-json\/wp\/v2\/pages\/366\/revisions\/853"}],"up":[{"embeddable":true,"href":"https:\/\/bambus-deutschland.de\/index.php\/wp-json\/wp\/v2\/pages\/206"}],"wp:attachment":[{"href":"https:\/\/bambus-deutschland.de\/index.php\/wp-json\/wp\/v2\/media?parent=366"}],"curies":[{"name":"wp","href":"https:\/\/api.w.org\/{rel}","templated":true}]}}