{"id":3694,"date":"2020-10-14T21:58:53","date_gmt":"2020-10-14T19:58:53","guid":{"rendered":"https:\/\/bambus-deutschland.de\/?page_id=3694"},"modified":"2021-05-27T20:14:02","modified_gmt":"2021-05-27T18:14:02","slug":"phyllostachys-nigra-boryana","status":"publish","type":"page","link":"https:\/\/bambus-deutschland.de\/index.php\/arten-und-sorten\/phyllostachys\/phyllostachys-nigra-boryana\/","title":{"rendered":"Phyllostachys nigra \u2018Boryana\u2019"},"content":{"rendered":"<h5><strong><em>Phyllostachys nigra \u2018<\/em>Boryana\u2019<\/strong> <span id=\"likeBadge\"><\/span><\/h5>\n<p><a href=\"https:\/\/bambus-deutschland.de\/index.php\/beispiel-seite\/bambus-des-jahres\/bambus-des-jahres-portraits\/phyllostachys-nigra-boryana-bambus-des-jahres-2010\/\"><strong>Bambus des Jahres 2010<\/strong><\/a><\/p>\n<div><strong>H\u00f6he:<\/strong> Teilweise \u00fcber 10 m.<\/div>\n<div><strong>Halme:<\/strong> Halmf\u00e4rbung wie bei vielen Sorten von <em>Phyllostachys nigra <\/em>anfangs gr\u00fcn. Ab Oktober kann sich bereits im Austriebsjahr die braun\/schwarze Fleckung einstellen (manchmal auch erst im 2. Jahr). Aussehen wie Phanterfell. Daher auch der Name Pantherfell Bambus. In den folge Jahren ver\u00e4ndert sich die Flecken-Bildung hin zu Wolkenfetzen-\u00e4hnlich. Bis 5 cm (gelegentlich auch mehr) im Durchmesser.<\/div>\n<div><strong>Bl\u00e4tter:<\/strong> Etwa 7-10 x 1,2-1,5 cm, zierlich, dunkelgr\u00fcn.<\/div>\n<div><strong>Halmscheiden:<\/strong> Halmscheiden rot-braun, gelegentlich gr\u00fcn meliert, ohne deutliche Zeichnung.<\/div>\n<div><strong>Wuchs<\/strong>: Sehr aufrecht; Ausl\u00e4ufertreibend.<\/div>\n<div><strong>Winterh\u00e4rte: <\/strong>Etwa -20\u00b0C (bis -15\u00b0C keine Blattsch\u00e4den), h\u00e4rter als <em>nigra<\/em> var. nigra und etwa vergleichbar mit <em>nigra<\/em> \u2018Henonis\u2019.<\/div>\n<div><strong>Standort:<\/strong> Sonnig-halbschatten.<\/div>\n<div><strong>Platzbedarf:<\/strong> Kann mit Sperre auf 4-6 m<sup>2<\/sup> gehalten werden, nimmt aber ohne Sperre nach vielen Jahren gro\u00dfe Fl\u00e4chen ein.<\/div>\n<div><strong>Verwendung:<\/strong> Solit\u00e4r, Hain<\/div>\n<div><strong>Herkunft:<\/strong> Urspr\u00fcnglich vermutlich aus S. Hunan (China), aber auch im \u00fcbrigen China und anderen geeigneten Klimaten (Indien, Japan, Korea, Philippinen, Vietnam, Amerika und nat\u00fcrlich in Europa) in Kultur.<\/div>\n<p><strong>Bemerkungen:<\/strong> Z\u00e4hlt zu den Riesenbambussen in unserem Klima, auch in Deutschland sind Best\u00e4nde \u00fcber 12 m H\u00f6he bekannt.<\/p>\n<div id='gallery-1' class='gallery galleryid-3694 gallery-columns-3 gallery-size-thumbnail'><figure class='gallery-item'>\n\t\t\t<div class='gallery-icon landscape'>\n\t\t\t\t<a href='https:\/\/bambus-deutschland.de\/wp-content\/uploads\/2017\/01\/Kunz-Daniel-Boryana-DSC_39792388b2.jpg' title=\"Phyllostachys nigra &#039;Boryana&#039; Sprosse (Foto: Daniel Kunz)\" data-rl_title=\"Phyllostachys nigra &#039;Boryana&#039; Sprosse (Foto: Daniel Kunz)\" class=\"rl-gallery-link\" data-rl_caption=\"\" data-rel=\"lightbox-gallery-1\"><img loading=\"lazy\" decoding=\"async\" width=\"150\" height=\"150\" src=\"https:\/\/bambus-deutschland.de\/wp-content\/uploads\/2017\/01\/Kunz-Daniel-Boryana-DSC_39792388b2-150x150.jpg\" class=\"attachment-thumbnail size-thumbnail\" alt=\"\" aria-describedby=\"gallery-1-1036\" \/><\/a>\n\t\t\t<\/div>\n\t\t\t\t<figcaption class='wp-caption-text gallery-caption' id='gallery-1-1036'>\n\t\t\t\tPhyllostachys nigra &#8218;Boryana&#8216; Sprosse (Foto: Daniel Kunz)\n\t\t\t\t<\/figcaption><\/figure><figure class='gallery-item'>\n\t\t\t<div class='gallery-icon landscape'>\n\t\t\t\t<a href='https:\/\/bambus-deutschland.de\/wp-content\/uploads\/2020\/10\/Aussem-Ute-Kalmthout-nigra-Boryana-P1150198-scaled.jpg' title=\"Phyllostachys nigra &#039;Boryan&#039;a Hain im Arboretum Kalmthout (Foto: Ute Au\u00dfem)\" data-rl_title=\"Phyllostachys nigra &#039;Boryan&#039;a Hain im Arboretum Kalmthout (Foto: Ute Au\u00dfem)\" class=\"rl-gallery-link\" data-rl_caption=\"\" data-rel=\"lightbox-gallery-1\"><img loading=\"lazy\" decoding=\"async\" width=\"150\" height=\"150\" src=\"https:\/\/bambus-deutschland.de\/wp-content\/uploads\/2020\/10\/Aussem-Ute-Kalmthout-nigra-Boryana-P1150198-150x150.jpg\" class=\"attachment-thumbnail size-thumbnail\" alt=\"\" aria-describedby=\"gallery-1-3699\" \/><\/a>\n\t\t\t<\/div>\n\t\t\t\t<figcaption class='wp-caption-text gallery-caption' id='gallery-1-3699'>\n\t\t\t\tPhyllostachys nigra &#8218;Boryan&#8217;a Hain im Arboretum Kalmthout (Foto: Ute Au\u00dfem)\n\t\t\t\t<\/figcaption><\/figure><figure class='gallery-item'>\n\t\t\t<div class='gallery-icon landscape'>\n\t\t\t\t<a href='https:\/\/bambus-deutschland.de\/wp-content\/uploads\/2020\/10\/Boryana-P1100742.jpg' title=\"Phyllostachys nigra &#039;Boryana&#039; Halmscheidenbl\u00e4tter (Foto: Ute Au\u00dfem)\" data-rl_title=\"Phyllostachys nigra &#039;Boryana&#039; Halmscheidenbl\u00e4tter (Foto: Ute Au\u00dfem)\" class=\"rl-gallery-link\" data-rl_caption=\"\" data-rel=\"lightbox-gallery-1\"><img loading=\"lazy\" decoding=\"async\" width=\"150\" height=\"150\" src=\"https:\/\/bambus-deutschland.de\/wp-content\/uploads\/2020\/10\/Boryana-P1100742-150x150.jpg\" class=\"attachment-thumbnail size-thumbnail\" alt=\"\" aria-describedby=\"gallery-1-3701\" \/><\/a>\n\t\t\t<\/div>\n\t\t\t\t<figcaption class='wp-caption-text gallery-caption' id='gallery-1-3701'>\n\t\t\t\tPhyllostachys nigra &#8218;Boryana&#8216; Halmscheidenbl\u00e4tter (Foto: Ute Au\u00dfem)\n\t\t\t\t<\/figcaption><\/figure><figure class='gallery-item'>\n\t\t\t<div class='gallery-icon landscape'>\n\t\t\t\t<a href='https:\/\/bambus-deutschland.de\/wp-content\/uploads\/2020\/10\/phyl-nigra-boryana-P1120721-scaled.jpg' title=\"Phyllostachys nigra &#039;Boryana&#039; typische &quot;Wolkenfetzen&quot;-F\u00e4rbung (Foto: Ute Au\u00dfem)\" data-rl_title=\"Phyllostachys nigra &#039;Boryana&#039; typische &quot;Wolkenfetzen&quot;-F\u00e4rbung (Foto: Ute Au\u00dfem)\" class=\"rl-gallery-link\" data-rl_caption=\"\" data-rel=\"lightbox-gallery-1\"><img loading=\"lazy\" decoding=\"async\" width=\"150\" height=\"150\" src=\"https:\/\/bambus-deutschland.de\/wp-content\/uploads\/2020\/10\/phyl-nigra-boryana-P1120721-150x150.jpg\" class=\"attachment-thumbnail size-thumbnail\" alt=\"\" aria-describedby=\"gallery-1-3700\" \/><\/a>\n\t\t\t<\/div>\n\t\t\t\t<figcaption class='wp-caption-text gallery-caption' id='gallery-1-3700'>\n\t\t\t\tPhyllostachys nigra &#8218;Boryana&#8216; typische &#8222;Wolkenfetzen&#8220;-F\u00e4rbung (Foto: Ute Au\u00dfem)\n\t\t\t\t<\/figcaption><\/figure><figure class='gallery-item'>\n\t\t\t<div class='gallery-icon landscape'>\n\t\t\t\t<a href='https:\/\/bambus-deutschland.de\/wp-content\/uploads\/2020\/10\/Ute-Aussem-Bokrijk-Ph.-nigra-boryana-P1030359.jpg' title=\"Phyllostachys nigra &#039;Boryana&#039; Hain im Arboretum Bokrijk (Foto: Ute Au\u00dfem)\" data-rl_title=\"Phyllostachys nigra &#039;Boryana&#039; Hain im Arboretum Bokrijk (Foto: Ute Au\u00dfem)\" class=\"rl-gallery-link\" data-rl_caption=\"\" data-rel=\"lightbox-gallery-1\"><img loading=\"lazy\" decoding=\"async\" width=\"150\" height=\"150\" src=\"https:\/\/bambus-deutschland.de\/wp-content\/uploads\/2020\/10\/Ute-Aussem-Bokrijk-Ph.-nigra-boryana-P1030359-150x150.jpg\" class=\"attachment-thumbnail size-thumbnail\" alt=\"\" aria-describedby=\"gallery-1-3703\" \/><\/a>\n\t\t\t<\/div>\n\t\t\t\t<figcaption class='wp-caption-text gallery-caption' id='gallery-1-3703'>\n\t\t\t\tPhyllostachys nigra &#8218;Boryana&#8216; Hain im Arboretum Bokrijk (Foto: Ute Au\u00dfem)\n\t\t\t\t<\/figcaption><\/figure><figure class='gallery-item'>\n\t\t\t<div class='gallery-icon portrait'>\n\t\t\t\t<a href='https:\/\/bambus-deutschland.de\/wp-content\/uploads\/2020\/10\/Bokrijk-Ph.-nigra-boryana-P1030350.jpg' title=\"Phyllostachys nigra &#039;Boryana&#039; typische &quot;Wolkenfetzen&quot;-F\u00e4rbung (Foto: Ute Au\u00dfem)\" data-rl_title=\"Phyllostachys nigra &#039;Boryana&#039; typische &quot;Wolkenfetzen&quot;-F\u00e4rbung (Foto: Ute Au\u00dfem)\" class=\"rl-gallery-link\" data-rl_caption=\"\" data-rel=\"lightbox-gallery-1\"><img loading=\"lazy\" decoding=\"async\" width=\"150\" height=\"150\" src=\"https:\/\/bambus-deutschland.de\/wp-content\/uploads\/2020\/10\/Bokrijk-Ph.-nigra-boryana-P1030350-150x150.jpg\" class=\"attachment-thumbnail size-thumbnail\" alt=\"\" aria-describedby=\"gallery-1-3704\" \/><\/a>\n\t\t\t<\/div>\n\t\t\t\t<figcaption class='wp-caption-text gallery-caption' id='gallery-1-3704'>\n\t\t\t\tPhyllostachys nigra &#8218;Boryana&#8216; typische &#8222;Wolkenfetzen&#8220;-F\u00e4rbung (Foto: Ute Au\u00dfem)\n\t\t\t\t<\/figcaption><\/figure><figure class='gallery-item'>\n\t\t\t<div class='gallery-icon portrait'>\n\t\t\t\t<a href='https:\/\/bambus-deutschland.de\/wp-content\/uploads\/2020\/10\/Aussem-Ute-Phyllostachys-nigra-\u2018Boryana\u2018-bei-Gerd-P1210947-scaled.jpg' title=\"Phyllostachys nigra &#039;Boryana&#039; typische &quot;Wolkenfetzen&quot;-F\u00e4rbung (Foto: Ute Au\u00dfem)\" data-rl_title=\"Phyllostachys nigra &#039;Boryana&#039; typische &quot;Wolkenfetzen&quot;-F\u00e4rbung (Foto: Ute Au\u00dfem)\" class=\"rl-gallery-link\" data-rl_caption=\"\" data-rel=\"lightbox-gallery-1\"><img loading=\"lazy\" decoding=\"async\" width=\"150\" height=\"150\" src=\"https:\/\/bambus-deutschland.de\/wp-content\/uploads\/2020\/10\/Aussem-Ute-Phyllostachys-nigra-\u2018Boryana\u2018-bei-Gerd-P1210947-150x150.jpg\" class=\"attachment-thumbnail size-thumbnail\" alt=\"\" aria-describedby=\"gallery-1-3698\" \/><\/a>\n\t\t\t<\/div>\n\t\t\t\t<figcaption class='wp-caption-text gallery-caption' id='gallery-1-3698'>\n\t\t\t\tPhyllostachys nigra &#8218;Boryana&#8216; typische &#8222;Wolkenfetzen&#8220;-F\u00e4rbung (Foto: Ute Au\u00dfem)\n\t\t\t\t<\/figcaption><\/figure><figure class='gallery-item'>\n\t\t\t<div class='gallery-icon portrait'>\n\t\t\t\t<a href='https:\/\/bambus-deutschland.de\/wp-content\/uploads\/2020\/10\/P.-nigra-Boryana-Bokrijk-P1050671-1.jpg' title=\"Phyllostachys nigra &#039;Boryana&#039; einj\u00e4hrige Halme im Arboretum Bokrijk (Foto: Ute Au\u00dfem)\" data-rl_title=\"Phyllostachys nigra &#039;Boryana&#039; einj\u00e4hrige Halme im Arboretum Bokrijk (Foto: Ute Au\u00dfem)\" class=\"rl-gallery-link\" data-rl_caption=\"\" data-rel=\"lightbox-gallery-1\"><img loading=\"lazy\" decoding=\"async\" width=\"150\" height=\"150\" src=\"https:\/\/bambus-deutschland.de\/wp-content\/uploads\/2020\/10\/P.-nigra-Boryana-Bokrijk-P1050671-1-150x150.jpg\" class=\"attachment-thumbnail size-thumbnail\" alt=\"\" aria-describedby=\"gallery-1-3702\" \/><\/a>\n\t\t\t<\/div>\n\t\t\t\t<figcaption class='wp-caption-text gallery-caption' id='gallery-1-3702'>\n\t\t\t\tPhyllostachys nigra &#8218;Boryana&#8216; einj\u00e4hrige Halme im Arboretum Bokrijk (Foto: Ute Au\u00dfem)\n\t\t\t\t<\/figcaption><\/figure><figure class='gallery-item'>\n\t\t\t<div class='gallery-icon portrait'>\n\t\t\t\t<a href='https:\/\/bambus-deutschland.de\/wp-content\/uploads\/2020\/10\/Ute-Aussem-boryana-bei-Gert-P1210951-scaled.jpg' title=\"Phyllostachys nigra &#039;Boryana&#039; typische &quot;Wolkenfetzen&quot;-F\u00e4rbung (Foto: Ute Au\u00dfem)\" data-rl_title=\"Phyllostachys nigra &#039;Boryana&#039; typische &quot;Wolkenfetzen&quot;-F\u00e4rbung (Foto: Ute Au\u00dfem)\" class=\"rl-gallery-link\" data-rl_caption=\"\" data-rel=\"lightbox-gallery-1\"><img loading=\"lazy\" decoding=\"async\" width=\"150\" height=\"150\" src=\"https:\/\/bambus-deutschland.de\/wp-content\/uploads\/2020\/10\/Ute-Aussem-boryana-bei-Gert-P1210951-150x150.jpg\" class=\"attachment-thumbnail size-thumbnail\" alt=\"\" aria-describedby=\"gallery-1-3697\" \/><\/a>\n\t\t\t<\/div>\n\t\t\t\t<figcaption class='wp-caption-text gallery-caption' id='gallery-1-3697'>\n\t\t\t\tPhyllostachys nigra &#8218;Boryana&#8216; typische &#8222;Wolkenfetzen&#8220;-F\u00e4rbung (Foto: Ute Au\u00dfem)\n\t\t\t\t<\/figcaption><\/figure>\n\t\t<\/div>\n\n","protected":false},"excerpt":{"rendered":"<p>Phyllostachys nigra \u2018Boryana\u2019 Bambus des Jahres 2010 H\u00f6he: Teilweise \u00fcber 10 m. Halme: Halmf\u00e4rbung wie bei vielen Sorten von Phyllostachys nigra anfangs gr\u00fcn. Ab Oktober kann sich bereits im Austriebsjahr die braun\/schwarze Fleckung einstellen (manchmal auch erst im 2. Jahr). Aussehen wie Phanterfell. Daher auch der Name Pantherfell Bambus. In den folge Jahren ver\u00e4ndert sich &hellip; <a href=\"https:\/\/bambus-deutschland.de\/index.php\/arten-und-sorten\/phyllostachys\/phyllostachys-nigra-boryana\/\" class=\"more-link\"><span class=\"screen-reader-text\">Phyllostachys nigra \u2018Boryana\u2019<\/span> weiterlesen <span class=\"meta-nav\">&rarr;<\/span><\/a><\/p>\n","protected":false},"author":6,"featured_media":0,"parent":2900,"menu_order":0,"comment_status":"closed","ping_status":"closed","template":"","meta":{"iawp_total_views":142,"footnotes":""},"class_list":["post-3694","page","type-page","status-publish","hentry"],"_links":{"self":[{"href":"https:\/\/bambus-deutschland.de\/index.php\/wp-json\/wp\/v2\/pages\/3694","targetHints":{"allow":["GET"]}}],"collection":[{"href":"https:\/\/bambus-deutschland.de\/index.php\/wp-json\/wp\/v2\/pages"}],"about":[{"href":"https:\/\/bambus-deutschland.de\/index.php\/wp-json\/wp\/v2\/types\/page"}],"author":[{"embeddable":true,"href":"https:\/\/bambus-deutschland.de\/index.php\/wp-json\/wp\/v2\/users\/6"}],"replies":[{"embeddable":true,"href":"https:\/\/bambus-deutschland.de\/index.php\/wp-json\/wp\/v2\/comments?post=3694"}],"version-history":[{"count":6,"href":"https:\/\/bambus-deutschland.de\/index.php\/wp-json\/wp\/v2\/pages\/3694\/revisions"}],"predecessor-version":[{"id":3717,"href":"https:\/\/bambus-deutschland.de\/index.php\/wp-json\/wp\/v2\/pages\/3694\/revisions\/3717"}],"up":[{"embeddable":true,"href":"https:\/\/bambus-deutschland.de\/index.php\/wp-json\/wp\/v2\/pages\/2900"}],"wp:attachment":[{"href":"https:\/\/bambus-deutschland.de\/index.php\/wp-json\/wp\/v2\/media?parent=3694"}],"curies":[{"name":"wp","href":"https:\/\/api.w.org\/{rel}","templated":true}]}}