{"id":3718,"date":"2020-10-15T20:38:45","date_gmt":"2020-10-15T18:38:45","guid":{"rendered":"https:\/\/bambus-deutschland.de\/?page_id=3718"},"modified":"2020-10-15T21:09:15","modified_gmt":"2020-10-15T19:09:15","slug":"phyllostachys-nuda","status":"publish","type":"page","link":"https:\/\/bambus-deutschland.de\/index.php\/arten-und-sorten\/phyllostachys\/phyllostachys-nuda\/","title":{"rendered":"Phyllostachys nuda"},"content":{"rendered":"<h5><strong><em>Phyllostachys nuda<\/em><\/strong> <span id=\"likeBadge\"><\/span><\/h5>\n<div><strong>H\u00f6he:<\/strong> Bis 8 m.<\/div>\n<div><strong>Halme:<\/strong> Internodien anfangs dunkelgr\u00fcn, wei\u00df bereift (besonders unterhalb der Nodien). Nodien dunkel violett, im Alter gr\u00fcn, graugr\u00fcn oder grau. Manchmal etwas Zickzackwuchs an den basalen Nodien, bis 4 cm\u00a0 im Durchmesser. Besonders stabile Halme.<\/div>\n<div><strong>Bl\u00e4tter:<\/strong> 8-16 cm.<\/div>\n<div><strong>Halmscheiden:<\/strong> Gr\u00fcn-violett oder oder rot-braun mit violetten Blattnerven. V.a. die basalen Halmscheiden oft \u00fcbers\u00e4t mit dunkelbraunen Flecken. Keine \u00d6hrchen und Wimpern\/Haare.<\/div>\n<div><strong>Wuchs:<\/strong> Das harte Holz l\u00e4sst ihn verl\u00e4\u00dflich aufrecht wachsen, nur im oberen Viertel k\u00f6nnen die Halme etwas \u00fcberh\u00e4ngen.<\/div>\n<div><strong>Winterh\u00e4rte:<\/strong> Vertr\u00e4gt i.d.R. unter -20\u00b0C, wenn auch nicht ohne Blattsch\u00e4den, einer der winterh\u00e4rtesten <em>Phyllostachys.<\/em><\/div>\n<div><strong>Standort:<\/strong> Sonnig bis halbschattig.<\/div>\n<div><strong>Platzbedarf:<\/strong> <em>Phyllostachys nuda<\/em> ist unterirdisch sehr aktiv (starkes Rhizomwachstum), daher sollte die Fl\u00e4che auch mit Rhizomsperre nicht unter 8 m\u00b2 betragen.<\/div>\n<div><strong>Verwendung:<\/strong> Eignet sich gut als wintergr\u00fcne Hecke, kann aber auch als Solit\u00e4r oder als Hain genutzt werden.<\/div>\n<p><strong>Bemerkungen:<\/strong> Der Artname <em>Phyllostachys nuda<\/em> (nackt) bezieht sich wohl auf die Abwesenheit von \u00d6hrchen und Wimpern\/Haaren sowohl an den Halm- als auch an den Blattscheiden.<\/p>\n<div id='gallery-1' class='gallery galleryid-3718 gallery-columns-3 gallery-size-thumbnail'><figure class='gallery-item'>\n\t\t\t<div class='gallery-icon portrait'>\n\t\t\t\t<a href='https:\/\/bambus-deutschland.de\/wp-content\/uploads\/2020\/10\/Moellers_Hans-Peter_Phyllostachys_nuda-scaled.jpg' title=\"Phyllostachys nuda wei\u00dfe Bereifung (Foto: Hans-Peter Moellers)\" data-rl_title=\"Phyllostachys nuda wei\u00dfe Bereifung (Foto: Hans-Peter Moellers)\" class=\"rl-gallery-link\" data-rl_caption=\"\" data-rel=\"lightbox-gallery-1\"><img loading=\"lazy\" decoding=\"async\" width=\"150\" height=\"150\" src=\"https:\/\/bambus-deutschland.de\/wp-content\/uploads\/2020\/10\/Moellers_Hans-Peter_Phyllostachys_nuda-150x150.jpg\" class=\"attachment-thumbnail size-thumbnail\" alt=\"\" aria-describedby=\"gallery-1-3720\" \/><\/a>\n\t\t\t<\/div>\n\t\t\t\t<figcaption class='wp-caption-text gallery-caption' id='gallery-1-3720'>\n\t\t\t\tPhyllostachys nuda wei\u00dfe Bereifung (Foto: Hans-Peter Moellers)\n\t\t\t\t<\/figcaption><\/figure><figure class='gallery-item'>\n\t\t\t<div class='gallery-icon landscape'>\n\t\t\t\t<a href='https:\/\/bambus-deutschland.de\/wp-content\/uploads\/2020\/10\/Ph.-nuda-bei-Jos-P1100805-scaled.jpg' title=\"Phyllostachys nuda bei Jos van der Palen (Foto: Ute Au\u00dfem)\" data-rl_title=\"Phyllostachys nuda bei Jos van der Palen (Foto: Ute Au\u00dfem)\" class=\"rl-gallery-link\" data-rl_caption=\"\" data-rel=\"lightbox-gallery-1\"><img loading=\"lazy\" decoding=\"async\" width=\"150\" height=\"150\" src=\"https:\/\/bambus-deutschland.de\/wp-content\/uploads\/2020\/10\/Ph.-nuda-bei-Jos-P1100805-150x150.jpg\" class=\"attachment-thumbnail size-thumbnail\" alt=\"\" aria-describedby=\"gallery-1-3722\" \/><\/a>\n\t\t\t<\/div>\n\t\t\t\t<figcaption class='wp-caption-text gallery-caption' id='gallery-1-3722'>\n\t\t\t\tPhyllostachys nuda bei Jos van der Palen (Foto: Ute Au\u00dfem)\n\t\t\t\t<\/figcaption><\/figure><figure class='gallery-item'>\n\t\t\t<div class='gallery-icon landscape'>\n\t\t\t\t<a href='https:\/\/bambus-deutschland.de\/wp-content\/uploads\/2020\/10\/Moellers-Hans-Peter-Phyllostachys-nuda-Localis-scaled.jpg' title=\"Phyllostachys nuda (Foto: Hans-Peter Moellers)\" data-rl_title=\"Phyllostachys nuda (Foto: Hans-Peter Moellers)\" class=\"rl-gallery-link\" data-rl_caption=\"\" data-rel=\"lightbox-gallery-1\"><img loading=\"lazy\" decoding=\"async\" width=\"150\" height=\"150\" src=\"https:\/\/bambus-deutschland.de\/wp-content\/uploads\/2020\/10\/Moellers-Hans-Peter-Phyllostachys-nuda-Localis-150x150.jpg\" class=\"attachment-thumbnail size-thumbnail\" alt=\"\" aria-describedby=\"gallery-1-3721\" \/><\/a>\n\t\t\t<\/div>\n\t\t\t\t<figcaption class='wp-caption-text gallery-caption' id='gallery-1-3721'>\n\t\t\t\tPhyllostachys nuda (Foto: Hans-Peter Moellers)\n\t\t\t\t<\/figcaption><\/figure>\n\t\t<\/div>\n\n","protected":false},"excerpt":{"rendered":"<p>Phyllostachys nuda H\u00f6he: Bis 8 m. Halme: Internodien anfangs dunkelgr\u00fcn, wei\u00df bereift (besonders unterhalb der Nodien). Nodien dunkel violett, im Alter gr\u00fcn, graugr\u00fcn oder grau. Manchmal etwas Zickzackwuchs an den basalen Nodien, bis 4 cm\u00a0 im Durchmesser. Besonders stabile Halme. Bl\u00e4tter: 8-16 cm. Halmscheiden: Gr\u00fcn-violett oder oder rot-braun mit violetten Blattnerven. V.a. die basalen Halmscheiden &hellip; <a href=\"https:\/\/bambus-deutschland.de\/index.php\/arten-und-sorten\/phyllostachys\/phyllostachys-nuda\/\" class=\"more-link\"><span class=\"screen-reader-text\">Phyllostachys nuda<\/span> weiterlesen <span class=\"meta-nav\">&rarr;<\/span><\/a><\/p>\n","protected":false},"author":6,"featured_media":0,"parent":2900,"menu_order":0,"comment_status":"closed","ping_status":"closed","template":"","meta":{"iawp_total_views":140,"footnotes":""},"class_list":["post-3718","page","type-page","status-publish","hentry"],"_links":{"self":[{"href":"https:\/\/bambus-deutschland.de\/index.php\/wp-json\/wp\/v2\/pages\/3718","targetHints":{"allow":["GET"]}}],"collection":[{"href":"https:\/\/bambus-deutschland.de\/index.php\/wp-json\/wp\/v2\/pages"}],"about":[{"href":"https:\/\/bambus-deutschland.de\/index.php\/wp-json\/wp\/v2\/types\/page"}],"author":[{"embeddable":true,"href":"https:\/\/bambus-deutschland.de\/index.php\/wp-json\/wp\/v2\/users\/6"}],"replies":[{"embeddable":true,"href":"https:\/\/bambus-deutschland.de\/index.php\/wp-json\/wp\/v2\/comments?post=3718"}],"version-history":[{"count":4,"href":"https:\/\/bambus-deutschland.de\/index.php\/wp-json\/wp\/v2\/pages\/3718\/revisions"}],"predecessor-version":[{"id":3736,"href":"https:\/\/bambus-deutschland.de\/index.php\/wp-json\/wp\/v2\/pages\/3718\/revisions\/3736"}],"up":[{"embeddable":true,"href":"https:\/\/bambus-deutschland.de\/index.php\/wp-json\/wp\/v2\/pages\/2900"}],"wp:attachment":[{"href":"https:\/\/bambus-deutschland.de\/index.php\/wp-json\/wp\/v2\/media?parent=3718"}],"curies":[{"name":"wp","href":"https:\/\/api.w.org\/{rel}","templated":true}]}}