{"id":3745,"date":"2020-10-15T21:45:11","date_gmt":"2020-10-15T19:45:11","guid":{"rendered":"https:\/\/bambus-deutschland.de\/?page_id=3745"},"modified":"2020-10-15T22:09:45","modified_gmt":"2020-10-15T20:09:45","slug":"phyllostachys-prominens","status":"publish","type":"page","link":"https:\/\/bambus-deutschland.de\/index.php\/arten-und-sorten\/phyllostachys\/phyllostachys-prominens\/","title":{"rendered":"Phyllostachys prominens"},"content":{"rendered":"<h5><strong><em>Phyllostachys prominens<\/em><\/strong> <span id=\"likeBadge\"><\/span><\/h5>\n<p><a href=\"https:\/\/bambus-deutschland.de\/index.php\/beispiel-seite\/bambus-des-jahres\/bambus-des-jahres-portraits\/phyllostachys-prominens-w-y-xiong-bambus-des-jahres-2009\/\"><strong>Bambus des Jahres 2009<\/strong><\/a><\/p>\n<div><strong>H\u00f6he:<\/strong> 8-10 m.<\/div>\n<div><strong>Halme: <\/strong>Gr\u00fcn, bis 9 cm Durchmesser, \u00e4ltere Halme bekommen auf der Sonnenseite gelblichbraune Flecken, sehr ausgepr\u00e4gte Nodien.<\/div>\n<div><strong>Bl\u00e4tter:<\/strong> Matt gr\u00fcn, 12 cm lang und 2 cm breit.<\/div>\n<div><strong>Halmscheiden:<\/strong> Glatt, leicht bl\u00e4ulich mit r\u00f6tlicher und gelblicher Ausf\u00e4rbung oder gr\u00fcnlich-wei\u00df mit kleinen braunen Flecken und Strichen.<\/div>\n<div><strong>Wuchs:<\/strong> Sehr aufrechter Wuchs, schnelles Wachstum.<\/div>\n<div><strong>Winterh\u00e4rte:\u00a0<\/strong> Bis etwa -18 \u00b0C, Update 2013: In den vergangenen h\u00e4rteren Wintern war an vielen Standorten oft die Winterh\u00e4rte nicht ausreichend.<\/div>\n<div><strong>Standort:<\/strong> Sonnig bis halbschattig.<\/div>\n<div><strong>Platzbedarf:<\/strong> F\u00fcr einen solchen Riesen relativ gering, da die Halme dicht an dicht stehen, ab 2m\u00b2 mit Sperre.<\/div>\n<div><strong>Verwendung:<\/strong> Solit\u00e4r.<\/div>\n<div><strong>Herkunft<\/strong>: China.<\/div>\n<p><strong>Bemerkungen:<\/strong> Die neuen Sprossen kommen oft sehr schr\u00e4g aus der Erde, richten sich aber von selbst bogenf\u00f6rmig in die Senkrechte. Insgesamt stehen alle Halme sehr straff aufrecht.<\/p>\n<div id='gallery-1' class='gallery galleryid-3745 gallery-columns-2 gallery-size-thumbnail'><figure class='gallery-item'>\n\t\t\t<div class='gallery-icon portrait'>\n\t\t\t\t<a href='https:\/\/bambus-deutschland.de\/wp-content\/uploads\/2017\/01\/prom_04.jpg' title=\"Phyllostachys prominens (Foto: Steffen Greiner)\" data-rl_title=\"Phyllostachys prominens (Foto: Steffen Greiner)\" class=\"rl-gallery-link\" data-rl_caption=\"\" data-rel=\"lightbox-gallery-1\"><img loading=\"lazy\" decoding=\"async\" width=\"150\" height=\"150\" src=\"https:\/\/bambus-deutschland.de\/wp-content\/uploads\/2017\/01\/prom_04-150x150.jpg\" class=\"attachment-thumbnail size-thumbnail\" alt=\"\" aria-describedby=\"gallery-1-1065\" \/><\/a>\n\t\t\t<\/div>\n\t\t\t\t<figcaption class='wp-caption-text gallery-caption' id='gallery-1-1065'>\n\t\t\t\tPhyllostachys prominens (Foto: Steffen Greiner)\n\t\t\t\t<\/figcaption><\/figure><figure class='gallery-item'>\n\t\t\t<div class='gallery-icon portrait'>\n\t\t\t\t<a href='https:\/\/bambus-deutschland.de\/wp-content\/uploads\/2017\/01\/prom_03.jpg' title=\"Phyllostachys prominens (Foto: Steffen Greiner)\" data-rl_title=\"Phyllostachys prominens (Foto: Steffen Greiner)\" class=\"rl-gallery-link\" data-rl_caption=\"\" data-rel=\"lightbox-gallery-1\"><img loading=\"lazy\" decoding=\"async\" width=\"150\" height=\"150\" src=\"https:\/\/bambus-deutschland.de\/wp-content\/uploads\/2017\/01\/prom_03-150x150.jpg\" class=\"attachment-thumbnail size-thumbnail\" alt=\"\" aria-describedby=\"gallery-1-1064\" \/><\/a>\n\t\t\t<\/div>\n\t\t\t\t<figcaption class='wp-caption-text gallery-caption' id='gallery-1-1064'>\n\t\t\t\tPhyllostachys prominens (Foto: Steffen Greiner)\n\t\t\t\t<\/figcaption><\/figure><figure class='gallery-item'>\n\t\t\t<div class='gallery-icon landscape'>\n\t\t\t\t<a href='https:\/\/bambus-deutschland.de\/wp-content\/uploads\/2017\/01\/prom_01.jpg' title=\"Phyllostachys prominens (Foto: Steffen Greiner)\" data-rl_title=\"Phyllostachys prominens (Foto: Steffen Greiner)\" class=\"rl-gallery-link\" data-rl_caption=\"\" data-rel=\"lightbox-gallery-1\"><img loading=\"lazy\" decoding=\"async\" width=\"150\" height=\"150\" src=\"https:\/\/bambus-deutschland.de\/wp-content\/uploads\/2017\/01\/prom_01-150x150.jpg\" class=\"attachment-thumbnail size-thumbnail\" alt=\"\" aria-describedby=\"gallery-1-1066\" \/><\/a>\n\t\t\t<\/div>\n\t\t\t\t<figcaption class='wp-caption-text gallery-caption' id='gallery-1-1066'>\n\t\t\t\tPhyllostachys prominens (Foto: Steffen Greiner)\n\t\t\t\t<\/figcaption><\/figure><figure class='gallery-item'>\n\t\t\t<div class='gallery-icon landscape'>\n\t\t\t\t<a href='https:\/\/bambus-deutschland.de\/wp-content\/uploads\/2017\/01\/prom_02.jpg' title=\"Phyllostachys prominens (Foto: Steffen Greiner)\" data-rl_title=\"Phyllostachys prominens (Foto: Steffen Greiner)\" class=\"rl-gallery-link\" data-rl_caption=\"\" data-rel=\"lightbox-gallery-1\"><img loading=\"lazy\" decoding=\"async\" width=\"150\" height=\"150\" src=\"https:\/\/bambus-deutschland.de\/wp-content\/uploads\/2017\/01\/prom_02-150x150.jpg\" class=\"attachment-thumbnail size-thumbnail\" alt=\"\" aria-describedby=\"gallery-1-1067\" \/><\/a>\n\t\t\t<\/div>\n\t\t\t\t<figcaption class='wp-caption-text gallery-caption' id='gallery-1-1067'>\n\t\t\t\tPhyllostachys prominens (Foto: Steffen Greiner)\n\t\t\t\t<\/figcaption><\/figure>\n\t\t<\/div>\n\n","protected":false},"excerpt":{"rendered":"<p>Phyllostachys prominens Bambus des Jahres 2009 H\u00f6he: 8-10 m. Halme: Gr\u00fcn, bis 9 cm Durchmesser, \u00e4ltere Halme bekommen auf der Sonnenseite gelblichbraune Flecken, sehr ausgepr\u00e4gte Nodien. Bl\u00e4tter: Matt gr\u00fcn, 12 cm lang und 2 cm breit. Halmscheiden: Glatt, leicht bl\u00e4ulich mit r\u00f6tlicher und gelblicher Ausf\u00e4rbung oder gr\u00fcnlich-wei\u00df mit kleinen braunen Flecken und Strichen. Wuchs: Sehr &hellip; <a href=\"https:\/\/bambus-deutschland.de\/index.php\/arten-und-sorten\/phyllostachys\/phyllostachys-prominens\/\" class=\"more-link\"><span class=\"screen-reader-text\">Phyllostachys prominens<\/span> weiterlesen <span class=\"meta-nav\">&rarr;<\/span><\/a><\/p>\n","protected":false},"author":6,"featured_media":0,"parent":2900,"menu_order":0,"comment_status":"closed","ping_status":"closed","template":"","meta":{"iawp_total_views":222,"footnotes":""},"class_list":["post-3745","page","type-page","status-publish","hentry"],"_links":{"self":[{"href":"https:\/\/bambus-deutschland.de\/index.php\/wp-json\/wp\/v2\/pages\/3745","targetHints":{"allow":["GET"]}}],"collection":[{"href":"https:\/\/bambus-deutschland.de\/index.php\/wp-json\/wp\/v2\/pages"}],"about":[{"href":"https:\/\/bambus-deutschland.de\/index.php\/wp-json\/wp\/v2\/types\/page"}],"author":[{"embeddable":true,"href":"https:\/\/bambus-deutschland.de\/index.php\/wp-json\/wp\/v2\/users\/6"}],"replies":[{"embeddable":true,"href":"https:\/\/bambus-deutschland.de\/index.php\/wp-json\/wp\/v2\/comments?post=3745"}],"version-history":[{"count":4,"href":"https:\/\/bambus-deutschland.de\/index.php\/wp-json\/wp\/v2\/pages\/3745\/revisions"}],"predecessor-version":[{"id":3752,"href":"https:\/\/bambus-deutschland.de\/index.php\/wp-json\/wp\/v2\/pages\/3745\/revisions\/3752"}],"up":[{"embeddable":true,"href":"https:\/\/bambus-deutschland.de\/index.php\/wp-json\/wp\/v2\/pages\/2900"}],"wp:attachment":[{"href":"https:\/\/bambus-deutschland.de\/index.php\/wp-json\/wp\/v2\/media?parent=3745"}],"curies":[{"name":"wp","href":"https:\/\/api.w.org\/{rel}","templated":true}]}}