{"id":4097,"date":"2022-07-01T15:16:13","date_gmt":"2022-07-01T13:16:13","guid":{"rendered":"https:\/\/bambus-deutschland.de\/?page_id=4097"},"modified":"2022-07-05T20:43:59","modified_gmt":"2022-07-05T18:43:59","slug":"dendrocalamus-giganteus","status":"publish","type":"page","link":"https:\/\/bambus-deutschland.de\/index.php\/arten-und-sorten\/dendrocalamus\/dendrocalamus-giganteus\/","title":{"rendered":"Dendrocalamus giganteus"},"content":{"rendered":"<p><em><strong>Dendrocalamus giganteus<\/strong><\/em><\/p>\n<p><strong>H\u00f6he:<\/strong> Am Naturstandort erreichen die Pflanzen um 30 m (selten bis 40 m) H\u00f6he. Die Pflanzen, die man in den Tropenh\u00e4usern Botanischer G\u00e4rten in Mitteleuropa sieht, m\u00fcssen daher oft in der H\u00f6he gekappt und damit im Wachstum begrenzt werden.<br \/>\n<strong>Halme:<\/strong> Die Halme sind gerade, graugr\u00fcn und bemehlt mit glatter Oberfl\u00e4che. Im Alter verschwindet die Bemehlung und die Halme werden braungr\u00fcn. Die L\u00e4nge der Abschnitte zwischen den Knoten (Internodien) betr\u00e4gt 25-40 cm, der Durchmesser der Halme 10-35 cm. Im unteren Bereich der Halme k\u00f6nnen Luftwurzeln auftreten.<br \/>\n<strong>Bl\u00e4tter: <\/strong>Mit bis zu 45 cm L\u00e4nge und 10 cm Breite sind die Bl\u00e4tter oft sehr gro\u00df<br \/>\n<strong>Halmscheiden:<\/strong> dunkelviolett, teils behaart, sehr gro\u00df und im Zuge des Wachstums der Halme schnell abfallend.<br \/>\n<strong>Wuchs: <\/strong>Die neuen Halme wachsen sehr schnell (bis etwa 40 cm (!) pro Tag), durch die kurzen Rhizomh\u00e4lse bilden sich dichte Horste ohne weite Ausl\u00e4ufer<br \/>\n<strong>Winterh\u00e4rte:<\/strong> Dieser tropische Bambus w\u00e4chst am besten bei Temperaturen konstant \u00fcber 20 Grad. Entgegen anderslautender Informationen ist die Pflanze nicht winterhart. Im Falle einer Topfkultur sollte die Pflanze bei Nachttemperaturen um 5\u00b0C wieder ins Haus gestellt werden.<br \/>\n<strong>Standort:<\/strong> F\u00fcr Topfkultur werden helle und hohe Innenr\u00e4ume ben\u00f6tigt, auf erh\u00f6hte Luftfeuchtigkeit ist zu achten, im Sommer auch sonniger bis halbschattiger Standort auf der Terrasse oder Balkon.<br \/>\n<strong>Verwendung:<\/strong> Kultur als K\u00fcbelpflanze oder im Wintergarten ist nur begrenzt m\u00f6glich<br \/>\n<strong>Herkunft:<\/strong> <em>Dendrocalamus giganteus<\/em> ist in Indien, Myanmar, Thailand und in der chinesischen Provinz Yunnan heimisch. Er w\u00e4chst in W\u00e4ldern und an Flussufern<br \/>\n<strong>Bemerkungen:<\/strong> Die Pflanze ist in Mitteleuropa in einigen Tropenh\u00e4usern Botanischer G\u00e4rten zu sehen. Schon aufgrund der beeindruckenden Gr\u00f6\u00dfe ein Blickfang.<\/p>\n<div id='gallery-1' class='gallery galleryid-4097 gallery-columns-3 gallery-size-thumbnail'><figure class='gallery-item'>\n\t\t\t<div class='gallery-icon portrait'>\n\t\t\t\t<a href='https:\/\/bambus-deutschland.de\/wp-content\/uploads\/2022\/07\/Aussem-Ute-Dendrocalamus-giganteus-Gruga-P1300927-scaled.jpg' title=\"Dendrocalamus giganteus Bestand im Botanischen Garten Grugapark Essen (Foto: Ute Au\u00dfem)\" data-rl_title=\"Dendrocalamus giganteus Bestand im Botanischen Garten Grugapark Essen (Foto: Ute Au\u00dfem)\" class=\"rl-gallery-link\" data-rl_caption=\"\" data-rel=\"lightbox-gallery-1\"><img loading=\"lazy\" decoding=\"async\" width=\"150\" height=\"150\" src=\"https:\/\/bambus-deutschland.de\/wp-content\/uploads\/2022\/07\/Aussem-Ute-Dendrocalamus-giganteus-Gruga-P1300927-150x150.jpg\" class=\"attachment-thumbnail size-thumbnail\" alt=\"\" aria-describedby=\"gallery-1-4109\" \/><\/a>\n\t\t\t<\/div>\n\t\t\t\t<figcaption class='wp-caption-text gallery-caption' id='gallery-1-4109'>\n\t\t\t\tDendrocalamus giganteus Bestand im Botanischen Garten Grugapark Essen (Foto: Ute Au\u00dfem)\n\t\t\t\t<\/figcaption><\/figure><figure class='gallery-item'>\n\t\t\t<div class='gallery-icon portrait'>\n\t\t\t\t<a href='https:\/\/bambus-deutschland.de\/wp-content\/uploads\/2022\/07\/Steffen_Greiner_Dendrocalamus_giganteus_BG_Heidelberg_20220608_112955-scaled.jpg' title=\"Sprosse von Dendrocalamus giganteus mit dunkelvioletten Hamscheidenl\u00e4ttern (Foto: Dr. Steffen Greiner)\" data-rl_title=\"Sprosse von Dendrocalamus giganteus mit dunkelvioletten Hamscheidenl\u00e4ttern (Foto: Dr. Steffen Greiner)\" class=\"rl-gallery-link\" data-rl_caption=\"\" data-rel=\"lightbox-gallery-1\"><img loading=\"lazy\" decoding=\"async\" width=\"150\" height=\"150\" src=\"https:\/\/bambus-deutschland.de\/wp-content\/uploads\/2022\/07\/Steffen_Greiner_Dendrocalamus_giganteus_BG_Heidelberg_20220608_112955-150x150.jpg\" class=\"attachment-thumbnail size-thumbnail\" alt=\"\" aria-describedby=\"gallery-1-4117\" \/><\/a>\n\t\t\t<\/div>\n\t\t\t\t<figcaption class='wp-caption-text gallery-caption' id='gallery-1-4117'>\n\t\t\t\tSprosse von Dendrocalamus giganteus mit dunkelvioletten Hamscheidenl\u00e4ttern (Foto: Dr. Steffen Greiner)\n\t\t\t\t<\/figcaption><\/figure><figure class='gallery-item'>\n\t\t\t<div class='gallery-icon portrait'>\n\t\t\t\t<a href='https:\/\/bambus-deutschland.de\/wp-content\/uploads\/2022\/07\/Aussem-Ute-Dendrocalamus-giganteus-Palmengarten-P1220008-scaled.jpg' title=\"Junge Halmspreiten von Dendrocalamus giganteus sind dunkelviolett (Foto: Ute Au\u00dfem)\" data-rl_title=\"Junge Halmspreiten von Dendrocalamus giganteus sind dunkelviolett (Foto: Ute Au\u00dfem)\" class=\"rl-gallery-link\" data-rl_caption=\"\" data-rel=\"lightbox-gallery-1\"><img loading=\"lazy\" decoding=\"async\" width=\"150\" height=\"150\" src=\"https:\/\/bambus-deutschland.de\/wp-content\/uploads\/2022\/07\/Aussem-Ute-Dendrocalamus-giganteus-Palmengarten-P1220008-150x150.jpg\" class=\"attachment-thumbnail size-thumbnail\" alt=\"\" aria-describedby=\"gallery-1-4113\" \/><\/a>\n\t\t\t<\/div>\n\t\t\t\t<figcaption class='wp-caption-text gallery-caption' id='gallery-1-4113'>\n\t\t\t\tJunge Halmspreiten von Dendrocalamus giganteus sind dunkelviolett (Foto: Ute Au\u00dfem)\n\t\t\t\t<\/figcaption><\/figure><figure class='gallery-item'>\n\t\t\t<div class='gallery-icon portrait'>\n\t\t\t\t<a href='https:\/\/bambus-deutschland.de\/wp-content\/uploads\/2022\/07\/Aussem-Ute-Dendrocalamus-giganteus-P1220009-scaled.jpg' title=\"Dendrocalamus giganteus Halmdetail mit Nodienring (Foto: Ute Au\u00dfem)\" data-rl_title=\"Dendrocalamus giganteus Halmdetail mit Nodienring (Foto: Ute Au\u00dfem)\" class=\"rl-gallery-link\" data-rl_caption=\"\" data-rel=\"lightbox-gallery-1\"><img loading=\"lazy\" decoding=\"async\" width=\"150\" height=\"150\" src=\"https:\/\/bambus-deutschland.de\/wp-content\/uploads\/2022\/07\/Aussem-Ute-Dendrocalamus-giganteus-P1220009-150x150.jpg\" class=\"attachment-thumbnail size-thumbnail\" alt=\"\" aria-describedby=\"gallery-1-4111\" \/><\/a>\n\t\t\t<\/div>\n\t\t\t\t<figcaption class='wp-caption-text gallery-caption' id='gallery-1-4111'>\n\t\t\t\tDendrocalamus giganteus Halmdetail mit Nodienring (Foto: Ute Au\u00dfem)\n\t\t\t\t<\/figcaption><\/figure><figure class='gallery-item'>\n\t\t\t<div class='gallery-icon landscape'>\n\t\t\t\t<a href='https:\/\/bambus-deutschland.de\/wp-content\/uploads\/2022\/07\/Aussem-Ute-Dendrocalamus-giganteus-Gruga-P1110605-scaled.jpg' title=\"Dendrocalamus giganteus Bestand im Botanischen Garten Grugapark Essen (Foto: Ute Au\u00dfem)\" data-rl_title=\"Dendrocalamus giganteus Bestand im Botanischen Garten Grugapark Essen (Foto: Ute Au\u00dfem)\" class=\"rl-gallery-link\" data-rl_caption=\"\" data-rel=\"lightbox-gallery-1\"><img loading=\"lazy\" decoding=\"async\" width=\"150\" height=\"150\" src=\"https:\/\/bambus-deutschland.de\/wp-content\/uploads\/2022\/07\/Aussem-Ute-Dendrocalamus-giganteus-Gruga-P1110605-150x150.jpg\" class=\"attachment-thumbnail size-thumbnail\" alt=\"\" aria-describedby=\"gallery-1-4108\" \/><\/a>\n\t\t\t<\/div>\n\t\t\t\t<figcaption class='wp-caption-text gallery-caption' id='gallery-1-4108'>\n\t\t\t\tDendrocalamus giganteus Bestand im Botanischen Garten Grugapark Essen (Foto: Ute Au\u00dfem)\n\t\t\t\t<\/figcaption><\/figure><figure class='gallery-item'>\n\t\t\t<div class='gallery-icon portrait'>\n\t\t\t\t<a href='https:\/\/bambus-deutschland.de\/wp-content\/uploads\/2022\/07\/Aussem-Ute-Dendrocalamus-giganteus-Gruga-P1300930-scaled.jpg' title=\"Dendrocalamus giganteus Halmdetail (Foto: Ute Au\u00dfem)\" data-rl_title=\"Dendrocalamus giganteus Halmdetail (Foto: Ute Au\u00dfem)\" class=\"rl-gallery-link\" data-rl_caption=\"\" data-rel=\"lightbox-gallery-1\"><img loading=\"lazy\" decoding=\"async\" width=\"150\" height=\"150\" src=\"https:\/\/bambus-deutschland.de\/wp-content\/uploads\/2022\/07\/Aussem-Ute-Dendrocalamus-giganteus-Gruga-P1300930-150x150.jpg\" class=\"attachment-thumbnail size-thumbnail\" alt=\"\" aria-describedby=\"gallery-1-4110\" \/><\/a>\n\t\t\t<\/div>\n\t\t\t\t<figcaption class='wp-caption-text gallery-caption' id='gallery-1-4110'>\n\t\t\t\tDendrocalamus giganteus Halmdetail (Foto: Ute Au\u00dfem)\n\t\t\t\t<\/figcaption><\/figure><figure class='gallery-item'>\n\t\t\t<div class='gallery-icon portrait'>\n\t\t\t\t<a href='https:\/\/bambus-deutschland.de\/wp-content\/uploads\/2022\/07\/Aussem-Ute-Dendrocalamus-giganteus-P1300928-scaled.jpg' title=\"Dendrocalamus giganteus junger Halm mit Bemehlung (Foto: Ute Au\u00dfem)\" data-rl_title=\"Dendrocalamus giganteus junger Halm mit Bemehlung (Foto: Ute Au\u00dfem)\" class=\"rl-gallery-link\" data-rl_caption=\"\" data-rel=\"lightbox-gallery-1\"><img loading=\"lazy\" decoding=\"async\" width=\"150\" height=\"150\" src=\"https:\/\/bambus-deutschland.de\/wp-content\/uploads\/2022\/07\/Aussem-Ute-Dendrocalamus-giganteus-P1300928-150x150.jpg\" class=\"attachment-thumbnail size-thumbnail\" alt=\"\" aria-describedby=\"gallery-1-4114\" \/><\/a>\n\t\t\t<\/div>\n\t\t\t\t<figcaption class='wp-caption-text gallery-caption' id='gallery-1-4114'>\n\t\t\t\tDendrocalamus giganteus junger Halm mit Bemehlung (Foto: Ute Au\u00dfem)\n\t\t\t\t<\/figcaption><\/figure><figure class='gallery-item'>\n\t\t\t<div class='gallery-icon portrait'>\n\t\t\t\t<a href='https:\/\/bambus-deutschland.de\/wp-content\/uploads\/2022\/07\/Aussem-Ute-Dendrocalamus-giganteus-P1300937-scaled.jpg' title=\"Dendrocalamus giganteus Halmscheidenblatt l\u00f6st sich (Foto: Ute Au\u00dfem)\" data-rl_title=\"Dendrocalamus giganteus Halmscheidenblatt l\u00f6st sich (Foto: Ute Au\u00dfem)\" class=\"rl-gallery-link\" data-rl_caption=\"\" data-rel=\"lightbox-gallery-1\"><img loading=\"lazy\" decoding=\"async\" width=\"150\" height=\"150\" src=\"https:\/\/bambus-deutschland.de\/wp-content\/uploads\/2022\/07\/Aussem-Ute-Dendrocalamus-giganteus-P1300937-150x150.jpg\" class=\"attachment-thumbnail size-thumbnail\" alt=\"\" aria-describedby=\"gallery-1-4112\" \/><\/a>\n\t\t\t<\/div>\n\t\t\t\t<figcaption class='wp-caption-text gallery-caption' id='gallery-1-4112'>\n\t\t\t\tDendrocalamus giganteus Halmscheidenblatt l\u00f6st sich (Foto: Ute Au\u00dfem)\n\t\t\t\t<\/figcaption><\/figure><figure class='gallery-item'>\n\t\t\t<div class='gallery-icon portrait'>\n\t\t\t\t<a href='https:\/\/bambus-deutschland.de\/wp-content\/uploads\/2022\/07\/Aussem-Ute-Dendrocalamus-giganteus-Gruga-P1110588-scaled.jpg' title=\"Dendrocalamus giganteus Bestand im Botanischen Garten Grugapark Essen (Foto: Ute Au\u00dfem)\" data-rl_title=\"Dendrocalamus giganteus Bestand im Botanischen Garten Grugapark Essen (Foto: Ute Au\u00dfem)\" class=\"rl-gallery-link\" data-rl_caption=\"\" data-rel=\"lightbox-gallery-1\"><img loading=\"lazy\" decoding=\"async\" width=\"150\" height=\"150\" src=\"https:\/\/bambus-deutschland.de\/wp-content\/uploads\/2022\/07\/Aussem-Ute-Dendrocalamus-giganteus-Gruga-P1110588-150x150.jpg\" class=\"attachment-thumbnail size-thumbnail\" alt=\"\" aria-describedby=\"gallery-1-4107\" \/><\/a>\n\t\t\t<\/div>\n\t\t\t\t<figcaption class='wp-caption-text gallery-caption' id='gallery-1-4107'>\n\t\t\t\tDendrocalamus giganteus Bestand im Botanischen Garten Grugapark Essen (Foto: Ute Au\u00dfem)\n\t\t\t\t<\/figcaption><\/figure>\n\t\t<\/div>\n\n","protected":false},"excerpt":{"rendered":"<p>Dendrocalamus giganteus H\u00f6he: Am Naturstandort erreichen die Pflanzen um 30 m (selten bis 40 m) H\u00f6he. Die Pflanzen, die man in den Tropenh\u00e4usern Botanischer G\u00e4rten in Mitteleuropa sieht, m\u00fcssen daher oft in der H\u00f6he gekappt und damit im Wachstum begrenzt werden. Halme: Die Halme sind gerade, graugr\u00fcn und bemehlt mit glatter Oberfl\u00e4che. Im Alter verschwindet &hellip; <a href=\"https:\/\/bambus-deutschland.de\/index.php\/arten-und-sorten\/dendrocalamus\/dendrocalamus-giganteus\/\" class=\"more-link\"><span class=\"screen-reader-text\">Dendrocalamus giganteus<\/span> weiterlesen <span class=\"meta-nav\">&rarr;<\/span><\/a><\/p>\n","protected":false},"author":1,"featured_media":0,"parent":4091,"menu_order":0,"comment_status":"closed","ping_status":"closed","template":"","meta":{"iawp_total_views":2256,"footnotes":""},"class_list":["post-4097","page","type-page","status-publish","hentry"],"_links":{"self":[{"href":"https:\/\/bambus-deutschland.de\/index.php\/wp-json\/wp\/v2\/pages\/4097","targetHints":{"allow":["GET"]}}],"collection":[{"href":"https:\/\/bambus-deutschland.de\/index.php\/wp-json\/wp\/v2\/pages"}],"about":[{"href":"https:\/\/bambus-deutschland.de\/index.php\/wp-json\/wp\/v2\/types\/page"}],"author":[{"embeddable":true,"href":"https:\/\/bambus-deutschland.de\/index.php\/wp-json\/wp\/v2\/users\/1"}],"replies":[{"embeddable":true,"href":"https:\/\/bambus-deutschland.de\/index.php\/wp-json\/wp\/v2\/comments?post=4097"}],"version-history":[{"count":9,"href":"https:\/\/bambus-deutschland.de\/index.php\/wp-json\/wp\/v2\/pages\/4097\/revisions"}],"predecessor-version":[{"id":4120,"href":"https:\/\/bambus-deutschland.de\/index.php\/wp-json\/wp\/v2\/pages\/4097\/revisions\/4120"}],"up":[{"embeddable":true,"href":"https:\/\/bambus-deutschland.de\/index.php\/wp-json\/wp\/v2\/pages\/4091"}],"wp:attachment":[{"href":"https:\/\/bambus-deutschland.de\/index.php\/wp-json\/wp\/v2\/media?parent=4097"}],"curies":[{"name":"wp","href":"https:\/\/api.w.org\/{rel}","templated":true}]}}