{"id":435,"date":"2016-12-18T19:07:55","date_gmt":"2016-12-18T18:07:55","guid":{"rendered":"https:\/\/ebs-d-de.prossl.de\/wordpress\/wordpress\/?page_id=435"},"modified":"2019-05-27T15:58:45","modified_gmt":"2019-05-27T13:58:45","slug":"435-2","status":"publish","type":"page","link":"https:\/\/bambus-deutschland.de\/index.php\/beispiel-seite\/bambus-und-gartenreisen-der-ebs-d\/435-2\/","title":{"rendered":"Frankreich 2009"},"content":{"rendered":"<h6>Jubil\u00e4umsreise 20 Jahre EBS-D &#8211; Frankreichs G\u00e4rten und Parks<\/h6>\n<p><img loading=\"lazy\" decoding=\"async\" class=\"wp-image-425 size-full\" src=\"https:\/\/ebs-d-de.prossl.de\/wordpress\/wordpress\/wp-content\/uploads\/2016\/12\/jubliaeumsreise-2009-1.jpg\" width=\"460\" height=\"323\" srcset=\"https:\/\/bambus-deutschland.de\/wp-content\/uploads\/2016\/12\/jubliaeumsreise-2009-1.jpg 460w, https:\/\/bambus-deutschland.de\/wp-content\/uploads\/2016\/12\/jubliaeumsreise-2009-1-300x211.jpg 300w\" sizes=\"auto, (max-width: 460px) 100vw, 460px\" \/><\/p>\n<p>Am 24. April gegen 23.00 Uhr starteten wir, das Saxdorfer Team, zur diesj\u00e4hrigen Bambustour. Nach einer problemlosen Anreise erreichten wir das Busterminal in Kleinostheim am Samstagfr\u00fch. Gegen 6.15 Uhr setzte sich unser Bistrobus mit 31 teilweise noch etwas m\u00fcden aber sehr erwartungsvollen Bambusfreunden in Richtung Strasbourg in Bewegung. Eine lange Anfahrt, die durch ein leckeres Fr\u00fchst\u00fcck im Bus verk\u00fcrzt wurde, lag vor uns. Bei strahlendem Sonnenschein erreichten wir den Botanischen Garten Strasbourg. \u00dcber 100j\u00e4hrige B\u00e4ume beeindruckten in dem 1870 gegr\u00fcndeten Garten. Eine bizarr aussehende Fl\u00fcgelnuss, viele Rarit\u00e4ten aus Asien, zum Beispiel eine Katsura, z\u00e4hlten zu den H\u00f6hepunkten in diesem Garten. Nach 2 Stunden ging es weiter in Richtung Paris mit einer Kaffepause auf dem Autobahnrastplatz. Trotz des Nieselwetters schmeckte der mitgebrachte Kuchen im Freien sehr lecker. Am fr\u00fchen Abend erreichten wir die Metropole Paris.<\/p>\n<p><img loading=\"lazy\" decoding=\"async\" class=\"wp-image-426 size-full\" src=\"https:\/\/ebs-d-de.prossl.de\/wordpress\/wordpress\/wp-content\/uploads\/2016\/12\/jubliaeumsreise-2009-3.jpg\" alt=\"EBS Reise 2009\" width=\"460\" height=\"341\" srcset=\"https:\/\/bambus-deutschland.de\/wp-content\/uploads\/2016\/12\/jubliaeumsreise-2009-3.jpg 460w, https:\/\/bambus-deutschland.de\/wp-content\/uploads\/2016\/12\/jubliaeumsreise-2009-3-300x222.jpg 300w\" sizes=\"auto, (max-width: 460px) 100vw, 460px\" \/><\/p>\n<p>Am Sonntag stand ein Besuch der ber\u00fchmten G\u00e4rten von Versailles auf unserem Programm. In einem dreist\u00fcndigen Rundgang bei sonnigem Wetter konnte man einen \u00fcberw\u00e4ltigenden Eindruck von dieser einmaligen Gartenanlage gewinnen. Urspr\u00fcnglich stand dort eine 1638 erbaute Jagdh\u00fctte von Ludwig dem XIII. Ludwig der XIV. lie\u00df 1660 den Garten gestalten. Es entstanden Themeng\u00e4rten aus dem Leben des Apollon und die ber\u00fchmten Wasserspiele, die wir in Funktion erleben konnten. Schade, dass die ca. 1.200 K\u00fcbelpflanzen noch in der Orangerie untergebracht waren. Ein Blick in die Winterquartiere zeigte die Vielzahl und die zum Teil betr\u00e4chtliche Gr\u00f6\u00dfe der K\u00fcbelpflanzen.<\/p>\n<p>Gegen Mittag f\u00fchrte uns unsere Fahrt in das Arboretum National de Ch\u00e8vreloup. Ein Arboretum, das zum k\u00f6niglichen Besitz von Versailles geh\u00f6rte und 1699 von Ludwig dem XIV. erworben wurde. 1759 wurde es von Bernard de Jussieu nach seinem botanischen System bepflanzt. Es enth\u00e4lt eine sehr interessante Sammlung von Zedern, eine wundersch\u00f6ne Sophora japonica, eine Eichensammlung, Mammutb\u00e4ume und sehr interessante Koniferen.<\/p>\n<p><img loading=\"lazy\" decoding=\"async\" class=\"wp-image-427 size-full\" src=\"https:\/\/ebs-d-de.prossl.de\/wordpress\/wordpress\/wp-content\/uploads\/2016\/12\/jubliaeumsreise-2009-4.jpg\" alt=\"EBS Reise 2009\" width=\"460\" height=\"340\" srcset=\"https:\/\/bambus-deutschland.de\/wp-content\/uploads\/2016\/12\/jubliaeumsreise-2009-4.jpg 460w, https:\/\/bambus-deutschland.de\/wp-content\/uploads\/2016\/12\/jubliaeumsreise-2009-4-300x222.jpg 300w\" sizes=\"auto, (max-width: 460px) 100vw, 460px\" \/><\/p>\n<p>Unsere weitere Fahrt f\u00fchrte zum Chateau de Ferries. Der Garten des Schlosses wurde vom Engl\u00e4nder Paxton 1853 f\u00fcr Baron James de Ro<img loading=\"lazy\" decoding=\"async\" class=\"wp-image-428 alignright\" src=\"https:\/\/ebs-d-de.prossl.de\/wordpress\/wordpress\/wp-content\/uploads\/2016\/12\/jubliaeumsreise-2009-5.jpg\" alt=\"EBS Reise 2009\" width=\"199\" height=\"266\" srcset=\"https:\/\/bambus-deutschland.de\/wp-content\/uploads\/2016\/12\/jubliaeumsreise-2009-5.jpg 226w, https:\/\/bambus-deutschland.de\/wp-content\/uploads\/2016\/12\/jubliaeumsreise-2009-5-225x300.jpg 225w\" sizes=\"auto, (max-width: 199px) 100vw, 199px\" \/>thschild angelegt. Er z\u00e4hlt heute zu den gr\u00f6\u00dften Sch\u00f6pfungen dieses englischen Gartenplaners. Die Anlage gliedert sich in einen formalen Garten, einen Terassengarten und einen Park mit See. Beeindruckend sind die prachtvollen Exemplare von Zedern, Taxodien und Thuja plicata \u2013 den typischen Parkb\u00e4umen des 19. Jahrhunderts.<\/p>\n<p>Nach diesem, mit Eindr\u00fccken prall gef\u00fcllten Tag, ging es zur\u00fcck in das Hotel nach Paris zum Abendbrot. Mit einem Spaziergang an der Seine klang der Abend aus.<\/p>\n<p>Unser 3. Tag begann mit einer dreist\u00fcndigen Stadtrundfahrt durch Paris. Unsere Stadtf\u00fchrerin Rosemarie K\u00f6gel erl\u00e4uterte die Sehensw\u00fcrdigkeiten und man\u00f6vrierte unseren Busfahrer Carlo mit dem gro\u00dfen Bus sicher durch die Stra\u00dfen von Paris, vorbei an Notre Dame, der Sorbonne, dem Pantheon und dem Ivalidendom. Am Trocadero mit Blick auf den Eifelturm endete die Rundfahrt. Wir fuhren weiter in Richtung Tours zum privaten Arboretum von Michel Davo. Er zeigte uns sein Bambus- und Gartenparadies, in dem er zum gro\u00dfen Teil der Natur ihren Lauf l\u00e4sst. Der Frost des vergangenen Winters hatte auch in seinem Garten Schaden angerichtet. Herzlichen Dank Michel Davo und seiner Frau, f\u00fcr die Gastfreundschaft und die F\u00fchrung durch das Arboretum.<\/p>\n<p>Am Dienstag stand der Besuch von zwei G\u00e4rten auf dem Programm. Gegen 9.00 Uhr nach dem Fr\u00fchst\u00fcck starteten wir in Richtung Nantes. Zuerst besuchten wir den Parc de la Beaujoire. In einer gro\u00dfz\u00fcgigen Anlage, die bis an das Ufer des Flusses Erdre reicht, findet man einen ausgedehnten Steingarten, eine Sammlung von 1.400 modernen Rosensorten und die Collection Nationale Specialis\u00e9e von \u00fcber 200 Magnolien. Trotz starker Regenschauer ein lohnenswerter Besuch.<\/p>\n<p>Der zweite Park war der 1791 gegr\u00fcndete Jardin des Plantes in Nantes. Dieser Park diente urspr\u00fcnglich der Weiterkultivierung der Pflanzen, die von Kapit\u00e4nen aus aller Welt mitgebracht wurden. Von hier kamen die Pflanzen nach Paris. Bereits 1726 wurden die Kapit\u00e4ne von Ludwig dem XV. angehalten, interessante Pflanzen von ihren Reisen mitzubringen. Jetzt befindet sich hier eine botanischer Garten f\u00fcr die Pflanzen Westfrankreichs, mit einem sehr alten Baumbestand, einer Sammlung von Magnolien, Pappeln, Mammutb\u00e4umen und \u00fcber 1.000 Kamelien.<\/p>\n<p>Am Mittwoch verlie\u00dfen wir Nantes in Richtung Limoges. Unser Ziel war das Arboretum de la Jonchere. Von Gerardin 1855 als Baumschule gegr\u00fcndet und sp\u00e4ter von Laurent gestaltet findet man in dieser waldartigen Anlage eine pr\u00e4chtige Tsuga heterophylla und Sequoia sempervirens, noch aus Gerardins Zeiten, um 1890 gepflanzt. Japanische Schirmtannen und etwa 50 m hohe Douglasien beeindruckten ebenfalls. Nach dem Spaziergang durch das Arboretum fuhren wir nach Limoges. Ein kurzer Besuch der h\u00fcbschen Altstadt rundete diesen Tag ab.<\/p>\n<p>Am Donnerstag reisten wir bereits gegen 7.00 Uhr in Richtung Montpellier ab. Eine lange Fahrstrecke von ca. 660 km war zu bew\u00e4ltigen. Das erste Ziel war Le Jardin de Planbuisson. Der ca. 1 ha gro\u00dfe Garten besteht seit 19 Jahren und wird von Michel Bonfils verwaltet. Gro\u00dfe Bambushaine von Phyllostachys und gigantische Sprosse beeindruckten unsere Bambusfreunde. Wir wurden vom Verwalter Michel Bonfils pers\u00f6nlich durch den Garten gef\u00fchrt. Eine Sammlung von 200 verschiedenen Arten und Sorten Bambus findet man in dieser Anlage.<\/p>\n<p>Weiter ging es dann zu Rezo-Plant in Montauriol. Dieser Produktionsbetrieb ist der gr\u00f6\u00dfte Bambusproduzent Frankreichs.<\/p>\n<p><img loading=\"lazy\" decoding=\"async\" class=\"wp-image-430 size-full\" src=\"https:\/\/ebs-d-de.prossl.de\/wordpress\/wordpress\/wp-content\/uploads\/2016\/12\/jubliaeumsreise-2009-7.jpg\" alt=\"EBS Reise 2009\" width=\"460\" height=\"310\" srcset=\"https:\/\/bambus-deutschland.de\/wp-content\/uploads\/2016\/12\/jubliaeumsreise-2009-7.jpg 460w, https:\/\/bambus-deutschland.de\/wp-content\/uploads\/2016\/12\/jubliaeumsreise-2009-7-300x202.jpg 300w\" sizes=\"auto, (max-width: 460px) 100vw, 460px\" \/><\/p>\n<p>Auf 19 ha werden 125 Sorten, Rarit\u00e4ten und Variet\u00e4ten von Bambus teils aus Meristemvermehrung, teils durch Handvermehrung erzeugt und nur innerhalb Frankreichs verkauft. Nach Aussage des Inhabers Josef de Reze, der uns durch die Anlage f\u00fchrte, wird die Meristemvermehrung von Bambus Ausschlie\u00dflich in Belgien durchgef\u00fchrt. Dann fuhren wir zu unserem Hotel in Montpellier.<\/p>\n<p>Bei herrlichem Wetter ging es am 1. Mai zur La Bambouseraie in Anduze.<\/p>\n<p><img loading=\"lazy\" decoding=\"async\" class=\"wp-image-431 size-full\" src=\"https:\/\/ebs-d-de.prossl.de\/wordpress\/wordpress\/wp-content\/uploads\/2016\/12\/jubliaeumsreise-2009-8.jpg\" alt=\"EBS Reise 2009\" width=\"460\" height=\"314\" srcset=\"https:\/\/bambus-deutschland.de\/wp-content\/uploads\/2016\/12\/jubliaeumsreise-2009-8.jpg 460w, https:\/\/bambus-deutschland.de\/wp-content\/uploads\/2016\/12\/jubliaeumsreise-2009-8-300x205.jpg 300w\" sizes=\"auto, (max-width: 460px) 100vw, 460px\" \/><\/p>\n<p>Begrenzt von den Bergen der Cevennen findet man hier in sehr g\u00fcnstigem Klima eine Sammlung frei wachsender Bambusse in der Landschaft, verschmolzen mit einer Sammlung asiatischer B\u00e4ume und Str\u00e4ucher zu einem wundersch\u00f6nen Park.<\/p>\n<p><img loading=\"lazy\" decoding=\"async\" class=\"wp-image-429 size-full\" src=\"https:\/\/ebs-d-de.prossl.de\/wordpress\/wordpress\/wp-content\/uploads\/2016\/12\/jubliaeumsreise-2009-6.jpg\" width=\"225\" height=\"303\" srcset=\"https:\/\/bambus-deutschland.de\/wp-content\/uploads\/2016\/12\/jubliaeumsreise-2009-6.jpg 225w, https:\/\/bambus-deutschland.de\/wp-content\/uploads\/2016\/12\/jubliaeumsreise-2009-6-223x300.jpg 223w\" sizes=\"auto, (max-width: 225px) 100vw, 225px\" \/><\/p>\n<p>Die Bambussammlung umfasst 200 Arten und Sorten und geht auf das Jahr 1850 zur\u00fcck. Die durch den deutschen Vertragspartner der Bambuseraie, Knoblich &amp; Knoblich, organisierte F\u00fchrung durch die Baumschule des Parks entwickelte sich zum H\u00f6hepunkt der Bambustour. Monsieur Forge, Chef der Baumschulproduktion, f\u00fchrte uns durch die riesige und sehr gepflegte Produktionsanlage. Eine Spezialit\u00e4t der Baumschule sind ca. 12 m hohe Bambusse in K\u00fcbeln, die f\u00fcr Ausstellungen, Messen, Euro Disney Paris und sogar f\u00fcr Dubai produziert werden. Monsieur Forge beantwortete die vielen Fragen geduldig und das Engagement f\u00fcr \u201eseine\u201c Pflanzen war unverkennbar. Wir konnten sogar die Mutterpflanze des Kiku-Bambus (Phyllostachys heterocycla f. heterocycla) bewundern. In einem weiteren Teil der Baumschule befand sich die Produktion von Acer palmatum; ebenfalls sehr beeindruckend. Gerhard Sieber und Karl-Heinrich Zahn bedankten sich im Namen der EBS-D f\u00fcr diese tolle F\u00fchrung. Anschlie\u00dfend war noch genug Zeit, den Park mit seinen riesigen Bambushainen, den Sequoia sempervirens und den gepflegten Anlagen zu genie\u00dfen. Ein Stadtbummel in Anduze beendete diesen tollen Tag.<\/p>\n<p>Samstag &#8211; unser letzter Exkursionstag f\u00fchrte uns an die Cote Azur nach St. Jean Cap Ferrat zur Villa Ephrussi de Rothschild. Auf der engsten Stelle dieser Landzunge befindet sich ein luxuri\u00f6ser Palazzino, der von einem formalen Garten mit Seerosenteich, Kanal und einer Kaskade, die vor einer Rotunde entspringt, umgeben ist. Die Gartenanlage ist durch nationale Themeng\u00e4rten, wie den Spanischen Garten, den Italienischen Garten, den Japanischen Garten und andere mehr, gestaltet. Sonnenschein und ein herrlicher Blick luden zum Verweilen ein.<\/p>\n<p><img loading=\"lazy\" decoding=\"async\" class=\"wp-image-432 size-full\" src=\"https:\/\/ebs-d-de.prossl.de\/wordpress\/wordpress\/wp-content\/uploads\/2016\/12\/jubliaeumsreise-2009-9.jpg\" alt=\"EBS Reise 2009\" width=\"460\" height=\"314\" srcset=\"https:\/\/bambus-deutschland.de\/wp-content\/uploads\/2016\/12\/jubliaeumsreise-2009-9.jpg 460w, https:\/\/bambus-deutschland.de\/wp-content\/uploads\/2016\/12\/jubliaeumsreise-2009-9-300x205.jpg 300w\" sizes=\"auto, (max-width: 460px) 100vw, 460px\" \/><\/p>\n<p>Unser letztes Besuchsziel war der Jardin Exotique von Prinz Albert I. In Monaco. Dieser bereits 1914 gegr\u00fcndete Garten beeindruckt schon durch seine phantastische Lage an einem Steilhang oberhalb des f\u00fcrstlichen Palastes. Manche Kakteen sind bereits mehr als 100 Jahre alt, da der Prinz sie als ausgewachsene Pflanzen gekauft hat. Zickzack-Wege f\u00fchren die Klippen hinab durch Kakteencanyons, \u00fcber kleine Br\u00fccken und zu Aussichtspunkten. Dieser Garten beherbergt eine der gr\u00f6\u00dften Sukkulentensammlungen der Welt. Bei herrlichem Wetter war der Besuch des Gartens ein unvergessliches Erlebnis. Von hier aus ging es zu unserem letzen Hotel nach Diano Marina in Italien. Nach einer schwierigen Anfahrt \u2013 der enge Serpentinenweg war f\u00fcr den gro\u00dfen Bus nicht geeignet \u2013 erreichten wir das Hotel.<\/p>\n<p>Die R\u00fcckreise am Sonntag verlief ohne Stau und Zwischenf\u00e4lle durch Italien und die Schweiz, gegen 21.00 Uhr erreichten wir Kleinostheim. Eine gelungene Jubil\u00e4umsreise der EBS Deutschland war zu Ende! Ein Dankesch\u00f6n an alle Organisatoren dieser Reise, das Busteam und unsere Dolmetscherin Carmen Kreutmeier.<\/p>\n<p><strong>Ausz\u00fcge aus dem Reisebericht von Dr. Barbara Gietzelt-Gr\u00e4ff<\/strong><\/p>\n","protected":false},"excerpt":{"rendered":"<p>Jubil\u00e4umsreise 20 Jahre EBS-D &#8211; Frankreichs G\u00e4rten und Parks Am 24. April gegen 23.00 Uhr starteten wir, das Saxdorfer Team, zur diesj\u00e4hrigen Bambustour. Nach einer problemlosen Anreise erreichten wir das Busterminal in Kleinostheim am Samstagfr\u00fch. Gegen 6.15 Uhr setzte sich unser Bistrobus mit 31 teilweise noch etwas m\u00fcden aber sehr erwartungsvollen Bambusfreunden in Richtung Strasbourg &hellip; <a href=\"https:\/\/bambus-deutschland.de\/index.php\/beispiel-seite\/bambus-und-gartenreisen-der-ebs-d\/435-2\/\" class=\"more-link\"><span class=\"screen-reader-text\">Frankreich 2009<\/span> weiterlesen <span class=\"meta-nav\">&rarr;<\/span><\/a><\/p>\n","protected":false},"author":6,"featured_media":0,"parent":206,"menu_order":0,"comment_status":"closed","ping_status":"closed","template":"","meta":{"iawp_total_views":35,"footnotes":""},"class_list":["post-435","page","type-page","status-publish","hentry"],"_links":{"self":[{"href":"https:\/\/bambus-deutschland.de\/index.php\/wp-json\/wp\/v2\/pages\/435","targetHints":{"allow":["GET"]}}],"collection":[{"href":"https:\/\/bambus-deutschland.de\/index.php\/wp-json\/wp\/v2\/pages"}],"about":[{"href":"https:\/\/bambus-deutschland.de\/index.php\/wp-json\/wp\/v2\/types\/page"}],"author":[{"embeddable":true,"href":"https:\/\/bambus-deutschland.de\/index.php\/wp-json\/wp\/v2\/users\/6"}],"replies":[{"embeddable":true,"href":"https:\/\/bambus-deutschland.de\/index.php\/wp-json\/wp\/v2\/comments?post=435"}],"version-history":[{"count":10,"href":"https:\/\/bambus-deutschland.de\/index.php\/wp-json\/wp\/v2\/pages\/435\/revisions"}],"predecessor-version":[{"id":852,"href":"https:\/\/bambus-deutschland.de\/index.php\/wp-json\/wp\/v2\/pages\/435\/revisions\/852"}],"up":[{"embeddable":true,"href":"https:\/\/bambus-deutschland.de\/index.php\/wp-json\/wp\/v2\/pages\/206"}],"wp:attachment":[{"href":"https:\/\/bambus-deutschland.de\/index.php\/wp-json\/wp\/v2\/media?parent=435"}],"curies":[{"name":"wp","href":"https:\/\/api.w.org\/{rel}","templated":true}]}}